{"id":2653,"date":"2019-02-11T17:47:36","date_gmt":"2019-02-11T17:47:36","guid":{"rendered":"https:\/\/www.jardinesdesabatini.com\/?page_id=2653"},"modified":"2023-08-16T10:17:43","modified_gmt":"2023-08-16T10:17:43","slug":"zimmer","status":"publish","type":"page","link":"https:\/\/www.jardinesdesabatini.com\/de\/zimmer\/","title":{"rendered":"Zimmer"},"content":{"rendered":"<div class=\"block block--fit block--big\">\n<div class=\"container\">\n<header class=\"block-header block-header--border\">\n<h2 class=\"block-header__title\">DESIGN-APARTMENTS MIT KOCHECKE UND HOTELSERVICE<\/h2>\n<\/header>\n<article class=\"post align-center\">\n<p>Das Hotel hat grossz\u00fcgige Apartments und Designer-Suiten mit voll ausgestatteten Kochecken, im Zentrum von Madrid.<\/p>\n<p>W\u00e4hlen Sie Ihre bevorzugte Zimmerkategorie: vom romantischen Zimmer mit Blick auf den Palast bis hin zu Suiten mit Platz f\u00fcr 4 Erwachsene, ideal f\u00fcr Aufenthalte mit der ganzen Familie.<\/p>\n<\/article>\n<\/div>\n<\/div>\n<div class=\"block\">\n<div class=\"container\">\n<div class=\"row g-3\">\n<div class=\"widget-room__container col-md-6\">\n<figure class=\"widget-room wow tdFadeInRight\" data-wow-delay=\"300ms\">\n<header class=\"widget-room__header\"><a class=\"widget-room__image hover-logo\" href=\"\">\n<img decoding=\"async\" loading=\"lazy\" src=\"https:\/\/www.jardinesdesabatini.com\/wp-content\/uploads\/2016\/11\/Estudio-estandar-1000x530.jpg\" alt=\"STUDIO\" width=\"1000\" height=\"530\" \/>\n<\/a><\/p>\n<section class=\"widget-room__content\">\n<h2 class=\"widget-room__title\"><a href=\"\">STUDIO<\/a><\/h2>\n<div class=\"widget-room__price\">\n<p class=\"widget-room__price-title\"><span>Ab<\/span><span class=\"price\">85<\/span><span>\u20ac<\/span><\/p>\n<p class=\"widget-room__price-desc\">Steuern inklusive<\/p>\n<\/div>\n<\/section>\n<\/header>\n<footer class=\"widget-room__footer\">\n<ul class=\"widget-room__features\">\n<li class=\"widget-room__feature\">Bis zu\n<i class=\"seres-icon seres-icon--user\"><\/i>\n<i class=\"seres-icon seres-icon--user\"><\/i>\n<i class=\"seres-icon seres-icon--user\"><\/i><\/li>\n<li class=\"widget-room__feature\">30-36 m2 &#8211; 98-118 ft2<\/li>\n<li class=\"widget-room__feature\">Kostenloses WLAN<\/li>\n<li class=\"widget-room__feature\">Kochecke<\/li>\n<\/ul>\n<p><a class=\"widget-room__link btn btn--dark\" href=\"\">MEHR DETAILS<\/a><\/p>\n<\/footer>\n<\/figure>\n<\/div>\n<div class=\"widget-room__container col-md-6\">\n<figure class=\"widget-room wow tdFadeInLeft\" data-wow-delay=\"300ms\">\n<aside class=\"widget-room__tip\">\n<p class=\"widget-room__tip-title\">NUR \u00dcBER DIE OFFIZIELLE WEBSEITE<\/p>\n<\/aside>\n<header class=\"widget-room__header\"><a class=\"widget-room__image hover-logo\" href=\"\">\n<img decoding=\"async\" loading=\"lazy\" src=\"https:\/\/www.jardinesdesabatini.com\/wp-content\/uploads\/2016\/11\/Estudio-vistas-1000x530.jpg\" alt=\"STUDIO MIT AUSBLICK\" width=\"1000\" height=\"530\" \/>\n<\/a><\/p>\n<section class=\"widget-room__content\">\n<h2 class=\"widget-room__title\"><a href=\"\">STUDIO MIT AUSBLICK<\/a><\/h2>\n<div class=\"widget-room__price\">\n<p class=\"widget-room__price-title\"><span>Ab <\/span><span class=\"price\">110<\/span><span>\u20ac<\/span><\/p>\n<p class=\"widget-room__price-desc\">Steuern inklusive<\/p>\n<\/div>\n<\/section>\n<\/header>\n<footer class=\"widget-room__footer\">\n<ul class=\"widget-room__features\">\n<li class=\"widget-room__feature\">Bis zu\n<i class=\"seres-icon seres-icon--user\"><\/i>\n<i class=\"seres-icon seres-icon--user\"><\/i>\n<i class=\"seres-icon seres-icon--user\"><\/i><\/li>\n<li class=\"widget-room__feature\">36 m2 &#8211; 118 ft2<\/li>\n<li class=\"widget-room__feature\">Kostenloses WLAN<\/li>\n<li class=\"widget-room__feature\">Kochecke<\/li>\n<li class=\"widget-room__feature\">Blick auf den K\u00f6nigspalast von Madrid<\/li>\n<\/ul>\n<p><a class=\"widget-room__link btn btn--dark\" href=\"\">MEHR DETAILS<\/a><\/p>\n<\/footer>\n<\/figure>\n<\/div>\n<div class=\"widget-room__container col-md-6\">\n<figure class=\"widget-room wow tdFadeInRight\" data-wow-delay=\"300ms\">\n<header class=\"widget-room__header\"><a class=\"widget-room__image hover-logo\" href=\"\">\n<img decoding=\"async\" loading=\"lazy\" src=\"https:\/\/www.jardinesdesabatini.com\/wp-content\/uploads\/2016\/11\/JdS-27_BAJA-1000x530.jpg\" alt=\"SUITEN\" width=\"1000\" height=\"530\" \/>\n<\/a><\/p>\n<section class=\"widget-room__content\">\n<h2 class=\"widget-room__title\"><a href=\"\">SUITEN<\/a><\/h2>\n<div class=\"widget-room__price\">\n<p class=\"widget-room__price-title\"><span>Ab<\/span><span class=\"price\">125<\/span><span>\u20ac<\/span><\/p>\n<p class=\"widget-room__price-desc\">Steuern inklusive<\/p>\n<\/div>\n<\/section>\n<\/header>\n<footer class=\"widget-room__footer\">\n<ul class=\"widget-room__features\">\n<li class=\"widget-room__feature\">Bis zu\n<i class=\"seres-icon seres-icon--user\"><\/i>\n<i class=\"seres-icon seres-icon--user\"><\/i>\n<i class=\"seres-icon seres-icon--user\"><\/i>\n<i class=\"seres-icon seres-icon--user\"><\/i><\/li>\n<li class=\"widget-room__feature\">56 m2 &#8211; 183 ft2<\/li>\n<li class=\"widget-room__feature\">Schlaf- und Wohnzimmer<\/li>\n<li class=\"widget-room__feature\">Kostenloses WLAN<\/li>\n<li class=\"widget-room__feature\">Kochecke<\/li>\n<li class=\"widget-room__feature\">Ideal f\u00fcr Familien<\/li>\n<\/ul>\n<p><a class=\"widget-room__link btn btn--dark\" href=\"\">MEHR DETAILS<\/a><\/p>\n<\/footer>\n<\/figure>\n<\/div>\n<div class=\"widget-room__container col-md-6\">\n<figure class=\"widget-room wow tdFadeInLeft\" data-wow-delay=\"300ms\">\n<aside class=\"widget-room__tip\">\n<p class=\"widget-room__tip-title\">NUR \u00dcBER DIE OFFIZIELLE WEBSEITE<\/p>\n<\/aside>\n<header class=\"widget-room__header\"><a class=\"widget-room__image hover-logo\" href=\"\">\n<img decoding=\"async\" loading=\"lazy\" src=\"https:\/\/www.jardinesdesabatini.com\/wp-content\/uploads\/2016\/11\/J-Sabatini_baja-29-1000x530.jpg\" alt=\"SUITEN MIT AUSBLICK\" width=\"1000\" height=\"530\" \/>\n<\/a><\/p>\n<section class=\"widget-room__content\">\n<h2 class=\"widget-room__title\"><a href=\"\">SUITEN MIT AUSBLICK<\/a><\/h2>\n<div class=\"widget-room__price\">\n<p class=\"widget-room__price-title\"><span>Ab<\/span><span class=\"price\">150<\/span><span>\u20ac<\/span><\/p>\n<p class=\"widget-room__price-desc\">Steuern inklusive<\/p>\n<\/div>\n<\/section>\n<\/header>\n<footer class=\"widget-room__footer\">\n<ul class=\"widget-room__features\">\n<li class=\"widget-room__feature\">Bis zu\n<i class=\"seres-icon seres-icon--user\"><\/i>\n<i class=\"seres-icon seres-icon--user\"><\/i>\n<i class=\"seres-icon seres-icon--user\"><\/i>\n<i class=\"seres-icon seres-icon--user\"><\/i><\/li>\n<li class=\"widget-room__feature\">56 m2 &#8211; 183 ft2<\/li>\n<li class=\"widget-room__feature\">Schlaf- und Wohnzimmer<\/li>\n<li class=\"widget-room__feature\">Kostenloses WLAN<\/li>\n<li class=\"widget-room__feature\">Kochecke<\/li>\n<li class=\"widget-room__feature\">Blick auf den K\u00f6nigspalast von Madrid<\/li>\n<\/ul>\n<p><a class=\"widget-room__link btn btn--dark\" href=\"\">MEHR DETAILS<\/a><\/p>\n<\/footer>\n<\/figure>\n<\/div>\n<\/div>\n<\/div>\n<\/div>\n","protected":false},"excerpt":{"rendered":"<p>DESIGN-APARTMENTS MIT KOCHECKE UND HOTELSERVICE Das Hotel hat grossz\u00fcgige Apartments und Designer-Suiten mit voll ausgestatteten Kochecken, im Zentrum von Madrid. W\u00e4hlen Sie Ihre bevorzugte Zimmerkategorie: vom romantischen Zimmer mit Blick auf den Palast bis hin zu Suiten mit Platz f\u00fcr 4 Erwachsene, ideal f\u00fcr Aufenthalte mit der ganzen Familie. STUDIO Ab85\u20ac Steuern inklusive Bis zu [&hellip;]<\/p>\n","protected":false},"author":1,"featured_media":793,"parent":0,"menu_order":0,"comment_status":"closed","ping_status":"closed","template":"template-habitaciones.php","meta":{"_joinchat":[]},"yoast_head":"<!-- This site is optimized with the Yoast SEO plugin v20.13 - https:\/\/yoast.com\/wordpress\/plugins\/seo\/ -->\n<title>Zimmer |<\/title>\n<meta name=\"description\" content=\"Reservieren Sie ein Apartment oder eine Designer-Suite mit allen Leistungen eines Hotels im Zentrum Madrids. Komfortable und grossz\u00fcgige Zimmer mit Kochecke\" \/>\n<meta name=\"robots\" content=\"index, follow, max-snippet:-1, max-image-preview:large, max-video-preview:-1\" \/>\n<link rel=\"canonical\" href=\"https:\/\/www.jardinesdesabatini.com\/de\/zimmer\/\" \/>\n<meta property=\"og:locale\" content=\"de_DE\" \/>\n<meta property=\"og:type\" content=\"article\" \/>\n<meta property=\"og:title\" content=\"Zimmer |\" \/>\n<meta property=\"og:description\" content=\"Reservieren Sie ein Apartment oder eine Designer-Suite mit allen Leistungen eines Hotels im Zentrum Madrids. Komfortable und grossz\u00fcgige Zimmer mit Kochecke\" \/>\n<meta property=\"og:url\" content=\"https:\/\/www.jardinesdesabatini.com\/de\/zimmer\/\" \/>\n<meta property=\"article:publisher\" content=\"https:\/\/www.facebook.com\/HotelJardinesDeSabatini\/\" \/>\n<meta property=\"article:modified_time\" content=\"2023-08-16T10:17:43+00:00\" \/>\n<meta property=\"og:image\" content=\"https:\/\/www.jardinesdesabatini.com\/wp-content\/uploads\/2016\/11\/header-1.jpg\" \/>\n\t<meta property=\"og:image:width\" content=\"1920\" \/>\n\t<meta property=\"og:image:height\" content=\"700\" \/>\n\t<meta property=\"og:image:type\" content=\"image\/jpeg\" \/>\n<meta name=\"twitter:card\" content=\"summary_large_image\" \/>\n<meta name=\"twitter:label1\" content=\"Gesch\u00e4tzte Lesezeit\" \/>\n\t<meta name=\"twitter:data1\" content=\"2\u00a0Minuten\" \/>\n<script type=\"application\/ld+json\" class=\"yoast-schema-graph\">{\"@context\":\"https:\/\/schema.org\",\"@graph\":[{\"@type\":\"WebPage\",\"@id\":\"https:\/\/www.jardinesdesabatini.com\/de\/zimmer\/\",\"url\":\"https:\/\/www.jardinesdesabatini.com\/de\/zimmer\/\",\"name\":\"Zimmer |\",\"isPartOf\":{\"@id\":\"https:\/\/www.jardinesdesabatini.com\/en\/#website\"},\"datePublished\":\"2019-02-11T17:47:36+00:00\",\"dateModified\":\"2023-08-16T10:17:43+00:00\",\"description\":\"Reservieren Sie ein Apartment oder eine Designer-Suite mit allen Leistungen eines Hotels im Zentrum Madrids. Komfortable und grossz\u00fcgige Zimmer mit Kochecke\",\"breadcrumb\":{\"@id\":\"https:\/\/www.jardinesdesabatini.com\/de\/zimmer\/#breadcrumb\"},\"inLanguage\":\"de\",\"potentialAction\":[{\"@type\":\"ReadAction\",\"target\":[\"https:\/\/www.jardinesdesabatini.com\/de\/zimmer\/\"]}]},{\"@type\":\"BreadcrumbList\",\"@id\":\"https:\/\/www.jardinesdesabatini.com\/de\/zimmer\/#breadcrumb\",\"itemListElement\":[{\"@type\":\"ListItem\",\"position\":1,\"name\":\"Portada\",\"item\":\"https:\/\/www.jardinesdesabatini.com\/de\/\"},{\"@type\":\"ListItem\",\"position\":2,\"name\":\"Zimmer\"}]},{\"@type\":\"WebSite\",\"@id\":\"https:\/\/www.jardinesdesabatini.com\/en\/#website\",\"url\":\"https:\/\/www.jardinesdesabatini.com\/en\/\",\"name\":\"\",\"description\":\"Alojamiento en Madrid\",\"publisher\":{\"@id\":\"https:\/\/www.jardinesdesabatini.com\/en\/#organization\"},\"potentialAction\":[{\"@type\":\"SearchAction\",\"target\":{\"@type\":\"EntryPoint\",\"urlTemplate\":\"https:\/\/www.jardinesdesabatini.com\/en\/?s={search_term_string}\"},\"query-input\":\"required name=search_term_string\"}],\"inLanguage\":\"de\"},{\"@type\":\"Organization\",\"@id\":\"https:\/\/www.jardinesdesabatini.com\/en\/#organization\",\"name\":\"Jardines de Sabatini Apartosuites\",\"url\":\"https:\/\/www.jardinesdesabatini.com\/en\/\",\"logo\":{\"@type\":\"ImageObject\",\"inLanguage\":\"de\",\"@id\":\"https:\/\/www.jardinesdesabatini.com\/en\/#\/schema\/logo\/image\/\",\"url\":\"https:\/\/www.jardinesdesabatini.com\/wp-content\/uploads\/2016\/11\/Logo-Verde.png\",\"contentUrl\":\"https:\/\/www.jardinesdesabatini.com\/wp-content\/uploads\/2016\/11\/Logo-Verde.png\",\"width\":500,\"height\":310,\"caption\":\"Jardines de Sabatini Apartosuites\"},\"image\":{\"@id\":\"https:\/\/www.jardinesdesabatini.com\/en\/#\/schema\/logo\/image\/\"},\"sameAs\":[\"https:\/\/www.facebook.com\/HotelJardinesDeSabatini\/\",\"https:\/\/www.instagram.com\/hotelsabatini\/\",\"https:\/\/www.linkedin.com\/company\/apartosuites-jardines-de-sabatini\",\"https:\/\/www.youtube.com\/user\/ApartosuitesJdeS\"]}]}<\/script>\n<!-- \/ Yoast SEO plugin. -->","yoast_head_json":{"title":"Zimmer |","description":"Reservieren Sie ein Apartment oder eine Designer-Suite mit allen Leistungen eines Hotels im Zentrum Madrids. Komfortable und grossz\u00fcgige Zimmer mit Kochecke","robots":{"index":"index","follow":"follow","max-snippet":"max-snippet:-1","max-image-preview":"max-image-preview:large","max-video-preview":"max-video-preview:-1"},"canonical":"https:\/\/www.jardinesdesabatini.com\/de\/zimmer\/","og_locale":"de_DE","og_type":"article","og_title":"Zimmer |","og_description":"Reservieren Sie ein Apartment oder eine Designer-Suite mit allen Leistungen eines Hotels im Zentrum Madrids. Komfortable und grossz\u00fcgige Zimmer mit Kochecke","og_url":"https:\/\/www.jardinesdesabatini.com\/de\/zimmer\/","article_publisher":"https:\/\/www.facebook.com\/HotelJardinesDeSabatini\/","article_modified_time":"2023-08-16T10:17:43+00:00","og_image":[{"width":1920,"height":700,"url":"https:\/\/www.jardinesdesabatini.com\/wp-content\/uploads\/2016\/11\/header-1.jpg","type":"image\/jpeg"}],"twitter_card":"summary_large_image","twitter_misc":{"Gesch\u00e4tzte Lesezeit":"2\u00a0Minuten"},"schema":{"@context":"https:\/\/schema.org","@graph":[{"@type":"WebPage","@id":"https:\/\/www.jardinesdesabatini.com\/de\/zimmer\/","url":"https:\/\/www.jardinesdesabatini.com\/de\/zimmer\/","name":"Zimmer |","isPartOf":{"@id":"https:\/\/www.jardinesdesabatini.com\/en\/#website"},"datePublished":"2019-02-11T17:47:36+00:00","dateModified":"2023-08-16T10:17:43+00:00","description":"Reservieren Sie ein Apartment oder eine Designer-Suite mit allen Leistungen eines Hotels im Zentrum Madrids. Komfortable und grossz\u00fcgige Zimmer mit Kochecke","breadcrumb":{"@id":"https:\/\/www.jardinesdesabatini.com\/de\/zimmer\/#breadcrumb"},"inLanguage":"de","potentialAction":[{"@type":"ReadAction","target":["https:\/\/www.jardinesdesabatini.com\/de\/zimmer\/"]}]},{"@type":"BreadcrumbList","@id":"https:\/\/www.jardinesdesabatini.com\/de\/zimmer\/#breadcrumb","itemListElement":[{"@type":"ListItem","position":1,"name":"Portada","item":"https:\/\/www.jardinesdesabatini.com\/de\/"},{"@type":"ListItem","position":2,"name":"Zimmer"}]},{"@type":"WebSite","@id":"https:\/\/www.jardinesdesabatini.com\/en\/#website","url":"https:\/\/www.jardinesdesabatini.com\/en\/","name":"","description":"Alojamiento en Madrid","publisher":{"@id":"https:\/\/www.jardinesdesabatini.com\/en\/#organization"},"potentialAction":[{"@type":"SearchAction","target":{"@type":"EntryPoint","urlTemplate":"https:\/\/www.jardinesdesabatini.com\/en\/?s={search_term_string}"},"query-input":"required name=search_term_string"}],"inLanguage":"de"},{"@type":"Organization","@id":"https:\/\/www.jardinesdesabatini.com\/en\/#organization","name":"Jardines de Sabatini Apartosuites","url":"https:\/\/www.jardinesdesabatini.com\/en\/","logo":{"@type":"ImageObject","inLanguage":"de","@id":"https:\/\/www.jardinesdesabatini.com\/en\/#\/schema\/logo\/image\/","url":"https:\/\/www.jardinesdesabatini.com\/wp-content\/uploads\/2016\/11\/Logo-Verde.png","contentUrl":"https:\/\/www.jardinesdesabatini.com\/wp-content\/uploads\/2016\/11\/Logo-Verde.png","width":500,"height":310,"caption":"Jardines de Sabatini Apartosuites"},"image":{"@id":"https:\/\/www.jardinesdesabatini.com\/en\/#\/schema\/logo\/image\/"},"sameAs":["https:\/\/www.facebook.com\/HotelJardinesDeSabatini\/","https:\/\/www.instagram.com\/hotelsabatini\/","https:\/\/www.linkedin.com\/company\/apartosuites-jardines-de-sabatini","https:\/\/www.youtube.com\/user\/ApartosuitesJdeS"]}]}},"_links":{"self":[{"href":"https:\/\/www.jardinesdesabatini.com\/de\/wp-json\/wp\/v2\/pages\/2653"}],"collection":[{"href":"https:\/\/www.jardinesdesabatini.com\/de\/wp-json\/wp\/v2\/pages"}],"about":[{"href":"https:\/\/www.jardinesdesabatini.com\/de\/wp-json\/wp\/v2\/types\/page"}],"author":[{"embeddable":true,"href":"https:\/\/www.jardinesdesabatini.com\/de\/wp-json\/wp\/v2\/users\/1"}],"replies":[{"embeddable":true,"href":"https:\/\/www.jardinesdesabatini.com\/de\/wp-json\/wp\/v2\/comments?post=2653"}],"version-history":[{"count":12,"href":"https:\/\/www.jardinesdesabatini.com\/de\/wp-json\/wp\/v2\/pages\/2653\/revisions"}],"predecessor-version":[{"id":6040,"href":"https:\/\/www.jardinesdesabatini.com\/de\/wp-json\/wp\/v2\/pages\/2653\/revisions\/6040"}],"wp:featuredmedia":[{"embeddable":true,"href":"https:\/\/www.jardinesdesabatini.com\/de\/wp-json\/wp\/v2\/media\/793"}],"wp:attachment":[{"href":"https:\/\/www.jardinesdesabatini.com\/de\/wp-json\/wp\/v2\/media?parent=2653"}],"curies":[{"name":"wp","href":"https:\/\/api.w.org\/{rel}","templated":true}]}}