{"id":2720,"date":"2019-02-13T11:31:24","date_gmt":"2019-02-13T11:31:24","guid":{"rendered":"https:\/\/www.jardinesdesabatini.com\/?page_id=2720"},"modified":"2020-03-03T23:50:42","modified_gmt":"2020-03-03T23:50:42","slug":"sabatini-dachterasse","status":"publish","type":"page","link":"https:\/\/www.jardinesdesabatini.com\/de\/sabatini-dachterasse\/","title":{"rendered":"Sabatini Dachterasse"},"content":{"rendered":"<div class=\"block block--fit block--big\">\n<div class=\"container\">\n<header class=\"block-header block-header--border\">\n<h2 class=\"block-header__title\">GENIESSEN SIE UNSERE DACHTERASSE MIT DEN SCH\u00d6NSTEN AUSBLICKEN AUF DEN K\u00d6NIGSPALAST VON MADRID<\/h2>\n<\/header>\n<article class=\"post align-center\">Auf dem Flachdach des Hotels ApartoSuites Jardines de Sabatini befindet sich unser bestgeh\u00fctetes Geheimnis, unsere exklusive Solarium Terasse. Ein einzigartiger Ort, an dem Sie den spektakul\u00e4rsten Ausblick auf den K\u00f6nigspalast und einen der magischsten Blicke bei Sonnenuntergang auf den Templo de Debod haben.<br \/>\nEntspannen Sie sich von Mai bis September in unserem Chill-Out Ambiente und geniessen Sie den madrilenischen Sommer mit unserem Angebot verschiedener Tapas und Cocktails.<\/p>\n<p>Mehr Informationen und <strong><em>RESERVIERUNGEN<\/em><\/strong> (\u00d6ffnungszeiten best\u00e4tigen):<\/p>\n<\/article>\n<footer class=\"terraza-booking\">\n<div class=\"phone\"><i class=\"seres-icon seres-icon--phone\"><\/i><br \/>\n<a class=\"phone__link\" title=\"+34 91 542 59 00\" href=\"tel:+34915425900\">+34 91 542 59 00<\/a><\/div>\n<p><!--<a href=\"http:\/\/terrazasabatini.com\/reservas\/\" target=\"_blank\" class=\"btn btn--green btn--inline btn--maw\" title=\"RESERVIEREN SIE EINEN TISCH\" rel=\"noopener noreferrer\">RESERVIEREN SIE EINEN TISCH<\/a>--><\/p>\n<\/footer>\n<\/div>\n<\/div>\n<figure class=\"feat-full feat-full--simple\" style=\"background-image: url('https:\/\/www.jardinesdesabatini.com\/wp-content\/uploads\/2016\/11\/Terraza-vistas-a-Palacio-Real-globos.jpg');\">\n<div class=\"feat-full__col feat-full__col--secondary\">\n<hgroup class=\"feat__body\">\n<h2 class=\"feat__body-title\">DAS GANZE JAHR \u00dcBER F\u00dcR UNSERE HOTELG\u00c4STE GE\u00d6FFNET<\/h2>\n<h5 class=\"feat__body-desc\">Zeiten: <strong><em>07:00 Uhr morgens &#8211; 22:00 Uhr abends<\/em><\/strong><\/h5>\n<\/hgroup>\n<\/div>\n<\/figure>\n<figure class=\"feat-full feat-full--reverse feat-full--simple\" style=\"background-image: url('https:\/\/www.jardinesdesabatini.com\/wp-content\/themes\/sabatini\/images\/terraza\/feat\/feat-2.jpg');\">\n<div class=\"feat-full__col feat-full__col--secondary\">\n<article class=\"feat__body\">\n<h2 class=\"feat__body-title\">DAS BAR RESTAURANT BIETET SEINEN SERVICE VON MAI BIS OKTOBER AN<\/h2>\n<h5 class=\"feat__body-desc\">\u00d6ffnungszeien von Dienstag bis Samstag von <strong><em>20:00 Uhr abends bis 01:00 Uhr nachts<\/em><\/strong><\/h5>\n<p><!--<a href=\"http:\/\/terrazasabatini.com\/reservas\/\" target=\"_blank\" class=\"feat-booking-btn mt-3 btn btn--green btn--inline btn--maw\" title=\"TISCH RESERVIEREN\" rel=\"noopener noreferrer\">TISCH RESERVIEREN<\/a>--><\/p>\n<\/article>\n<\/div>\n<\/figure>\n<div class=\"block block--big no-pb\">\n<div class=\"container\">\n<header class=\"block-header block-header--border\">\n<h2 class=\"block-header__title\">Der ideale ort, ihr exklusives event zu veranstalten<\/h2>\n<\/header>\n<article class=\"post align-center\">Es ist nicht nur eine der besten Dachterassen Madrids, sondern auch der ideale Ort, um Ihr Firmenevent oder Ihre Privatparty zu feiern. Geniessen Sie diesen unvergleichbar sch\u00f6nen Ort, um den Sonnenuntergang in Madrid gegen\u00fcber des K\u00f6nigspalastes zu sehen.<\/article>\n<footer class=\"block-museo-contact\">\n<h3 class=\"block-museo-contact__title\">M\u00f6chten Sie Ihre Veranstaltung auf unserer Dachterasse feiern?<\/h3>\n<p><a class=\"block-museo-contact__btn btn btn--border-dark\" title=\"KONTAKTIEREN SIE UNS\" href=\"https:\/\/www.jardinesdesabatini.com\/de\/events\/#new-event\">KONTAKTIEREN SIE UNS<\/a><\/p>\n<\/footer>\n<\/div>\n<\/div>\n","protected":false},"excerpt":{"rendered":"<p>GENIESSEN SIE UNSERE DACHTERASSE MIT DEN SCH\u00d6NSTEN AUSBLICKEN AUF DEN K\u00d6NIGSPALAST VON MADRID Auf dem Flachdach des Hotels ApartoSuites Jardines de Sabatini befindet sich unser bestgeh\u00fctetes Geheimnis, unsere exklusive Solarium Terasse. Ein einzigartiger Ort, an dem Sie den spektakul\u00e4rsten Ausblick auf den K\u00f6nigspalast und einen der magischsten Blicke bei Sonnenuntergang auf den Templo de Debod [&hellip;]<\/p>\n","protected":false},"author":1,"featured_media":4278,"parent":0,"menu_order":0,"comment_status":"closed","ping_status":"closed","template":"template-terraza.php","meta":{"_joinchat":[]},"yoast_head":"<!-- This site is optimized with the Yoast SEO plugin v20.13 - https:\/\/yoast.com\/wordpress\/plugins\/seo\/ -->\n<title>Sabatini Dachterasse | Apartosuites Jardines de Sabatini Madrid<\/title>\n<meta name=\"description\" content=\"Geniessen Sie den sch\u00f6nsten Ausblick auf den K\u00f6nigspalast von unserer Dachterasse Sabatini \ud83d\ude0e Mehr Infos auf unserer Webseite\" \/>\n<meta name=\"robots\" content=\"index, follow, max-snippet:-1, max-image-preview:large, max-video-preview:-1\" \/>\n<link rel=\"canonical\" href=\"https:\/\/www.jardinesdesabatini.com\/de\/sabatini-dachterasse\/\" \/>\n<meta property=\"og:locale\" content=\"de_DE\" \/>\n<meta property=\"og:type\" content=\"article\" \/>\n<meta property=\"og:title\" content=\"Sabatini Dachterasse | Apartosuites Jardines de Sabatini Madrid\" \/>\n<meta property=\"og:description\" content=\"Geniessen Sie den sch\u00f6nsten Ausblick auf den K\u00f6nigspalast von unserer Dachterasse Sabatini \ud83d\ude0e Mehr Infos auf unserer Webseite\" \/>\n<meta property=\"og:url\" content=\"https:\/\/www.jardinesdesabatini.com\/de\/sabatini-dachterasse\/\" \/>\n<meta property=\"article:publisher\" content=\"https:\/\/www.facebook.com\/HotelJardinesDeSabatini\/\" \/>\n<meta property=\"article:modified_time\" content=\"2020-03-03T23:50:42+00:00\" \/>\n<meta property=\"og:image\" content=\"https:\/\/www.jardinesdesabatini.com\/wp-content\/uploads\/2019\/11\/0.2-Terraza-de-Sabatini-Vistas-al-Palacio-Real.jpg\" \/>\n\t<meta property=\"og:image:width\" content=\"1000\" \/>\n\t<meta property=\"og:image:height\" content=\"665\" \/>\n\t<meta property=\"og:image:type\" content=\"image\/jpeg\" \/>\n<meta name=\"twitter:card\" content=\"summary_large_image\" \/>\n<meta name=\"twitter:label1\" content=\"Gesch\u00e4tzte Lesezeit\" \/>\n\t<meta name=\"twitter:data1\" content=\"1\u00a0Minute\" \/>\n<script type=\"application\/ld+json\" class=\"yoast-schema-graph\">{\"@context\":\"https:\/\/schema.org\",\"@graph\":[{\"@type\":\"WebPage\",\"@id\":\"https:\/\/www.jardinesdesabatini.com\/de\/sabatini-dachterasse\/\",\"url\":\"https:\/\/www.jardinesdesabatini.com\/de\/sabatini-dachterasse\/\",\"name\":\"Sabatini Dachterasse | Apartosuites Jardines de Sabatini Madrid\",\"isPartOf\":{\"@id\":\"https:\/\/www.jardinesdesabatini.com\/en\/#website\"},\"datePublished\":\"2019-02-13T11:31:24+00:00\",\"dateModified\":\"2020-03-03T23:50:42+00:00\",\"description\":\"Geniessen Sie den sch\u00f6nsten Ausblick auf den K\u00f6nigspalast von unserer Dachterasse Sabatini \ud83d\ude0e Mehr Infos auf unserer Webseite\",\"breadcrumb\":{\"@id\":\"https:\/\/www.jardinesdesabatini.com\/de\/sabatini-dachterasse\/#breadcrumb\"},\"inLanguage\":\"de\",\"potentialAction\":[{\"@type\":\"ReadAction\",\"target\":[\"https:\/\/www.jardinesdesabatini.com\/de\/sabatini-dachterasse\/\"]}]},{\"@type\":\"BreadcrumbList\",\"@id\":\"https:\/\/www.jardinesdesabatini.com\/de\/sabatini-dachterasse\/#breadcrumb\",\"itemListElement\":[{\"@type\":\"ListItem\",\"position\":1,\"name\":\"Portada\",\"item\":\"https:\/\/www.jardinesdesabatini.com\/de\/\"},{\"@type\":\"ListItem\",\"position\":2,\"name\":\"Sabatini Dachterasse\"}]},{\"@type\":\"WebSite\",\"@id\":\"https:\/\/www.jardinesdesabatini.com\/en\/#website\",\"url\":\"https:\/\/www.jardinesdesabatini.com\/en\/\",\"name\":\"\",\"description\":\"Alojamiento en Madrid\",\"publisher\":{\"@id\":\"https:\/\/www.jardinesdesabatini.com\/en\/#organization\"},\"potentialAction\":[{\"@type\":\"SearchAction\",\"target\":{\"@type\":\"EntryPoint\",\"urlTemplate\":\"https:\/\/www.jardinesdesabatini.com\/en\/?s={search_term_string}\"},\"query-input\":\"required name=search_term_string\"}],\"inLanguage\":\"de\"},{\"@type\":\"Organization\",\"@id\":\"https:\/\/www.jardinesdesabatini.com\/en\/#organization\",\"name\":\"Jardines de Sabatini Apartosuites\",\"url\":\"https:\/\/www.jardinesdesabatini.com\/en\/\",\"logo\":{\"@type\":\"ImageObject\",\"inLanguage\":\"de\",\"@id\":\"https:\/\/www.jardinesdesabatini.com\/en\/#\/schema\/logo\/image\/\",\"url\":\"https:\/\/www.jardinesdesabatini.com\/wp-content\/uploads\/2016\/11\/Logo-Verde.png\",\"contentUrl\":\"https:\/\/www.jardinesdesabatini.com\/wp-content\/uploads\/2016\/11\/Logo-Verde.png\",\"width\":500,\"height\":310,\"caption\":\"Jardines de Sabatini Apartosuites\"},\"image\":{\"@id\":\"https:\/\/www.jardinesdesabatini.com\/en\/#\/schema\/logo\/image\/\"},\"sameAs\":[\"https:\/\/www.facebook.com\/HotelJardinesDeSabatini\/\",\"https:\/\/www.instagram.com\/hotelsabatini\/\",\"https:\/\/www.linkedin.com\/company\/apartosuites-jardines-de-sabatini\",\"https:\/\/www.youtube.com\/user\/ApartosuitesJdeS\"]}]}<\/script>\n<!-- \/ Yoast SEO plugin. -->","yoast_head_json":{"title":"Sabatini Dachterasse | Apartosuites Jardines de Sabatini Madrid","description":"Geniessen Sie den sch\u00f6nsten Ausblick auf den K\u00f6nigspalast von unserer Dachterasse Sabatini \ud83d\ude0e Mehr Infos auf unserer Webseite","robots":{"index":"index","follow":"follow","max-snippet":"max-snippet:-1","max-image-preview":"max-image-preview:large","max-video-preview":"max-video-preview:-1"},"canonical":"https:\/\/www.jardinesdesabatini.com\/de\/sabatini-dachterasse\/","og_locale":"de_DE","og_type":"article","og_title":"Sabatini Dachterasse | Apartosuites Jardines de Sabatini Madrid","og_description":"Geniessen Sie den sch\u00f6nsten Ausblick auf den K\u00f6nigspalast von unserer Dachterasse Sabatini \ud83d\ude0e Mehr Infos auf unserer Webseite","og_url":"https:\/\/www.jardinesdesabatini.com\/de\/sabatini-dachterasse\/","article_publisher":"https:\/\/www.facebook.com\/HotelJardinesDeSabatini\/","article_modified_time":"2020-03-03T23:50:42+00:00","og_image":[{"width":1000,"height":665,"url":"https:\/\/www.jardinesdesabatini.com\/wp-content\/uploads\/2019\/11\/0.2-Terraza-de-Sabatini-Vistas-al-Palacio-Real.jpg","type":"image\/jpeg"}],"twitter_card":"summary_large_image","twitter_misc":{"Gesch\u00e4tzte Lesezeit":"1\u00a0Minute"},"schema":{"@context":"https:\/\/schema.org","@graph":[{"@type":"WebPage","@id":"https:\/\/www.jardinesdesabatini.com\/de\/sabatini-dachterasse\/","url":"https:\/\/www.jardinesdesabatini.com\/de\/sabatini-dachterasse\/","name":"Sabatini Dachterasse | Apartosuites Jardines de Sabatini Madrid","isPartOf":{"@id":"https:\/\/www.jardinesdesabatini.com\/en\/#website"},"datePublished":"2019-02-13T11:31:24+00:00","dateModified":"2020-03-03T23:50:42+00:00","description":"Geniessen Sie den sch\u00f6nsten Ausblick auf den K\u00f6nigspalast von unserer Dachterasse Sabatini \ud83d\ude0e Mehr Infos auf unserer Webseite","breadcrumb":{"@id":"https:\/\/www.jardinesdesabatini.com\/de\/sabatini-dachterasse\/#breadcrumb"},"inLanguage":"de","potentialAction":[{"@type":"ReadAction","target":["https:\/\/www.jardinesdesabatini.com\/de\/sabatini-dachterasse\/"]}]},{"@type":"BreadcrumbList","@id":"https:\/\/www.jardinesdesabatini.com\/de\/sabatini-dachterasse\/#breadcrumb","itemListElement":[{"@type":"ListItem","position":1,"name":"Portada","item":"https:\/\/www.jardinesdesabatini.com\/de\/"},{"@type":"ListItem","position":2,"name":"Sabatini Dachterasse"}]},{"@type":"WebSite","@id":"https:\/\/www.jardinesdesabatini.com\/en\/#website","url":"https:\/\/www.jardinesdesabatini.com\/en\/","name":"","description":"Alojamiento en Madrid","publisher":{"@id":"https:\/\/www.jardinesdesabatini.com\/en\/#organization"},"potentialAction":[{"@type":"SearchAction","target":{"@type":"EntryPoint","urlTemplate":"https:\/\/www.jardinesdesabatini.com\/en\/?s={search_term_string}"},"query-input":"required name=search_term_string"}],"inLanguage":"de"},{"@type":"Organization","@id":"https:\/\/www.jardinesdesabatini.com\/en\/#organization","name":"Jardines de Sabatini Apartosuites","url":"https:\/\/www.jardinesdesabatini.com\/en\/","logo":{"@type":"ImageObject","inLanguage":"de","@id":"https:\/\/www.jardinesdesabatini.com\/en\/#\/schema\/logo\/image\/","url":"https:\/\/www.jardinesdesabatini.com\/wp-content\/uploads\/2016\/11\/Logo-Verde.png","contentUrl":"https:\/\/www.jardinesdesabatini.com\/wp-content\/uploads\/2016\/11\/Logo-Verde.png","width":500,"height":310,"caption":"Jardines de Sabatini Apartosuites"},"image":{"@id":"https:\/\/www.jardinesdesabatini.com\/en\/#\/schema\/logo\/image\/"},"sameAs":["https:\/\/www.facebook.com\/HotelJardinesDeSabatini\/","https:\/\/www.instagram.com\/hotelsabatini\/","https:\/\/www.linkedin.com\/company\/apartosuites-jardines-de-sabatini","https:\/\/www.youtube.com\/user\/ApartosuitesJdeS"]}]}},"_links":{"self":[{"href":"https:\/\/www.jardinesdesabatini.com\/de\/wp-json\/wp\/v2\/pages\/2720"}],"collection":[{"href":"https:\/\/www.jardinesdesabatini.com\/de\/wp-json\/wp\/v2\/pages"}],"about":[{"href":"https:\/\/www.jardinesdesabatini.com\/de\/wp-json\/wp\/v2\/types\/page"}],"author":[{"embeddable":true,"href":"https:\/\/www.jardinesdesabatini.com\/de\/wp-json\/wp\/v2\/users\/1"}],"replies":[{"embeddable":true,"href":"https:\/\/www.jardinesdesabatini.com\/de\/wp-json\/wp\/v2\/comments?post=2720"}],"version-history":[{"count":13,"href":"https:\/\/www.jardinesdesabatini.com\/de\/wp-json\/wp\/v2\/pages\/2720\/revisions"}],"predecessor-version":[{"id":4954,"href":"https:\/\/www.jardinesdesabatini.com\/de\/wp-json\/wp\/v2\/pages\/2720\/revisions\/4954"}],"wp:featuredmedia":[{"embeddable":true,"href":"https:\/\/www.jardinesdesabatini.com\/de\/wp-json\/wp\/v2\/media\/4278"}],"wp:attachment":[{"href":"https:\/\/www.jardinesdesabatini.com\/de\/wp-json\/wp\/v2\/media?parent=2720"}],"curies":[{"name":"wp","href":"https:\/\/api.w.org\/{rel}","templated":true}]}}