{"id":2743,"date":"2019-02-13T11:58:44","date_gmt":"2019-02-13T11:58:44","guid":{"rendered":"https:\/\/www.jardinesdesabatini.com\/?page_id=2743"},"modified":"2019-02-13T11:59:28","modified_gmt":"2019-02-13T11:59:28","slug":"meetingraeume","status":"publish","type":"page","link":"https:\/\/www.jardinesdesabatini.com\/de\/events\/meetingraeume\/","title":{"rendered":"Meetingr\u00e4ume"},"content":{"rendered":"<div class=\"block block--fit block--big\">\n<div class=\"container\">\n<header class=\"block-header block-header--border\">\n<h2 class=\"block-header__title\">IDEALE MEETINGR\u00c4UME F\u00dcR IHR FIRMENEVENT<\/h2>\n<\/header>\n<article class=\"post align-center\">\n<p>Das Hotel Jardines de Sabatini stellt Ihnen grossz\u00fcgige, komfortable und voll ausgestattete Konferenzr\u00e4ume f\u00fcr Firmenveranstaltungen, Weiterbildungen, Produktpr\u00e4sentationen und Kongresse zur Verf\u00fcgung.<\/p>\n<p>Wir verf\u00fcgen \u00fcber zwei Konferenzr\u00e4ume, die polyvalent und  verschiedenen abtrennbar sind, so dass ein grosser Meetingraum mit 100 m2 entstehen kann.<\/p>\n<\/article>\n<\/div>\n<\/div>\n<figure class=\"feat-full feat-full--simple\" style=\"background-image: url(https:\/\/www.jardinesdesabatini.com\/wp-content\/themes\/sabatini\/images\/salones\/feat\/feat-2.jpg)\">\n<div class=\"feat-full__col feat-full__col--secondary wow fadeInRight\" data-wow-delay=\"200ms\">\n<hgroup class=\"feat__body\">\n<h2 class=\"feat__body-title\">VERSTELLBARE KONFERENZR\u00c4UME IM ZENTRUM VON MADRID<\/h2>\n<h5 class=\"feat__body-desc\">Ideal f\u00fcr Ihre Firmenevents<\/h5>\n<\/hgroup>\n<\/div>\n<\/figure>\n<figure class=\"feat-full feat-full--reverse feat-full--simple\" style=\"background-image: url(https:\/\/www.jardinesdesabatini.com\/wp-content\/themes\/sabatini\/images\/salones\/feat\/feat-1.jpg)\">\n<div class=\"feat-full__col feat-full__col--secondary wow fadeInLeft\" data-wow-delay=\"200ms\">\n<article class=\"feat__body\">\n<h2 class=\"feat__body-title\">SO WIRD IHR EVENT EIN VOLLER ERFOLG<\/h2>\n<h5 class=\"feat__body-desc\">Von Produktpr\u00e4sentationen bis hin zu Weiterbildungen: unsere R\u00e4umlichkeiten passen sich Ihren Bed\u00fcrfnissen an<\/h5>\n<\/article>\n<\/div>\n<\/figure>\n","protected":false},"excerpt":{"rendered":"<p>IDEALE MEETINGR\u00c4UME F\u00dcR IHR FIRMENEVENT Das Hotel Jardines de Sabatini stellt Ihnen grossz\u00fcgige, komfortable und voll ausgestattete Konferenzr\u00e4ume f\u00fcr Firmenveranstaltungen, Weiterbildungen, Produktpr\u00e4sentationen und Kongresse zur Verf\u00fcgung. Wir verf\u00fcgen \u00fcber zwei Konferenzr\u00e4ume, die polyvalent und verschiedenen abtrennbar sind, so dass ein grosser Meetingraum mit 100 m2 entstehen kann. VERSTELLBARE KONFERENZR\u00c4UME IM ZENTRUM VON MADRID Ideal f\u00fcr [&hellip;]<\/p>\n","protected":false},"author":1,"featured_media":1793,"parent":2736,"menu_order":0,"comment_status":"closed","ping_status":"closed","template":"template-eventos-salareuniones.php","meta":{"_joinchat":[]},"yoast_head":"<!-- This site is optimized with the Yoast SEO plugin v20.13 - https:\/\/yoast.com\/wordpress\/plugins\/seo\/ -->\n<title>Meetingr\u00e4ume |<\/title>\n<meta name=\"description\" content=\"Meetingr\u00e4ume und R\u00e4umlichkeiten, um jede Art von Event zu veranstalten, Weiterbildungen, Betriebsfeiern... Informieren Sie sich auf unserer Webseite!\" \/>\n<meta name=\"robots\" content=\"index, follow, max-snippet:-1, max-image-preview:large, max-video-preview:-1\" \/>\n<link rel=\"canonical\" href=\"https:\/\/www.jardinesdesabatini.com\/de\/events\/meetingraeume\/\" \/>\n<meta property=\"og:locale\" content=\"de_DE\" \/>\n<meta property=\"og:type\" content=\"article\" \/>\n<meta property=\"og:title\" content=\"Meetingr\u00e4ume |\" \/>\n<meta property=\"og:description\" content=\"Meetingr\u00e4ume und R\u00e4umlichkeiten, um jede Art von Event zu veranstalten, Weiterbildungen, Betriebsfeiern... Informieren Sie sich auf unserer Webseite!\" \/>\n<meta property=\"og:url\" content=\"https:\/\/www.jardinesdesabatini.com\/de\/events\/meetingraeume\/\" \/>\n<meta property=\"article:publisher\" content=\"https:\/\/www.facebook.com\/HotelJardinesDeSabatini\/\" \/>\n<meta property=\"article:modified_time\" content=\"2019-02-13T11:59:28+00:00\" \/>\n<meta property=\"og:image\" content=\"https:\/\/www.jardinesdesabatini.com\/wp-content\/uploads\/2016\/11\/Sala-Evento-Reuni\u00f3n-Hotel-Madrid-web-1.jpg\" \/>\n\t<meta property=\"og:image:width\" content=\"1000\" \/>\n\t<meta property=\"og:image:height\" content=\"667\" \/>\n\t<meta property=\"og:image:type\" content=\"image\/jpeg\" \/>\n<meta name=\"twitter:card\" content=\"summary_large_image\" \/>\n<script type=\"application\/ld+json\" class=\"yoast-schema-graph\">{\"@context\":\"https:\/\/schema.org\",\"@graph\":[{\"@type\":\"WebPage\",\"@id\":\"https:\/\/www.jardinesdesabatini.com\/de\/events\/meetingraeume\/\",\"url\":\"https:\/\/www.jardinesdesabatini.com\/de\/events\/meetingraeume\/\",\"name\":\"Meetingr\u00e4ume |\",\"isPartOf\":{\"@id\":\"https:\/\/www.jardinesdesabatini.com\/en\/#website\"},\"datePublished\":\"2019-02-13T11:58:44+00:00\",\"dateModified\":\"2019-02-13T11:59:28+00:00\",\"description\":\"Meetingr\u00e4ume und R\u00e4umlichkeiten, um jede Art von Event zu veranstalten, Weiterbildungen, Betriebsfeiern... Informieren Sie sich auf unserer Webseite!\",\"breadcrumb\":{\"@id\":\"https:\/\/www.jardinesdesabatini.com\/de\/events\/meetingraeume\/#breadcrumb\"},\"inLanguage\":\"de\",\"potentialAction\":[{\"@type\":\"ReadAction\",\"target\":[\"https:\/\/www.jardinesdesabatini.com\/de\/events\/meetingraeume\/\"]}]},{\"@type\":\"BreadcrumbList\",\"@id\":\"https:\/\/www.jardinesdesabatini.com\/de\/events\/meetingraeume\/#breadcrumb\",\"itemListElement\":[{\"@type\":\"ListItem\",\"position\":1,\"name\":\"Portada\",\"item\":\"https:\/\/www.jardinesdesabatini.com\/de\/\"},{\"@type\":\"ListItem\",\"position\":2,\"name\":\"Events\",\"item\":\"https:\/\/www.jardinesdesabatini.com\/de\/events\/\"},{\"@type\":\"ListItem\",\"position\":3,\"name\":\"Meetingr\u00e4ume\"}]},{\"@type\":\"WebSite\",\"@id\":\"https:\/\/www.jardinesdesabatini.com\/en\/#website\",\"url\":\"https:\/\/www.jardinesdesabatini.com\/en\/\",\"name\":\"\",\"description\":\"Alojamiento en Madrid\",\"publisher\":{\"@id\":\"https:\/\/www.jardinesdesabatini.com\/en\/#organization\"},\"potentialAction\":[{\"@type\":\"SearchAction\",\"target\":{\"@type\":\"EntryPoint\",\"urlTemplate\":\"https:\/\/www.jardinesdesabatini.com\/en\/?s={search_term_string}\"},\"query-input\":\"required name=search_term_string\"}],\"inLanguage\":\"de\"},{\"@type\":\"Organization\",\"@id\":\"https:\/\/www.jardinesdesabatini.com\/en\/#organization\",\"name\":\"Jardines de Sabatini Apartosuites\",\"url\":\"https:\/\/www.jardinesdesabatini.com\/en\/\",\"logo\":{\"@type\":\"ImageObject\",\"inLanguage\":\"de\",\"@id\":\"https:\/\/www.jardinesdesabatini.com\/en\/#\/schema\/logo\/image\/\",\"url\":\"https:\/\/www.jardinesdesabatini.com\/wp-content\/uploads\/2016\/11\/Logo-Verde.png\",\"contentUrl\":\"https:\/\/www.jardinesdesabatini.com\/wp-content\/uploads\/2016\/11\/Logo-Verde.png\",\"width\":500,\"height\":310,\"caption\":\"Jardines de Sabatini Apartosuites\"},\"image\":{\"@id\":\"https:\/\/www.jardinesdesabatini.com\/en\/#\/schema\/logo\/image\/\"},\"sameAs\":[\"https:\/\/www.facebook.com\/HotelJardinesDeSabatini\/\",\"https:\/\/www.instagram.com\/hotelsabatini\/\",\"https:\/\/www.linkedin.com\/company\/apartosuites-jardines-de-sabatini\",\"https:\/\/www.youtube.com\/user\/ApartosuitesJdeS\"]}]}<\/script>\n<!-- \/ Yoast SEO plugin. -->","yoast_head_json":{"title":"Meetingr\u00e4ume |","description":"Meetingr\u00e4ume und R\u00e4umlichkeiten, um jede Art von Event zu veranstalten, Weiterbildungen, Betriebsfeiern... Informieren Sie sich auf unserer Webseite!","robots":{"index":"index","follow":"follow","max-snippet":"max-snippet:-1","max-image-preview":"max-image-preview:large","max-video-preview":"max-video-preview:-1"},"canonical":"https:\/\/www.jardinesdesabatini.com\/de\/events\/meetingraeume\/","og_locale":"de_DE","og_type":"article","og_title":"Meetingr\u00e4ume |","og_description":"Meetingr\u00e4ume und R\u00e4umlichkeiten, um jede Art von Event zu veranstalten, Weiterbildungen, Betriebsfeiern... Informieren Sie sich auf unserer Webseite!","og_url":"https:\/\/www.jardinesdesabatini.com\/de\/events\/meetingraeume\/","article_publisher":"https:\/\/www.facebook.com\/HotelJardinesDeSabatini\/","article_modified_time":"2019-02-13T11:59:28+00:00","og_image":[{"width":1000,"height":667,"url":"https:\/\/www.jardinesdesabatini.com\/wp-content\/uploads\/2016\/11\/Sala-Evento-Reuni\u00f3n-Hotel-Madrid-web-1.jpg","type":"image\/jpeg"}],"twitter_card":"summary_large_image","schema":{"@context":"https:\/\/schema.org","@graph":[{"@type":"WebPage","@id":"https:\/\/www.jardinesdesabatini.com\/de\/events\/meetingraeume\/","url":"https:\/\/www.jardinesdesabatini.com\/de\/events\/meetingraeume\/","name":"Meetingr\u00e4ume |","isPartOf":{"@id":"https:\/\/www.jardinesdesabatini.com\/en\/#website"},"datePublished":"2019-02-13T11:58:44+00:00","dateModified":"2019-02-13T11:59:28+00:00","description":"Meetingr\u00e4ume und R\u00e4umlichkeiten, um jede Art von Event zu veranstalten, Weiterbildungen, Betriebsfeiern... Informieren Sie sich auf unserer Webseite!","breadcrumb":{"@id":"https:\/\/www.jardinesdesabatini.com\/de\/events\/meetingraeume\/#breadcrumb"},"inLanguage":"de","potentialAction":[{"@type":"ReadAction","target":["https:\/\/www.jardinesdesabatini.com\/de\/events\/meetingraeume\/"]}]},{"@type":"BreadcrumbList","@id":"https:\/\/www.jardinesdesabatini.com\/de\/events\/meetingraeume\/#breadcrumb","itemListElement":[{"@type":"ListItem","position":1,"name":"Portada","item":"https:\/\/www.jardinesdesabatini.com\/de\/"},{"@type":"ListItem","position":2,"name":"Events","item":"https:\/\/www.jardinesdesabatini.com\/de\/events\/"},{"@type":"ListItem","position":3,"name":"Meetingr\u00e4ume"}]},{"@type":"WebSite","@id":"https:\/\/www.jardinesdesabatini.com\/en\/#website","url":"https:\/\/www.jardinesdesabatini.com\/en\/","name":"","description":"Alojamiento en Madrid","publisher":{"@id":"https:\/\/www.jardinesdesabatini.com\/en\/#organization"},"potentialAction":[{"@type":"SearchAction","target":{"@type":"EntryPoint","urlTemplate":"https:\/\/www.jardinesdesabatini.com\/en\/?s={search_term_string}"},"query-input":"required name=search_term_string"}],"inLanguage":"de"},{"@type":"Organization","@id":"https:\/\/www.jardinesdesabatini.com\/en\/#organization","name":"Jardines de Sabatini Apartosuites","url":"https:\/\/www.jardinesdesabatini.com\/en\/","logo":{"@type":"ImageObject","inLanguage":"de","@id":"https:\/\/www.jardinesdesabatini.com\/en\/#\/schema\/logo\/image\/","url":"https:\/\/www.jardinesdesabatini.com\/wp-content\/uploads\/2016\/11\/Logo-Verde.png","contentUrl":"https:\/\/www.jardinesdesabatini.com\/wp-content\/uploads\/2016\/11\/Logo-Verde.png","width":500,"height":310,"caption":"Jardines de Sabatini Apartosuites"},"image":{"@id":"https:\/\/www.jardinesdesabatini.com\/en\/#\/schema\/logo\/image\/"},"sameAs":["https:\/\/www.facebook.com\/HotelJardinesDeSabatini\/","https:\/\/www.instagram.com\/hotelsabatini\/","https:\/\/www.linkedin.com\/company\/apartosuites-jardines-de-sabatini","https:\/\/www.youtube.com\/user\/ApartosuitesJdeS"]}]}},"_links":{"self":[{"href":"https:\/\/www.jardinesdesabatini.com\/de\/wp-json\/wp\/v2\/pages\/2743"}],"collection":[{"href":"https:\/\/www.jardinesdesabatini.com\/de\/wp-json\/wp\/v2\/pages"}],"about":[{"href":"https:\/\/www.jardinesdesabatini.com\/de\/wp-json\/wp\/v2\/types\/page"}],"author":[{"embeddable":true,"href":"https:\/\/www.jardinesdesabatini.com\/de\/wp-json\/wp\/v2\/users\/1"}],"replies":[{"embeddable":true,"href":"https:\/\/www.jardinesdesabatini.com\/de\/wp-json\/wp\/v2\/comments?post=2743"}],"version-history":[{"count":2,"href":"https:\/\/www.jardinesdesabatini.com\/de\/wp-json\/wp\/v2\/pages\/2743\/revisions"}],"predecessor-version":[{"id":2745,"href":"https:\/\/www.jardinesdesabatini.com\/de\/wp-json\/wp\/v2\/pages\/2743\/revisions\/2745"}],"up":[{"embeddable":true,"href":"https:\/\/www.jardinesdesabatini.com\/de\/wp-json\/wp\/v2\/pages\/2736"}],"wp:featuredmedia":[{"embeddable":true,"href":"https:\/\/www.jardinesdesabatini.com\/de\/wp-json\/wp\/v2\/media\/1793"}],"wp:attachment":[{"href":"https:\/\/www.jardinesdesabatini.com\/de\/wp-json\/wp\/v2\/media?parent=2743"}],"curies":[{"name":"wp","href":"https:\/\/api.w.org\/{rel}","templated":true}]}}