{"id":3251,"date":"2016-11-28T18:09:37","date_gmt":"2016-11-28T18:09:37","guid":{"rendered":"https:\/\/www.jardinesdesabatini.com\/politica-de-privacidad\/"},"modified":"2019-04-16T08:08:09","modified_gmt":"2019-04-16T08:08:09","slug":"privacy-policy","status":"publish","type":"page","link":"https:\/\/www.jardinesdesabatini.com\/en\/privacy-policy\/","title":{"rendered":"Privacy policy"},"content":{"rendered":"<div class=\"block block--fit block--big\">\n<div class=\"container\">\n<header class=\"block-header block-header--border\">\n<h2 class=\"block-header__title\">Aviso Legal<\/h2>\n<\/header>\n<article class=\"post\">\n<p>El presente Aviso Legal regula las condiciones generales de acceso y utilizaci\u00f3n del sitio web accesible en la direcci\u00f3n www.jardinesdesabatini.com (en adelante, el sitio web), que AUSINCO SL pone a disposici\u00f3n de los usuarios de Internet.<\/p>\n<p>La utilizaci\u00f3n del sitio web implica la aceptaci\u00f3n plena y sin reservas de todas y cada una de las disposiciones incluidas en este Aviso Legal. En consecuencia, el usuario del sitio web debe leer atentamente el presente Aviso Legal en cada una de las ocasiones en que se proponga utilizar la web, ya que el texto podr\u00eda sufrir modificaciones a criterio del titular de la web, o a causa de un cambio legislativo, jurisprudencial o en la pr\u00e1ctica empresarial.<\/p>\n<h5><strong>1.- TITULARIDAD DEL SITIO WEB<\/strong><\/h5>\n<p>Nombre del titular: AUSINCO SL<br\/>\n\t\t\t\t\t\tDomicilio social: Cuesta de San Vicente 16. 28008 Madrid<br\/>\n\t\t\t\t\t\tC.I.F.: B28273324<br\/>\n\t\t\t\t\t\tTel\u00e9fono de contacto: <a href=\"tel:+34915425900\">+34 91 5425900<\/a><br\/>\n\t\t\t\t\t\tCorreo electr\u00f3nico: <a href=\"mailto:reservas@jardinesdesabatini.com\">reservas@jardinesdesabatini.com<\/a>\n\t\t\t\t\t<\/p>\n<h5><strong>2.- OBJETO<\/strong><\/h5>\n<p>El sitio web facilita a los usuarios del mismo el acceso a informaci\u00f3n y servicios prestados por AUSINCO SL a aquellas personas u organizaciones interesadas en los mismos.<\/p>\n<h5><strong>3.- ACCESO Y UTILIZACI\u00d3N DE LA WEB<\/strong><\/h5>\n<p>3.1.- Car\u00e1cter gratuito del acceso y utilizaci\u00f3n de la web. El acceso a la web tiene car\u00e1cter gratuito para los usuarios de la misma.<\/p>\n<p>3.2.- Registro de usuarios. Con car\u00e1cter general el acceso y utilizaci\u00f3n de la web no exige la previa suscripci\u00f3n o registro de los usuarios de la misma.<\/p>\n<h5><strong>4.- CONTENIDOS DE LA WEB<\/strong><\/h5>\n<p>El idioma utilizado por el titular en la web ser\u00e1 el castellano. AUSINCO SL no se responsabiliza de la no comprensi\u00f3n o entendimiento del idioma de la web por el usuario, ni de sus consecuencias.<\/p>\n<p>AUSINCO SL podr\u00e1 modificar los contenidos sin previo aviso, as\u00ed como suprimir y cambiar \u00e9stos dentro de la web, como la forma en que se accede a \u00e9stos, sin justificaci\u00f3n alguna y libremente, no responsabiliz\u00e1ndose de las consecuencias que los mismos puedan ocasionar a los usuarios.<\/p>\n<p>Se proh\u00edbe el uso de los contenidos de la web para promocionar, contratar o divulgar publicidad o informaci\u00f3n propia o de terceras personas sin la autorizaci\u00f3n de AUSINCO SL, ni remitir publicidad o informaci\u00f3n vali\u00e9ndose para ello de los servicios o informaci\u00f3n que se ponen a disposici\u00f3n de los usuarios, independientemente de si la utilizaci\u00f3n es gratuita o no.<\/p>\n<p>Los enlaces o hiperenlaces que incorporen terceros en sus p\u00e1ginas web, dirigidos a esta web, ser\u00e1n para la apertura de la p\u00e1gina web completa, no pudiendo manifestar, directa o indirectamente, indicaciones falsas, inexactas o confusas, ni incurrir en acciones desleales o il\u00edcitas en contra de AUSINCO SL.<\/p>\n<h5><strong>5.- LIMITACI\u00d3N DE RESPONSABILIDAD<\/strong><\/h5>\n<p>Tanto el acceso a la web como el uso no consentido que pueda efectuarse de la informaci\u00f3n contenida en la misma es de la exclusiva responsabilidad de quien lo realiza. AUSINCO SL no responder\u00e1 de ninguna consecuencia, da\u00f1o o perjuicio que pudieran derivarse de dicho acceso o uso. AUSINCO SL no se hace responsable de los errores de seguridad, que se puedan producir ni de los da\u00f1os que puedan causarse al sistema inform\u00e1tico del usuario (hardware y software), o a los ficheros o documentos almacenados en el mismo, como consecuencia de:<\/p>\n<ul>\n<li>La presencia de un virus en el ordenador del usuario que sea utilizado para la conexi\u00f3n a los servicios y contenidos de la web.<\/li>\n<li>Un mal funcionamiento del navegador.<\/li>\n<li>Y\/o del uso de versiones no actualizadas del mismo.<\/li>\n<\/ul>\n<p>AUSINCO SL no se hace responsable de la fiabilidad y rapidez de los hiperenlaces que se incorporen en la web para la apertura de otras. AUSINCO SL no garantiza la utilidad de estos enlaces, ni se responsabiliza de los contenidos o servicios a los que pueda acceder el usuario por medio de estos enlaces, ni del buen funcionamiento de estas webs.<\/p>\n<p>AUSINCO SL no ser\u00e1 responsable de los virus o dem\u00e1s programas inform\u00e1ticos que deterioren o puedan deteriorar los sistemas o equipos inform\u00e1ticos de los usuarios al acceder a su web u otras webs a las que se haya accedido mediante enlaces de esta web.<\/p>\n<h5><strong>6.- EMPLEO DE LA TECNOLOG\u00cdA \u201cCOOKIE\u201d<\/strong><\/h5>\n<p>La web emplea cookies, puede consultar nuestra Pol\u00edtica de Cookies, que respeta en todo momento la confidencialidad e intimidad del mismo.<\/p>\n<h5><strong>7.- PROPIEDAD INTELECTUAL E INDUSTRIAL<\/strong><\/h5>\n<p>Son propiedad de AUSINCO SL, todos los derechos de propiedad industrial e intelectual de la web, as\u00ed como de los contenidos que alberga. Cualquier uso de la web o sus contenidos deber\u00e1 tener un car\u00e1cter exclusivamente particular.<\/p>\n<p>Est\u00e1 reservado exclusivamente a AUSINCO SL, cualquier otro uso que suponga la copia, reproducci\u00f3n, distribuci\u00f3n, transformaci\u00f3n, comunicaci\u00f3n p\u00fablica o cualquier otra acci\u00f3n similar, de todo o parte de los contenidos de la web, por lo que ning\u00fan usuario podr\u00e1 llevar a cabo estas acciones sin la autorizaci\u00f3n previa y por escrito de AUSINCO SL.<\/p>\n<h5><strong>8.- LEGISLACI\u00d3N APLICABLE Y JURISDICCI\u00d3N COMPETENTE<\/strong><\/h5>\n<p>El presente Aviso Legal se interpretar\u00e1 y regir\u00e1 de conformidad con la legislaci\u00f3n espa\u00f1ola. AUSINCO SL y los usuarios, con renuncia expresa a cualquier otro fuero que pudiera corresponderles, se someten al de los juzgados y tribunales del domicilio del usuario para cualquier controversia que pudiera derivarse del acceso o uso de la web. En el caso de que el usuario tenga su domicilio fuera de Espa\u00f1a, AUSINCO SL y el usuario, se someten, con renuncia expresa a cualquier otro fuero, a los juzgados y tribunales del domicilio de Madrid.<\/p>\n<\/article>\n<header class=\"block-header block-header--border mt-5\">\n<h2 class=\"block-header__title\">Pol\u00edtica de Privacidad y Protecci\u00f3n de Datos<\/h2>\n<\/header>\n<article class=\"post\">\n<p>AUSINCO SL garantiza la protecci\u00f3n y confidencialidad de los datos personales, de cualquier tipo que nos proporcionen nuestras empresas clientes de acuerdo con lo dispuesto en el Reglamento General de Protecci\u00f3n de Datos de Car\u00e1cter Personal.<\/p>\n<p>Todos los datos facilitados por nuestras empresas clientes a AUSINCO SL o a su personal, ser\u00e1n incluidos en un fichero automatizado de datos de car\u00e1cter personal creado y mantenido bajo la responsabilidad de AUSINCO SL, imprescindibles para prestar los servicios solicitados por los usuarios.<\/p>\n<p>Los datos facilitados ser\u00e1n tratados en los t\u00e9rminos establecidos en el Reglamento General de Protecci\u00f3n de Datos de Car\u00e1cter Personal, en este sentido AUSINCO SL ha adoptado los niveles de protecci\u00f3n que legalmente se exigen, y ha instalado todas las medidas t\u00e9cnicas a su alcance para evitar la p\u00e9rdida, mal uso, alteraci\u00f3n, acceso no autorizado por terceros. No obstante, el usuario debe ser consciente de que las medidas de seguridad en Internet no son inexpugnables. En caso en que considere oportuno que se cedan sus datos de car\u00e1cter personal a otras entidades, el usuario ser\u00e1 informado de los datos cedidos, de la finalidad del fichero y del nombre y direcci\u00f3n del cesionario, para que de su consentimiento inequ\u00edvoco al respecto.<\/p>\n<p>La finalidad del tratamiento de datos personales es la que se indica en cada formulario presente en la web, pero de forma general ser\u00e1:<\/p>\n<ul>\n<li>La respuesta ante las solicitudes, dudas y consultas que nos hagan llegar.<\/li>\n<li>El env\u00edo de Newsletter de Apartosuites Jardines de Sabatini.<\/li>\n<li>El env\u00edo de publicidad, comunicaciones comerciales, promociones y ofertas.<\/li>\n<\/ul>\n<p>En cumplimiento de lo establecido en el RGPD, el usuario podr\u00e1 ejercer sus derechos de acceso, rectificaci\u00f3n, cancelaci\u00f3n\/supresi\u00f3n, oposici\u00f3n, limitaci\u00f3n o portabilidad. Para ello debe de contactar con nosotros en Cuesta de San Vicente 16. 28008, Madrid.<\/p>\n<p>Con objeto de garantizar el cumplimiento de la normativa sobre protecci\u00f3n de datos de car\u00e1cter personal, AUSINCO SL ha recibido los servicios de consultor\u00eda y asesoramiento por parte de <a href=\"\/\/www.clickdatos.es\" target=\"_blank\">www.clickdatos.es<\/a><\/p>\n<\/article><\/div>\n<\/p><\/div>\n","protected":false},"excerpt":{"rendered":"<p>Aviso Legal El presente Aviso Legal regula las condiciones generales de acceso y utilizaci\u00f3n del sitio web accesible en la direcci\u00f3n www.jardinesdesabatini.com (en adelante, el sitio web), que AUSINCO SL pone a disposici\u00f3n de los usuarios de Internet. La utilizaci\u00f3n del sitio web implica la aceptaci\u00f3n plena y sin reservas de todas y cada una [&hellip;]<\/p>\n","protected":false},"author":1,"featured_media":0,"parent":0,"menu_order":0,"comment_status":"closed","ping_status":"closed","template":"template-wifi.php","meta":{"_joinchat":[]},"yoast_head":"<!-- This site is optimized with the Yoast SEO plugin v20.13 - https:\/\/yoast.com\/wordpress\/plugins\/seo\/ -->\n<title>Privacy policy |<\/title>\n<meta name=\"description\" content=\"La pol\u00edtica de privacidad del hotel Jardines de Sabatini. Aviso Legal, Titularidad del sitio web, acceso y utilizaci\u00f3n de la web\" \/>\n<meta name=\"robots\" content=\"index, follow, max-snippet:-1, max-image-preview:large, max-video-preview:-1\" \/>\n<link rel=\"canonical\" href=\"https:\/\/www.jardinesdesabatini.com\/en\/privacy-policy\/\" \/>\n<meta property=\"og:locale\" content=\"en_US\" \/>\n<meta property=\"og:type\" content=\"article\" \/>\n<meta property=\"og:title\" content=\"Privacy policy |\" \/>\n<meta property=\"og:description\" content=\"La pol\u00edtica de privacidad del hotel Jardines de Sabatini. Aviso Legal, Titularidad del sitio web, acceso y utilizaci\u00f3n de la web\" \/>\n<meta property=\"og:url\" content=\"https:\/\/www.jardinesdesabatini.com\/en\/privacy-policy\/\" \/>\n<meta property=\"article:publisher\" content=\"https:\/\/www.facebook.com\/HotelJardinesDeSabatini\/\" \/>\n<meta property=\"article:modified_time\" content=\"2019-04-16T08:08:09+00:00\" \/>\n<meta name=\"twitter:card\" content=\"summary_large_image\" \/>\n<meta name=\"twitter:label1\" content=\"Est. reading time\" \/>\n\t<meta name=\"twitter:data1\" content=\"7 minutes\" \/>\n<script type=\"application\/ld+json\" class=\"yoast-schema-graph\">{\"@context\":\"https:\/\/schema.org\",\"@graph\":[{\"@type\":\"WebPage\",\"@id\":\"https:\/\/www.jardinesdesabatini.com\/en\/privacy-policy\/\",\"url\":\"https:\/\/www.jardinesdesabatini.com\/en\/privacy-policy\/\",\"name\":\"Privacy policy |\",\"isPartOf\":{\"@id\":\"https:\/\/www.jardinesdesabatini.com\/en\/#website\"},\"datePublished\":\"2016-11-28T18:09:37+00:00\",\"dateModified\":\"2019-04-16T08:08:09+00:00\",\"description\":\"La pol\u00edtica de privacidad del hotel Jardines de Sabatini. Aviso Legal, Titularidad del sitio web, acceso y utilizaci\u00f3n de la web\",\"breadcrumb\":{\"@id\":\"https:\/\/www.jardinesdesabatini.com\/en\/privacy-policy\/#breadcrumb\"},\"inLanguage\":\"en-US\",\"potentialAction\":[{\"@type\":\"ReadAction\",\"target\":[\"https:\/\/www.jardinesdesabatini.com\/en\/privacy-policy\/\"]}]},{\"@type\":\"BreadcrumbList\",\"@id\":\"https:\/\/www.jardinesdesabatini.com\/en\/privacy-policy\/#breadcrumb\",\"itemListElement\":[{\"@type\":\"ListItem\",\"position\":1,\"name\":\"Portada\",\"item\":\"https:\/\/www.jardinesdesabatini.com\/en\/\"},{\"@type\":\"ListItem\",\"position\":2,\"name\":\"Privacy policy\"}]},{\"@type\":\"WebSite\",\"@id\":\"https:\/\/www.jardinesdesabatini.com\/en\/#website\",\"url\":\"https:\/\/www.jardinesdesabatini.com\/en\/\",\"name\":\"\",\"description\":\"Alojamiento en Madrid\",\"publisher\":{\"@id\":\"https:\/\/www.jardinesdesabatini.com\/en\/#organization\"},\"potentialAction\":[{\"@type\":\"SearchAction\",\"target\":{\"@type\":\"EntryPoint\",\"urlTemplate\":\"https:\/\/www.jardinesdesabatini.com\/en\/?s={search_term_string}\"},\"query-input\":\"required name=search_term_string\"}],\"inLanguage\":\"en-US\"},{\"@type\":\"Organization\",\"@id\":\"https:\/\/www.jardinesdesabatini.com\/en\/#organization\",\"name\":\"Jardines de Sabatini Apartosuites\",\"url\":\"https:\/\/www.jardinesdesabatini.com\/en\/\",\"logo\":{\"@type\":\"ImageObject\",\"inLanguage\":\"en-US\",\"@id\":\"https:\/\/www.jardinesdesabatini.com\/en\/#\/schema\/logo\/image\/\",\"url\":\"https:\/\/www.jardinesdesabatini.com\/wp-content\/uploads\/2016\/11\/Logo-Verde.png\",\"contentUrl\":\"https:\/\/www.jardinesdesabatini.com\/wp-content\/uploads\/2016\/11\/Logo-Verde.png\",\"width\":500,\"height\":310,\"caption\":\"Jardines de Sabatini Apartosuites\"},\"image\":{\"@id\":\"https:\/\/www.jardinesdesabatini.com\/en\/#\/schema\/logo\/image\/\"},\"sameAs\":[\"https:\/\/www.facebook.com\/HotelJardinesDeSabatini\/\",\"https:\/\/www.instagram.com\/hotelsabatini\/\",\"https:\/\/www.linkedin.com\/company\/apartosuites-jardines-de-sabatini\",\"https:\/\/www.youtube.com\/user\/ApartosuitesJdeS\"]}]}<\/script>\n<!-- \/ Yoast SEO plugin. -->","yoast_head_json":{"title":"Privacy policy |","description":"La pol\u00edtica de privacidad del hotel Jardines de Sabatini. Aviso Legal, Titularidad del sitio web, acceso y utilizaci\u00f3n de la web","robots":{"index":"index","follow":"follow","max-snippet":"max-snippet:-1","max-image-preview":"max-image-preview:large","max-video-preview":"max-video-preview:-1"},"canonical":"https:\/\/www.jardinesdesabatini.com\/en\/privacy-policy\/","og_locale":"en_US","og_type":"article","og_title":"Privacy policy |","og_description":"La pol\u00edtica de privacidad del hotel Jardines de Sabatini. Aviso Legal, Titularidad del sitio web, acceso y utilizaci\u00f3n de la web","og_url":"https:\/\/www.jardinesdesabatini.com\/en\/privacy-policy\/","article_publisher":"https:\/\/www.facebook.com\/HotelJardinesDeSabatini\/","article_modified_time":"2019-04-16T08:08:09+00:00","twitter_card":"summary_large_image","twitter_misc":{"Est. reading time":"7 minutes"},"schema":{"@context":"https:\/\/schema.org","@graph":[{"@type":"WebPage","@id":"https:\/\/www.jardinesdesabatini.com\/en\/privacy-policy\/","url":"https:\/\/www.jardinesdesabatini.com\/en\/privacy-policy\/","name":"Privacy policy |","isPartOf":{"@id":"https:\/\/www.jardinesdesabatini.com\/en\/#website"},"datePublished":"2016-11-28T18:09:37+00:00","dateModified":"2019-04-16T08:08:09+00:00","description":"La pol\u00edtica de privacidad del hotel Jardines de Sabatini. Aviso Legal, Titularidad del sitio web, acceso y utilizaci\u00f3n de la web","breadcrumb":{"@id":"https:\/\/www.jardinesdesabatini.com\/en\/privacy-policy\/#breadcrumb"},"inLanguage":"en-US","potentialAction":[{"@type":"ReadAction","target":["https:\/\/www.jardinesdesabatini.com\/en\/privacy-policy\/"]}]},{"@type":"BreadcrumbList","@id":"https:\/\/www.jardinesdesabatini.com\/en\/privacy-policy\/#breadcrumb","itemListElement":[{"@type":"ListItem","position":1,"name":"Portada","item":"https:\/\/www.jardinesdesabatini.com\/en\/"},{"@type":"ListItem","position":2,"name":"Privacy policy"}]},{"@type":"WebSite","@id":"https:\/\/www.jardinesdesabatini.com\/en\/#website","url":"https:\/\/www.jardinesdesabatini.com\/en\/","name":"","description":"Alojamiento en Madrid","publisher":{"@id":"https:\/\/www.jardinesdesabatini.com\/en\/#organization"},"potentialAction":[{"@type":"SearchAction","target":{"@type":"EntryPoint","urlTemplate":"https:\/\/www.jardinesdesabatini.com\/en\/?s={search_term_string}"},"query-input":"required name=search_term_string"}],"inLanguage":"en-US"},{"@type":"Organization","@id":"https:\/\/www.jardinesdesabatini.com\/en\/#organization","name":"Jardines de Sabatini Apartosuites","url":"https:\/\/www.jardinesdesabatini.com\/en\/","logo":{"@type":"ImageObject","inLanguage":"en-US","@id":"https:\/\/www.jardinesdesabatini.com\/en\/#\/schema\/logo\/image\/","url":"https:\/\/www.jardinesdesabatini.com\/wp-content\/uploads\/2016\/11\/Logo-Verde.png","contentUrl":"https:\/\/www.jardinesdesabatini.com\/wp-content\/uploads\/2016\/11\/Logo-Verde.png","width":500,"height":310,"caption":"Jardines de Sabatini Apartosuites"},"image":{"@id":"https:\/\/www.jardinesdesabatini.com\/en\/#\/schema\/logo\/image\/"},"sameAs":["https:\/\/www.facebook.com\/HotelJardinesDeSabatini\/","https:\/\/www.instagram.com\/hotelsabatini\/","https:\/\/www.linkedin.com\/company\/apartosuites-jardines-de-sabatini","https:\/\/www.youtube.com\/user\/ApartosuitesJdeS"]}]}},"_links":{"self":[{"href":"https:\/\/www.jardinesdesabatini.com\/en\/wp-json\/wp\/v2\/pages\/3251"}],"collection":[{"href":"https:\/\/www.jardinesdesabatini.com\/en\/wp-json\/wp\/v2\/pages"}],"about":[{"href":"https:\/\/www.jardinesdesabatini.com\/en\/wp-json\/wp\/v2\/types\/page"}],"author":[{"embeddable":true,"href":"https:\/\/www.jardinesdesabatini.com\/en\/wp-json\/wp\/v2\/users\/1"}],"replies":[{"embeddable":true,"href":"https:\/\/www.jardinesdesabatini.com\/en\/wp-json\/wp\/v2\/comments?post=3251"}],"version-history":[{"count":2,"href":"https:\/\/www.jardinesdesabatini.com\/en\/wp-json\/wp\/v2\/pages\/3251\/revisions"}],"predecessor-version":[{"id":3254,"href":"https:\/\/www.jardinesdesabatini.com\/en\/wp-json\/wp\/v2\/pages\/3251\/revisions\/3254"}],"wp:attachment":[{"href":"https:\/\/www.jardinesdesabatini.com\/en\/wp-json\/wp\/v2\/media?parent=3251"}],"curies":[{"name":"wp","href":"https:\/\/api.w.org\/{rel}","templated":true}]}}