{"id":2358,"date":"2019-02-07T08:52:23","date_gmt":"2019-02-07T08:52:23","guid":{"rendered":"https:\/\/www.jardinesdesabatini.com\/?page_id=2358"},"modified":"2020-02-24T23:54:55","modified_gmt":"2020-02-24T23:54:55","slug":"avis-de-nos-clients","status":"publish","type":"page","link":"https:\/\/www.jardinesdesabatini.com\/fr\/aparthotel\/avis-de-nos-clients\/","title":{"rendered":"Avis des clients"},"content":{"rendered":"<div class=\"block block--fit block--big\">\n<div class=\"container\">\n<header class=\"block-header block-header--border\">\n<h2 class=\"block-header__title\">regardez l&rsquo;opinion de nos clients<\/h2>\n<\/header>\n<article class=\"post align-center\">\n<p>Nous \u00e9coutons nos clients et nous nous effor\u00e7ons chaque jour pour qu\u2019ils sont satisfaits de notre service et du traitement personnalis\u00e9 et de qu\u2019ils prennent un agr\u00e9able souvenir de leur s\u00e9jour \u00e0 ApartoSuites Jardines de Sabatini.<\/p>\n<p>Nos efforts sont r\u00e9compens\u00e9s par leurs commentaires qui nous montrent le chemin \u00e0 suivre chaque jour et comment am\u00e9liorer.<\/p>\n<\/article><\/div>\n<\/p><\/div>\n","protected":false},"excerpt":{"rendered":"<p>regardez l&rsquo;opinion de nos clients Nous \u00e9coutons nos clients et nous nous effor\u00e7ons chaque jour pour qu\u2019ils sont satisfaits de notre service et du traitement personnalis\u00e9 et de qu\u2019ils prennent un agr\u00e9able souvenir de leur s\u00e9jour \u00e0 ApartoSuites Jardines de Sabatini. Nos efforts sont r\u00e9compens\u00e9s par leurs commentaires qui nous montrent le chemin \u00e0 suivre [&hellip;]<\/p>\n","protected":false},"author":1,"featured_media":1047,"parent":2235,"menu_order":0,"comment_status":"closed","ping_status":"closed","template":"template-aparthotel-opiniones.php","meta":{"_joinchat":[]},"yoast_head":"<!-- This site is optimized with the Yoast SEO plugin v20.13 - https:\/\/yoast.com\/wordpress\/plugins\/seo\/ -->\n<title>Avis des clients | Apartosuites Jardines de Sabatini<\/title>\n<meta name=\"description\" content=\"Voulez-vous savoir ce que les clients pensent de nous? Entrez et d\u00e9couvrez tous les opinion des clients sur ApartoSuites Jardines Sabatini. Prix sp\u00e9ciaux ici\" \/>\n<meta name=\"robots\" content=\"index, follow, max-snippet:-1, max-image-preview:large, max-video-preview:-1\" \/>\n<link rel=\"canonical\" href=\"https:\/\/www.jardinesdesabatini.com\/fr\/aparthotel\/avis-de-nos-clients\/\" \/>\n<meta property=\"og:locale\" content=\"fr_FR\" \/>\n<meta property=\"og:type\" content=\"article\" \/>\n<meta property=\"og:title\" content=\"Avis des clients | Apartosuites Jardines de Sabatini\" \/>\n<meta property=\"og:description\" content=\"Voulez-vous savoir ce que les clients pensent de nous? Entrez et d\u00e9couvrez tous les opinion des clients sur ApartoSuites Jardines Sabatini. Prix sp\u00e9ciaux ici\" \/>\n<meta property=\"og:url\" content=\"https:\/\/www.jardinesdesabatini.com\/fr\/aparthotel\/avis-de-nos-clients\/\" \/>\n<meta property=\"article:publisher\" content=\"https:\/\/www.facebook.com\/HotelJardinesDeSabatini\/\" \/>\n<meta property=\"article:modified_time\" content=\"2020-02-24T23:54:55+00:00\" \/>\n<meta property=\"og:image\" content=\"https:\/\/www.jardinesdesabatini.com\/wp-content\/uploads\/2016\/11\/header-reviews-1.jpg\" \/>\n\t<meta property=\"og:image:width\" content=\"1920\" \/>\n\t<meta property=\"og:image:height\" content=\"700\" \/>\n\t<meta property=\"og:image:type\" content=\"image\/jpeg\" \/>\n<meta name=\"twitter:card\" content=\"summary_large_image\" \/>\n<script type=\"application\/ld+json\" class=\"yoast-schema-graph\">{\"@context\":\"https:\/\/schema.org\",\"@graph\":[{\"@type\":\"WebPage\",\"@id\":\"https:\/\/www.jardinesdesabatini.com\/fr\/aparthotel\/avis-de-nos-clients\/\",\"url\":\"https:\/\/www.jardinesdesabatini.com\/fr\/aparthotel\/avis-de-nos-clients\/\",\"name\":\"Avis des clients | Apartosuites Jardines de Sabatini\",\"isPartOf\":{\"@id\":\"https:\/\/www.jardinesdesabatini.com\/en\/#website\"},\"datePublished\":\"2019-02-07T08:52:23+00:00\",\"dateModified\":\"2020-02-24T23:54:55+00:00\",\"description\":\"Voulez-vous savoir ce que les clients pensent de nous? Entrez et d\u00e9couvrez tous les opinion des clients sur ApartoSuites Jardines Sabatini. Prix sp\u00e9ciaux ici\",\"breadcrumb\":{\"@id\":\"https:\/\/www.jardinesdesabatini.com\/fr\/aparthotel\/avis-de-nos-clients\/#breadcrumb\"},\"inLanguage\":\"fr-FR\",\"potentialAction\":[{\"@type\":\"ReadAction\",\"target\":[\"https:\/\/www.jardinesdesabatini.com\/fr\/aparthotel\/avis-de-nos-clients\/\"]}]},{\"@type\":\"BreadcrumbList\",\"@id\":\"https:\/\/www.jardinesdesabatini.com\/fr\/aparthotel\/avis-de-nos-clients\/#breadcrumb\",\"itemListElement\":[{\"@type\":\"ListItem\",\"position\":1,\"name\":\"Portada\",\"item\":\"https:\/\/www.jardinesdesabatini.com\/fr\/\"},{\"@type\":\"ListItem\",\"position\":2,\"name\":\"APPARTEMENTS &#038; H\u00d4TEL\",\"item\":\"https:\/\/www.jardinesdesabatini.com\/fr\/aparthotel\/\"},{\"@type\":\"ListItem\",\"position\":3,\"name\":\"Avis des clients\"}]},{\"@type\":\"WebSite\",\"@id\":\"https:\/\/www.jardinesdesabatini.com\/en\/#website\",\"url\":\"https:\/\/www.jardinesdesabatini.com\/en\/\",\"name\":\"\",\"description\":\"Alojamiento en Madrid\",\"publisher\":{\"@id\":\"https:\/\/www.jardinesdesabatini.com\/en\/#organization\"},\"potentialAction\":[{\"@type\":\"SearchAction\",\"target\":{\"@type\":\"EntryPoint\",\"urlTemplate\":\"https:\/\/www.jardinesdesabatini.com\/en\/?s={search_term_string}\"},\"query-input\":\"required name=search_term_string\"}],\"inLanguage\":\"fr-FR\"},{\"@type\":\"Organization\",\"@id\":\"https:\/\/www.jardinesdesabatini.com\/en\/#organization\",\"name\":\"Jardines de Sabatini Apartosuites\",\"url\":\"https:\/\/www.jardinesdesabatini.com\/en\/\",\"logo\":{\"@type\":\"ImageObject\",\"inLanguage\":\"fr-FR\",\"@id\":\"https:\/\/www.jardinesdesabatini.com\/en\/#\/schema\/logo\/image\/\",\"url\":\"https:\/\/www.jardinesdesabatini.com\/wp-content\/uploads\/2016\/11\/Logo-Verde.png\",\"contentUrl\":\"https:\/\/www.jardinesdesabatini.com\/wp-content\/uploads\/2016\/11\/Logo-Verde.png\",\"width\":500,\"height\":310,\"caption\":\"Jardines de Sabatini Apartosuites\"},\"image\":{\"@id\":\"https:\/\/www.jardinesdesabatini.com\/en\/#\/schema\/logo\/image\/\"},\"sameAs\":[\"https:\/\/www.facebook.com\/HotelJardinesDeSabatini\/\",\"https:\/\/www.instagram.com\/hotelsabatini\/\",\"https:\/\/www.linkedin.com\/company\/apartosuites-jardines-de-sabatini\",\"https:\/\/www.youtube.com\/user\/ApartosuitesJdeS\"]}]}<\/script>\n<!-- \/ Yoast SEO plugin. -->","yoast_head_json":{"title":"Avis des clients | Apartosuites Jardines de Sabatini","description":"Voulez-vous savoir ce que les clients pensent de nous? Entrez et d\u00e9couvrez tous les opinion des clients sur ApartoSuites Jardines Sabatini. Prix sp\u00e9ciaux ici","robots":{"index":"index","follow":"follow","max-snippet":"max-snippet:-1","max-image-preview":"max-image-preview:large","max-video-preview":"max-video-preview:-1"},"canonical":"https:\/\/www.jardinesdesabatini.com\/fr\/aparthotel\/avis-de-nos-clients\/","og_locale":"fr_FR","og_type":"article","og_title":"Avis des clients | Apartosuites Jardines de Sabatini","og_description":"Voulez-vous savoir ce que les clients pensent de nous? Entrez et d\u00e9couvrez tous les opinion des clients sur ApartoSuites Jardines Sabatini. Prix sp\u00e9ciaux ici","og_url":"https:\/\/www.jardinesdesabatini.com\/fr\/aparthotel\/avis-de-nos-clients\/","article_publisher":"https:\/\/www.facebook.com\/HotelJardinesDeSabatini\/","article_modified_time":"2020-02-24T23:54:55+00:00","og_image":[{"width":1920,"height":700,"url":"https:\/\/www.jardinesdesabatini.com\/wp-content\/uploads\/2016\/11\/header-reviews-1.jpg","type":"image\/jpeg"}],"twitter_card":"summary_large_image","schema":{"@context":"https:\/\/schema.org","@graph":[{"@type":"WebPage","@id":"https:\/\/www.jardinesdesabatini.com\/fr\/aparthotel\/avis-de-nos-clients\/","url":"https:\/\/www.jardinesdesabatini.com\/fr\/aparthotel\/avis-de-nos-clients\/","name":"Avis des clients | Apartosuites Jardines de Sabatini","isPartOf":{"@id":"https:\/\/www.jardinesdesabatini.com\/en\/#website"},"datePublished":"2019-02-07T08:52:23+00:00","dateModified":"2020-02-24T23:54:55+00:00","description":"Voulez-vous savoir ce que les clients pensent de nous? Entrez et d\u00e9couvrez tous les opinion des clients sur ApartoSuites Jardines Sabatini. Prix sp\u00e9ciaux ici","breadcrumb":{"@id":"https:\/\/www.jardinesdesabatini.com\/fr\/aparthotel\/avis-de-nos-clients\/#breadcrumb"},"inLanguage":"fr-FR","potentialAction":[{"@type":"ReadAction","target":["https:\/\/www.jardinesdesabatini.com\/fr\/aparthotel\/avis-de-nos-clients\/"]}]},{"@type":"BreadcrumbList","@id":"https:\/\/www.jardinesdesabatini.com\/fr\/aparthotel\/avis-de-nos-clients\/#breadcrumb","itemListElement":[{"@type":"ListItem","position":1,"name":"Portada","item":"https:\/\/www.jardinesdesabatini.com\/fr\/"},{"@type":"ListItem","position":2,"name":"APPARTEMENTS &#038; H\u00d4TEL","item":"https:\/\/www.jardinesdesabatini.com\/fr\/aparthotel\/"},{"@type":"ListItem","position":3,"name":"Avis des clients"}]},{"@type":"WebSite","@id":"https:\/\/www.jardinesdesabatini.com\/en\/#website","url":"https:\/\/www.jardinesdesabatini.com\/en\/","name":"","description":"Alojamiento en Madrid","publisher":{"@id":"https:\/\/www.jardinesdesabatini.com\/en\/#organization"},"potentialAction":[{"@type":"SearchAction","target":{"@type":"EntryPoint","urlTemplate":"https:\/\/www.jardinesdesabatini.com\/en\/?s={search_term_string}"},"query-input":"required name=search_term_string"}],"inLanguage":"fr-FR"},{"@type":"Organization","@id":"https:\/\/www.jardinesdesabatini.com\/en\/#organization","name":"Jardines de Sabatini Apartosuites","url":"https:\/\/www.jardinesdesabatini.com\/en\/","logo":{"@type":"ImageObject","inLanguage":"fr-FR","@id":"https:\/\/www.jardinesdesabatini.com\/en\/#\/schema\/logo\/image\/","url":"https:\/\/www.jardinesdesabatini.com\/wp-content\/uploads\/2016\/11\/Logo-Verde.png","contentUrl":"https:\/\/www.jardinesdesabatini.com\/wp-content\/uploads\/2016\/11\/Logo-Verde.png","width":500,"height":310,"caption":"Jardines de Sabatini Apartosuites"},"image":{"@id":"https:\/\/www.jardinesdesabatini.com\/en\/#\/schema\/logo\/image\/"},"sameAs":["https:\/\/www.facebook.com\/HotelJardinesDeSabatini\/","https:\/\/www.instagram.com\/hotelsabatini\/","https:\/\/www.linkedin.com\/company\/apartosuites-jardines-de-sabatini","https:\/\/www.youtube.com\/user\/ApartosuitesJdeS"]}]}},"_links":{"self":[{"href":"https:\/\/www.jardinesdesabatini.com\/fr\/wp-json\/wp\/v2\/pages\/2358"}],"collection":[{"href":"https:\/\/www.jardinesdesabatini.com\/fr\/wp-json\/wp\/v2\/pages"}],"about":[{"href":"https:\/\/www.jardinesdesabatini.com\/fr\/wp-json\/wp\/v2\/types\/page"}],"author":[{"embeddable":true,"href":"https:\/\/www.jardinesdesabatini.com\/fr\/wp-json\/wp\/v2\/users\/1"}],"replies":[{"embeddable":true,"href":"https:\/\/www.jardinesdesabatini.com\/fr\/wp-json\/wp\/v2\/comments?post=2358"}],"version-history":[{"count":7,"href":"https:\/\/www.jardinesdesabatini.com\/fr\/wp-json\/wp\/v2\/pages\/2358\/revisions"}],"predecessor-version":[{"id":4882,"href":"https:\/\/www.jardinesdesabatini.com\/fr\/wp-json\/wp\/v2\/pages\/2358\/revisions\/4882"}],"up":[{"embeddable":true,"href":"https:\/\/www.jardinesdesabatini.com\/fr\/wp-json\/wp\/v2\/pages\/2235"}],"wp:featuredmedia":[{"embeddable":true,"href":"https:\/\/www.jardinesdesabatini.com\/fr\/wp-json\/wp\/v2\/media\/1047"}],"wp:attachment":[{"href":"https:\/\/www.jardinesdesabatini.com\/fr\/wp-json\/wp\/v2\/media?parent=2358"}],"curies":[{"name":"wp","href":"https:\/\/api.w.org\/{rel}","templated":true}]}}