{"id":2452,"date":"2019-02-07T17:03:06","date_gmt":"2019-02-07T17:03:06","guid":{"rendered":"https:\/\/www.jardinesdesabatini.com\/?page_id=2452"},"modified":"2020-03-03T23:49:33","modified_gmt":"2020-03-03T23:49:33","slug":"terrasse-de-sabatini","status":"publish","type":"page","link":"https:\/\/www.jardinesdesabatini.com\/fr\/terrasse-de-sabatini\/","title":{"rendered":"Terrasse de Sabatini"},"content":{"rendered":"<div class=\"block block--fit block--big\">\n<div class=\"container\">\n<header class=\"block-header block-header--border\">\n<h2 class=\"block-header__title\">PROFITEZ-VOUS DE LA TERRASSE AVEC LES MEILLEURES VUES DU PALAIS ROYAL DE MADRID<\/h2>\n<\/header>\n<article class=\"post align-center\">Au sommet de l\u2019h\u00f4tel vous trouverez notre secret le mieux gard\u00e9, notre terrasse-solarium. Une place unique pour profiter des vues plus spectaculaires du Palais Royal et des couchers de soleil plus magiques de Madrid vers le Temple Debod.<br \/>\nDe mai \u00e0 septembre, relaxez-vous dans notre atmosph\u00e8re Chill-out et profitez de l&rsquo;\u00e9t\u00e9 de Madrid avec notre menu de cocktails et de boissons.<\/p>\n<p>Pour obtenir des renseignements ou consulter les horaires d&rsquo;ouverture:<\/p>\n<\/article>\n<footer class=\"terraza-booking\">\n<div class=\"phone\"><i class=\"seres-icon seres-icon--phone\"><\/i><br \/>\n<a class=\"phone__link\" title=\"+34 91 542 59 00\" href=\"tel:+34915425900\">+34 91 542 59 00<\/a><\/div>\n<p><!--<a href=\"http:\/\/terrazasabatini.com\/reservas\/\" target=\"_blank\" class=\"btn btn--green btn--inline btn--maw\" title=\"R\u00c9SERVER UNE TABLE\" rel=\"noopener noreferrer\">R\u00c9SERVER UNE TABLE<\/a>--><\/p>\n<\/footer>\n<\/div>\n<\/div>\n<figure class=\"feat-full feat-full--simple\" style=\"background-image: url('https:\/\/www.jardinesdesabatini.com\/wp-content\/uploads\/2016\/11\/Terraza-vistas-a-Palacio-Real-globos.jpg');\">\n<div class=\"feat-full__col feat-full__col--secondary\">\n<hgroup class=\"feat__body\">\n<h2 class=\"feat__body-title\">ACCESSIBLE TOUTE L&rsquo;ANN\u00c9E QUE POUR LES CLIENTS DE L&rsquo;H\u00d4TEL<\/h2>\n<h5 class=\"feat__body-desc\">Acc\u00e8s de <strong><em>10 H \u00e0 22 H<\/em><\/strong><\/h5>\n<\/hgroup>\n<\/div>\n<\/figure>\n<figure class=\"feat-full feat-full--reverse feat-full--simple\" style=\"background-image: url('https:\/\/www.jardinesdesabatini.com\/wp-content\/themes\/sabatini\/images\/terraza\/feat\/feat-2.jpg');\">\n<div class=\"feat-full__col feat-full__col--secondary\">\n<article class=\"feat__body\">\n<h2 class=\"feat__body-title\">SERVICE DE BAR COCKTAIL AU PRINTEMPS ET EN \u00c9T\u00c9<\/h2>\n<h5 class=\"feat__body-desc\">Ouvert de mai \u00e0 septembre (voir horaires)<\/h5>\n<p><!--<a href=\"http:\/\/terrazasabatini.com\/reservas\/\" target=\"_blank\" class=\"feat-booking-btn mt-3 btn btn--green btn--inline btn--maw\" title=\"RESERVER UNE TABLE\" rel=\"noopener noreferrer\">RESERVER UNE TABLE<\/a>--><\/p>\n<\/article>\n<\/div>\n<\/figure>\n<div class=\"block block--big no-pb\">\n<div class=\"container\">\n<header class=\"block-header block-header--border\">\n<h2 class=\"block-header__title\">L&rsquo;endroit ideal pour celebrer votre evenement exclusif<\/h2>\n<\/header>\n<article class=\"post align-center\">Non seulement il est l&rsquo;une des meilleures terrasses de Madrid, mais c&rsquo;est l&rsquo;endroit id\u00e9al pour c\u00e9l\u00e9brer votre \u00e9v\u00e9nement d&rsquo;affaires ou de c\u00e9l\u00e9bration priv\u00e9e. Profitez des meilleurs couchers de soleil de Madrid en face du Palais Royal dans un endroit unique.<\/article>\n<footer class=\"block-museo-contact\">\n<h3 class=\"block-museo-contact__title\">Voulez-vous c\u00e9l\u00e9brer votre \u00e9v\u00e8nement sur notre Terrasse?<\/h3>\n<p><a class=\"block-museo-contact__btn btn btn--border-dark\" title=\"CONTACTEZ AVEC NOUS\" href=\"https:\/\/www.jardinesdesabatini.com\/eventos#new-event\">CONTACTEZ AVEC NOUS<\/a><\/p>\n<\/footer>\n<\/div>\n<\/div>\n","protected":false},"excerpt":{"rendered":"<p>PROFITEZ-VOUS DE LA TERRASSE AVEC LES MEILLEURES VUES DU PALAIS ROYAL DE MADRID Au sommet de l\u2019h\u00f4tel vous trouverez notre secret le mieux gard\u00e9, notre terrasse-solarium. Une place unique pour profiter des vues plus spectaculaires du Palais Royal et des couchers de soleil plus magiques de Madrid vers le Temple Debod. De mai \u00e0 septembre, [&hellip;]<\/p>\n","protected":false},"author":1,"featured_media":4277,"parent":0,"menu_order":0,"comment_status":"closed","ping_status":"closed","template":"template-terraza.php","meta":{"_joinchat":[]},"yoast_head":"<!-- This site is optimized with the Yoast SEO plugin v20.13 - https:\/\/yoast.com\/wordpress\/plugins\/seo\/ -->\n<title>Terrasse de Sabatini | Apartosuites Jardines de Sabatini Madrid<\/title>\n<meta name=\"description\" content=\"Profitez-vous des meilleures vues du Palais Royal de Madrid sur notre terrasse de Sabatini \ud83d\ude0e. Plus d&#039;infos sur notre site.\" \/>\n<meta name=\"robots\" content=\"index, follow, max-snippet:-1, max-image-preview:large, max-video-preview:-1\" \/>\n<link rel=\"canonical\" href=\"https:\/\/www.jardinesdesabatini.com\/fr\/terrasse-de-sabatini\/\" \/>\n<meta property=\"og:locale\" content=\"fr_FR\" \/>\n<meta property=\"og:type\" content=\"article\" \/>\n<meta property=\"og:title\" content=\"Terrasse de Sabatini | Apartosuites Jardines de Sabatini Madrid\" \/>\n<meta property=\"og:description\" content=\"Profitez-vous des meilleures vues du Palais Royal de Madrid sur notre terrasse de Sabatini \ud83d\ude0e. Plus d&#039;infos sur notre site.\" \/>\n<meta property=\"og:url\" content=\"https:\/\/www.jardinesdesabatini.com\/fr\/terrasse-de-sabatini\/\" \/>\n<meta property=\"article:publisher\" content=\"https:\/\/www.facebook.com\/HotelJardinesDeSabatini\/\" \/>\n<meta property=\"article:modified_time\" content=\"2020-03-03T23:49:33+00:00\" \/>\n<meta property=\"og:image\" content=\"https:\/\/www.jardinesdesabatini.com\/wp-content\/uploads\/2019\/11\/0.2-Terraza-de-Sabatini-Vistas-al-Palacio-Real.jpg\" \/>\n\t<meta property=\"og:image:width\" content=\"1000\" \/>\n\t<meta property=\"og:image:height\" content=\"665\" \/>\n\t<meta property=\"og:image:type\" content=\"image\/jpeg\" \/>\n<meta name=\"twitter:card\" content=\"summary_large_image\" \/>\n<meta name=\"twitter:label1\" content=\"Dur\u00e9e de lecture estim\u00e9e\" \/>\n\t<meta name=\"twitter:data1\" content=\"1 minute\" \/>\n<script type=\"application\/ld+json\" class=\"yoast-schema-graph\">{\"@context\":\"https:\/\/schema.org\",\"@graph\":[{\"@type\":\"WebPage\",\"@id\":\"https:\/\/www.jardinesdesabatini.com\/fr\/terrasse-de-sabatini\/\",\"url\":\"https:\/\/www.jardinesdesabatini.com\/fr\/terrasse-de-sabatini\/\",\"name\":\"Terrasse de Sabatini | Apartosuites Jardines de Sabatini Madrid\",\"isPartOf\":{\"@id\":\"https:\/\/www.jardinesdesabatini.com\/en\/#website\"},\"datePublished\":\"2019-02-07T17:03:06+00:00\",\"dateModified\":\"2020-03-03T23:49:33+00:00\",\"description\":\"Profitez-vous des meilleures vues du Palais Royal de Madrid sur notre terrasse de Sabatini \ud83d\ude0e. Plus d'infos sur notre site.\",\"breadcrumb\":{\"@id\":\"https:\/\/www.jardinesdesabatini.com\/fr\/terrasse-de-sabatini\/#breadcrumb\"},\"inLanguage\":\"fr-FR\",\"potentialAction\":[{\"@type\":\"ReadAction\",\"target\":[\"https:\/\/www.jardinesdesabatini.com\/fr\/terrasse-de-sabatini\/\"]}]},{\"@type\":\"BreadcrumbList\",\"@id\":\"https:\/\/www.jardinesdesabatini.com\/fr\/terrasse-de-sabatini\/#breadcrumb\",\"itemListElement\":[{\"@type\":\"ListItem\",\"position\":1,\"name\":\"Portada\",\"item\":\"https:\/\/www.jardinesdesabatini.com\/fr\/\"},{\"@type\":\"ListItem\",\"position\":2,\"name\":\"Terrasse de Sabatini\"}]},{\"@type\":\"WebSite\",\"@id\":\"https:\/\/www.jardinesdesabatini.com\/en\/#website\",\"url\":\"https:\/\/www.jardinesdesabatini.com\/en\/\",\"name\":\"\",\"description\":\"Alojamiento en Madrid\",\"publisher\":{\"@id\":\"https:\/\/www.jardinesdesabatini.com\/en\/#organization\"},\"potentialAction\":[{\"@type\":\"SearchAction\",\"target\":{\"@type\":\"EntryPoint\",\"urlTemplate\":\"https:\/\/www.jardinesdesabatini.com\/en\/?s={search_term_string}\"},\"query-input\":\"required name=search_term_string\"}],\"inLanguage\":\"fr-FR\"},{\"@type\":\"Organization\",\"@id\":\"https:\/\/www.jardinesdesabatini.com\/en\/#organization\",\"name\":\"Jardines de Sabatini Apartosuites\",\"url\":\"https:\/\/www.jardinesdesabatini.com\/en\/\",\"logo\":{\"@type\":\"ImageObject\",\"inLanguage\":\"fr-FR\",\"@id\":\"https:\/\/www.jardinesdesabatini.com\/en\/#\/schema\/logo\/image\/\",\"url\":\"https:\/\/www.jardinesdesabatini.com\/wp-content\/uploads\/2016\/11\/Logo-Verde.png\",\"contentUrl\":\"https:\/\/www.jardinesdesabatini.com\/wp-content\/uploads\/2016\/11\/Logo-Verde.png\",\"width\":500,\"height\":310,\"caption\":\"Jardines de Sabatini Apartosuites\"},\"image\":{\"@id\":\"https:\/\/www.jardinesdesabatini.com\/en\/#\/schema\/logo\/image\/\"},\"sameAs\":[\"https:\/\/www.facebook.com\/HotelJardinesDeSabatini\/\",\"https:\/\/www.instagram.com\/hotelsabatini\/\",\"https:\/\/www.linkedin.com\/company\/apartosuites-jardines-de-sabatini\",\"https:\/\/www.youtube.com\/user\/ApartosuitesJdeS\"]}]}<\/script>\n<!-- \/ Yoast SEO plugin. -->","yoast_head_json":{"title":"Terrasse de Sabatini | Apartosuites Jardines de Sabatini Madrid","description":"Profitez-vous des meilleures vues du Palais Royal de Madrid sur notre terrasse de Sabatini \ud83d\ude0e. Plus d'infos sur notre site.","robots":{"index":"index","follow":"follow","max-snippet":"max-snippet:-1","max-image-preview":"max-image-preview:large","max-video-preview":"max-video-preview:-1"},"canonical":"https:\/\/www.jardinesdesabatini.com\/fr\/terrasse-de-sabatini\/","og_locale":"fr_FR","og_type":"article","og_title":"Terrasse de Sabatini | Apartosuites Jardines de Sabatini Madrid","og_description":"Profitez-vous des meilleures vues du Palais Royal de Madrid sur notre terrasse de Sabatini \ud83d\ude0e. Plus d'infos sur notre site.","og_url":"https:\/\/www.jardinesdesabatini.com\/fr\/terrasse-de-sabatini\/","article_publisher":"https:\/\/www.facebook.com\/HotelJardinesDeSabatini\/","article_modified_time":"2020-03-03T23:49:33+00:00","og_image":[{"width":1000,"height":665,"url":"https:\/\/www.jardinesdesabatini.com\/wp-content\/uploads\/2019\/11\/0.2-Terraza-de-Sabatini-Vistas-al-Palacio-Real.jpg","type":"image\/jpeg"}],"twitter_card":"summary_large_image","twitter_misc":{"Dur\u00e9e de lecture estim\u00e9e":"1 minute"},"schema":{"@context":"https:\/\/schema.org","@graph":[{"@type":"WebPage","@id":"https:\/\/www.jardinesdesabatini.com\/fr\/terrasse-de-sabatini\/","url":"https:\/\/www.jardinesdesabatini.com\/fr\/terrasse-de-sabatini\/","name":"Terrasse de Sabatini | Apartosuites Jardines de Sabatini Madrid","isPartOf":{"@id":"https:\/\/www.jardinesdesabatini.com\/en\/#website"},"datePublished":"2019-02-07T17:03:06+00:00","dateModified":"2020-03-03T23:49:33+00:00","description":"Profitez-vous des meilleures vues du Palais Royal de Madrid sur notre terrasse de Sabatini \ud83d\ude0e. Plus d'infos sur notre site.","breadcrumb":{"@id":"https:\/\/www.jardinesdesabatini.com\/fr\/terrasse-de-sabatini\/#breadcrumb"},"inLanguage":"fr-FR","potentialAction":[{"@type":"ReadAction","target":["https:\/\/www.jardinesdesabatini.com\/fr\/terrasse-de-sabatini\/"]}]},{"@type":"BreadcrumbList","@id":"https:\/\/www.jardinesdesabatini.com\/fr\/terrasse-de-sabatini\/#breadcrumb","itemListElement":[{"@type":"ListItem","position":1,"name":"Portada","item":"https:\/\/www.jardinesdesabatini.com\/fr\/"},{"@type":"ListItem","position":2,"name":"Terrasse de Sabatini"}]},{"@type":"WebSite","@id":"https:\/\/www.jardinesdesabatini.com\/en\/#website","url":"https:\/\/www.jardinesdesabatini.com\/en\/","name":"","description":"Alojamiento en Madrid","publisher":{"@id":"https:\/\/www.jardinesdesabatini.com\/en\/#organization"},"potentialAction":[{"@type":"SearchAction","target":{"@type":"EntryPoint","urlTemplate":"https:\/\/www.jardinesdesabatini.com\/en\/?s={search_term_string}"},"query-input":"required name=search_term_string"}],"inLanguage":"fr-FR"},{"@type":"Organization","@id":"https:\/\/www.jardinesdesabatini.com\/en\/#organization","name":"Jardines de Sabatini Apartosuites","url":"https:\/\/www.jardinesdesabatini.com\/en\/","logo":{"@type":"ImageObject","inLanguage":"fr-FR","@id":"https:\/\/www.jardinesdesabatini.com\/en\/#\/schema\/logo\/image\/","url":"https:\/\/www.jardinesdesabatini.com\/wp-content\/uploads\/2016\/11\/Logo-Verde.png","contentUrl":"https:\/\/www.jardinesdesabatini.com\/wp-content\/uploads\/2016\/11\/Logo-Verde.png","width":500,"height":310,"caption":"Jardines de Sabatini Apartosuites"},"image":{"@id":"https:\/\/www.jardinesdesabatini.com\/en\/#\/schema\/logo\/image\/"},"sameAs":["https:\/\/www.facebook.com\/HotelJardinesDeSabatini\/","https:\/\/www.instagram.com\/hotelsabatini\/","https:\/\/www.linkedin.com\/company\/apartosuites-jardines-de-sabatini","https:\/\/www.youtube.com\/user\/ApartosuitesJdeS"]}]}},"_links":{"self":[{"href":"https:\/\/www.jardinesdesabatini.com\/fr\/wp-json\/wp\/v2\/pages\/2452"}],"collection":[{"href":"https:\/\/www.jardinesdesabatini.com\/fr\/wp-json\/wp\/v2\/pages"}],"about":[{"href":"https:\/\/www.jardinesdesabatini.com\/fr\/wp-json\/wp\/v2\/types\/page"}],"author":[{"embeddable":true,"href":"https:\/\/www.jardinesdesabatini.com\/fr\/wp-json\/wp\/v2\/users\/1"}],"replies":[{"embeddable":true,"href":"https:\/\/www.jardinesdesabatini.com\/fr\/wp-json\/wp\/v2\/comments?post=2452"}],"version-history":[{"count":14,"href":"https:\/\/www.jardinesdesabatini.com\/fr\/wp-json\/wp\/v2\/pages\/2452\/revisions"}],"predecessor-version":[{"id":4953,"href":"https:\/\/www.jardinesdesabatini.com\/fr\/wp-json\/wp\/v2\/pages\/2452\/revisions\/4953"}],"wp:featuredmedia":[{"embeddable":true,"href":"https:\/\/www.jardinesdesabatini.com\/fr\/wp-json\/wp\/v2\/media\/4277"}],"wp:attachment":[{"href":"https:\/\/www.jardinesdesabatini.com\/fr\/wp-json\/wp\/v2\/media?parent=2452"}],"curies":[{"name":"wp","href":"https:\/\/api.w.org\/{rel}","templated":true}]}}