{"id":2468,"date":"2019-02-07T17:24:01","date_gmt":"2019-02-07T17:24:01","guid":{"rendered":"https:\/\/www.jardinesdesabatini.com\/?page_id=2468"},"modified":"2019-12-02T09:43:00","modified_gmt":"2019-12-02T09:43:00","slug":"evenements","status":"publish","type":"page","link":"https:\/\/www.jardinesdesabatini.com\/fr\/evenements\/","title":{"rendered":"\u00c9v\u00e8nements"},"content":{"rendered":"<div id=\"eventos-exclusivos\" class=\"block block--fit block--big\">\n<div class=\"container\">\n<header class=\"block-header block-header--border\">\n<h2 class=\"block-header__title\">D\u00c9COUVREZ NOS ESPACES EXCLUSIFS POUR ORGANISER VOTRE EVENEMENT A MADRID<\/h2>\n<\/header>\n<article class=\"post align-center\">\n<p>Si vous \u00eates \u00e0 la recherche de salles de r\u00e9union \u00e0 Madrid pour organiser votre \u00e9v\u00e9nement d&rsquo;affaires, conf\u00e9rences, Congr\u00e8s, cours de formation, pr\u00e9sentations de produits et m\u00eame des c\u00e9l\u00e9brations d&rsquo;entreprise, ApartoSuites Jardines de Sabatini a plusieurs espaces exclusifs et originaux pour faire de votre \u00e9v\u00e9nement un succ\u00e8s.<\/p>\n<\/article><\/div>\n<\/p><\/div>\n<figure class=\"feat-full feat-full--simple feat-full--mobile\" style=\"background-image:url('https:\/\/www.jardinesdesabatini.com\/wp-content\/themes\/sabatini\/images\/eventos\/feat\/feat-1.jpg');\">\n<p>\t\t\t<a href=\"https:\/\/www.jardinesdesabatini.com\/fr\/evenements\/salle-de-reunions\/\" class=\"feat-full__col feat-full__col--no-bg feat-full__col--link feat-full__col--link-hover feat-full__col--secondary feat-full--mobile__default\"><\/p>\n<div class=\"feat__body\">\n<h2 class=\"feat__body-title\">SALLES DE R\u00c9UNIONS<\/h2>\n<article class=\"post align-center\">\n<p>L&rsquo;h\u00f4tel dispose de plusieurs salles de r\u00e9union polyvalentes et enti\u00e8rement \u00e9quip\u00e9es, id\u00e9ales pour des r\u00e9unions d&rsquo;affaires, des cours de formation, des pr\u00e9sentations de produits, des conf\u00e9rences, etc.<\/p>\n<\/article><\/div>\n<p>\t\t\t<\/a><\/p>\n<div class=\"feat-full--mobile__container\" data-seres-role=\"toggle\">\n<div class=\"feat-full--mobile__header\" data-toggle-role=\"trigger\" style=\"background-image:url('https:\/\/www.jardinesdesabatini.com\/wp-content\/themes\/sabatini\/images\/eventos\/feat\/feat-1.jpg');\">\n<h2 class=\"feat__body-title\">SALLES DE R\u00c9UNIONS<\/h2>\n<\/p><\/div>\n<div class=\"feat-full--mobile__content\" data-toggle-role=\"target\">\n<article class=\"post align-center\">\n<p>L&rsquo;h\u00f4tel dispose de plusieurs salles de r\u00e9union polyvalentes et enti\u00e8rement \u00e9quip\u00e9es, id\u00e9ales pour des r\u00e9unions d&rsquo;affaires, des cours de formation, des pr\u00e9sentations de produits, des conf\u00e9rences, etc.<\/p>\n<\/article>\n<p>\t\t\t\t\t<a href=\"https:\/\/www.jardinesdesabatini.com\/fr\/evenements\/salle-de-reunions\/\" class=\"feat-full--mobile__link btn btn--border align-center\" title=\"Voir plus\">Voir plus<\/a>\n\t\t\t\t<\/div>\n<\/p><\/div>\n<\/figure>\n<figure class=\"feat-full feat-full--reverse feat-full--simple feat-full--mobile\" style=\"background-image:url('https:\/\/www.jardinesdesabatini.com\/wp-content\/themes\/sabatini\/images\/eventos\/feat\/feat-2.jpg');\">\n<p>\t\t\t<a href=\"https:\/\/www.jardinesdesabatini.com\/fr\/terrasse-de-sabatini\/\" class=\"feat-full__col feat-full__col--no-bg feat-full__col--link feat-full__col--link-hover feat-full__col--secondary feat-full--mobile__default\"><\/p>\n<div class=\"feat__body\">\n<h2 class=\"feat__body-title\">TERRASSE SOLARIUM<\/h2>\n<article class=\"post align-center\">\n<p>Notre terrasse, au sommet du b\u00e2timent, vous offre la possibilit\u00e9 de r\u00e9aliser de votre \u00e9v\u00e9nement \u00e0 l&rsquo;ext\u00e9rieur avec les vues les plus exclusives du Palais Royal qui surprennent m\u00eame aux madrile\u00f1os.<\/p>\n<\/article><\/div>\n<p>\t\t\t<\/a><\/p>\n<div class=\"feat-full--mobile__container\" data-seres-role=\"toggle\">\n<div class=\"feat-full--mobile__header\" data-toggle-role=\"trigger\" style=\"background-image:url('https:\/\/www.jardinesdesabatini.com\/wp-content\/themes\/sabatini\/images\/eventos\/feat\/feat-2.jpg');\">\n<h2 class=\"feat__body-title\">TERRASSE SOLARIUM<\/h2>\n<\/p><\/div>\n<div class=\"feat-full--mobile__content\" data-toggle-role=\"target\">\n<article class=\"post align-center\">\n<p>Notre terrasse, au sommet du b\u00e2timent, vous offre la possibilit\u00e9 de r\u00e9aliser de votre \u00e9v\u00e9nement \u00e0 l&rsquo;ext\u00e9rieur avec les vues les plus exclusives du Palais Royal qui surprennent m\u00eame aux madrile\u00f1os.<\/p>\n<\/article>\n<p>\t\t\t\t\t<a href=\"https:\/\/www.jardinesdesabatini.com\/fr\/terrasse-de-sabatini\/\" class=\"feat-full--mobile__link btn btn--border align-center\" title=\"Voir plus\">Voir plus<\/a>\n\t\t\t\t<\/div>\n<\/p><\/div>\n<\/figure>\n<figure class=\"feat-full feat-full--simple feat-full--mobile\" style=\"background-image:url('https:\/\/www.jardinesdesabatini.com\/wp-content\/themes\/sabatini\/images\/eventos\/feat\/feat-3.jpg');\">\n<p>\t\t\t<a href=\"https:\/\/www.jardinesdesabatini.com\/fr\/musee-voitures-anciennes\/\" class=\"feat-full__col feat-full__col--no-bg feat-full__col--link feat-full__col--link-hover feat-full__col--secondary feat-full--mobile__default\"><\/p>\n<div class=\"feat__body\">\n<h2 class=\"feat__body-title\">MUS\u00c9E DE VOITURES<\/h2>\n<article class=\"post align-center\">\n<p>L&rsquo;espace o\u00f9 notre collection de voitures anciennes et de photographies du d\u00e9but du XXe si\u00e8cle est log\u00e9 est unique et surprenant. Vous organiser des \u00e9v\u00e9nements exclusifs et originaux en transportant vos invit\u00e9s dans le temps, o\u00f9 ils pourront profiter d&rsquo;une exp\u00e9rience unique qu&rsquo;ils n&rsquo;oublieront pas.<\/p>\n<\/article><\/div>\n<p>\t\t\t<\/a><\/p>\n<div class=\"feat-full--mobile__container\" data-seres-role=\"toggle\">\n<div class=\"feat-full--mobile__header\" data-toggle-role=\"trigger\" style=\"background-image:url('https:\/\/www.jardinesdesabatini.com\/wp-content\/themes\/sabatini\/images\/eventos\/feat\/feat-3.jpg');\">\n<h2 class=\"feat__body-title\">MUS\u00c9E DE VOITURES<\/h2>\n<\/p><\/div>\n<div class=\"feat-full--mobile__content\" data-toggle-role=\"target\">\n<article class=\"post align-center\">\n<p>L&rsquo;espace o\u00f9 notre collection de voitures anciennes et de photographies du d\u00e9but du XXe si\u00e8cle est log\u00e9 est unique et surprenant. Vous organiser des \u00e9v\u00e9nements exclusifs et originaux en transportant vos invit\u00e9s dans le temps, o\u00f9 ils pourront profiter d&rsquo;une exp\u00e9rience unique qu&rsquo;ils n&rsquo;oublieront pas.<\/p>\n<\/article>\n<p>\t\t\t\t\t<a href=\"https:\/\/www.jardinesdesabatini.com\/fr\/musee-voitures-anciennes\/\" class=\"feat-full--mobile__link btn btn--border align-center\" title=\"Voir plus\">Voir plus<\/a>\n\t\t\t\t<\/div>\n<\/p><\/div>\n<\/figure>\n","protected":false},"excerpt":{"rendered":"<p>D\u00c9COUVREZ NOS ESPACES EXCLUSIFS POUR ORGANISER VOTRE EVENEMENT A MADRID Si vous \u00eates \u00e0 la recherche de salles de r\u00e9union \u00e0 Madrid pour organiser votre \u00e9v\u00e9nement d&rsquo;affaires, conf\u00e9rences, Congr\u00e8s, cours de formation, pr\u00e9sentations de produits et m\u00eame des c\u00e9l\u00e9brations d&rsquo;entreprise, ApartoSuites Jardines de Sabatini a plusieurs espaces exclusifs et originaux pour faire de votre \u00e9v\u00e9nement [&hellip;]<\/p>\n","protected":false},"author":1,"featured_media":1272,"parent":0,"menu_order":0,"comment_status":"closed","ping_status":"closed","template":"template-eventos.php","meta":{"_joinchat":[]},"yoast_head":"<!-- This site is optimized with the Yoast SEO plugin v20.13 - https:\/\/yoast.com\/wordpress\/plugins\/seo\/ -->\n<title>Espacios exclusivos para realizar eventos en el centro de Madrid<\/title>\n<meta name=\"description\" content=\"D\u00e9couvrez nos espaces exclusifs pour organiser des \u00e9v\u00e8nements dans le centre de Madrid. Salles de r\u00e9union, terrasse avec vues sur le Palais Royal.\" \/>\n<meta name=\"robots\" content=\"index, follow, max-snippet:-1, max-image-preview:large, max-video-preview:-1\" \/>\n<link rel=\"canonical\" href=\"https:\/\/www.jardinesdesabatini.com\/fr\/evenements\/\" \/>\n<meta property=\"og:locale\" content=\"fr_FR\" \/>\n<meta property=\"og:type\" content=\"article\" \/>\n<meta property=\"og:title\" content=\"Espacios exclusivos para realizar eventos en el centro de Madrid\" \/>\n<meta property=\"og:description\" content=\"D\u00e9couvrez nos espaces exclusifs pour organiser des \u00e9v\u00e8nements dans le centre de Madrid. Salles de r\u00e9union, terrasse avec vues sur le Palais Royal.\" \/>\n<meta property=\"og:url\" content=\"https:\/\/www.jardinesdesabatini.com\/fr\/evenements\/\" \/>\n<meta property=\"article:publisher\" content=\"https:\/\/www.facebook.com\/HotelJardinesDeSabatini\/\" \/>\n<meta property=\"article:modified_time\" content=\"2019-12-02T09:43:00+00:00\" \/>\n<meta property=\"og:image\" content=\"https:\/\/www.jardinesdesabatini.com\/wp-content\/uploads\/2016\/11\/header-13.jpg\" \/>\n\t<meta property=\"og:image:width\" content=\"1920\" \/>\n\t<meta property=\"og:image:height\" content=\"700\" \/>\n\t<meta property=\"og:image:type\" content=\"image\/jpeg\" \/>\n<meta name=\"twitter:card\" content=\"summary_large_image\" \/>\n<meta name=\"twitter:label1\" content=\"Dur\u00e9e de lecture estim\u00e9e\" \/>\n\t<meta name=\"twitter:data1\" content=\"2 minutes\" \/>\n<script type=\"application\/ld+json\" class=\"yoast-schema-graph\">{\"@context\":\"https:\/\/schema.org\",\"@graph\":[{\"@type\":\"WebPage\",\"@id\":\"https:\/\/www.jardinesdesabatini.com\/fr\/evenements\/\",\"url\":\"https:\/\/www.jardinesdesabatini.com\/fr\/evenements\/\",\"name\":\"Espacios exclusivos para realizar eventos en el centro de Madrid\",\"isPartOf\":{\"@id\":\"https:\/\/www.jardinesdesabatini.com\/en\/#website\"},\"datePublished\":\"2019-02-07T17:24:01+00:00\",\"dateModified\":\"2019-12-02T09:43:00+00:00\",\"description\":\"D\u00e9couvrez nos espaces exclusifs pour organiser des \u00e9v\u00e8nements dans le centre de Madrid. Salles de r\u00e9union, terrasse avec vues sur le Palais Royal.\",\"breadcrumb\":{\"@id\":\"https:\/\/www.jardinesdesabatini.com\/fr\/evenements\/#breadcrumb\"},\"inLanguage\":\"fr-FR\",\"potentialAction\":[{\"@type\":\"ReadAction\",\"target\":[\"https:\/\/www.jardinesdesabatini.com\/fr\/evenements\/\"]}]},{\"@type\":\"BreadcrumbList\",\"@id\":\"https:\/\/www.jardinesdesabatini.com\/fr\/evenements\/#breadcrumb\",\"itemListElement\":[{\"@type\":\"ListItem\",\"position\":1,\"name\":\"Portada\",\"item\":\"https:\/\/www.jardinesdesabatini.com\/fr\/\"},{\"@type\":\"ListItem\",\"position\":2,\"name\":\"\u00c9v\u00e8nements\"}]},{\"@type\":\"WebSite\",\"@id\":\"https:\/\/www.jardinesdesabatini.com\/en\/#website\",\"url\":\"https:\/\/www.jardinesdesabatini.com\/en\/\",\"name\":\"\",\"description\":\"Alojamiento en Madrid\",\"publisher\":{\"@id\":\"https:\/\/www.jardinesdesabatini.com\/en\/#organization\"},\"potentialAction\":[{\"@type\":\"SearchAction\",\"target\":{\"@type\":\"EntryPoint\",\"urlTemplate\":\"https:\/\/www.jardinesdesabatini.com\/en\/?s={search_term_string}\"},\"query-input\":\"required name=search_term_string\"}],\"inLanguage\":\"fr-FR\"},{\"@type\":\"Organization\",\"@id\":\"https:\/\/www.jardinesdesabatini.com\/en\/#organization\",\"name\":\"Jardines de Sabatini Apartosuites\",\"url\":\"https:\/\/www.jardinesdesabatini.com\/en\/\",\"logo\":{\"@type\":\"ImageObject\",\"inLanguage\":\"fr-FR\",\"@id\":\"https:\/\/www.jardinesdesabatini.com\/en\/#\/schema\/logo\/image\/\",\"url\":\"https:\/\/www.jardinesdesabatini.com\/wp-content\/uploads\/2016\/11\/Logo-Verde.png\",\"contentUrl\":\"https:\/\/www.jardinesdesabatini.com\/wp-content\/uploads\/2016\/11\/Logo-Verde.png\",\"width\":500,\"height\":310,\"caption\":\"Jardines de Sabatini Apartosuites\"},\"image\":{\"@id\":\"https:\/\/www.jardinesdesabatini.com\/en\/#\/schema\/logo\/image\/\"},\"sameAs\":[\"https:\/\/www.facebook.com\/HotelJardinesDeSabatini\/\",\"https:\/\/www.instagram.com\/hotelsabatini\/\",\"https:\/\/www.linkedin.com\/company\/apartosuites-jardines-de-sabatini\",\"https:\/\/www.youtube.com\/user\/ApartosuitesJdeS\"]}]}<\/script>\n<!-- \/ Yoast SEO plugin. -->","yoast_head_json":{"title":"Espacios exclusivos para realizar eventos en el centro de Madrid","description":"D\u00e9couvrez nos espaces exclusifs pour organiser des \u00e9v\u00e8nements dans le centre de Madrid. Salles de r\u00e9union, terrasse avec vues sur le Palais Royal.","robots":{"index":"index","follow":"follow","max-snippet":"max-snippet:-1","max-image-preview":"max-image-preview:large","max-video-preview":"max-video-preview:-1"},"canonical":"https:\/\/www.jardinesdesabatini.com\/fr\/evenements\/","og_locale":"fr_FR","og_type":"article","og_title":"Espacios exclusivos para realizar eventos en el centro de Madrid","og_description":"D\u00e9couvrez nos espaces exclusifs pour organiser des \u00e9v\u00e8nements dans le centre de Madrid. Salles de r\u00e9union, terrasse avec vues sur le Palais Royal.","og_url":"https:\/\/www.jardinesdesabatini.com\/fr\/evenements\/","article_publisher":"https:\/\/www.facebook.com\/HotelJardinesDeSabatini\/","article_modified_time":"2019-12-02T09:43:00+00:00","og_image":[{"width":1920,"height":700,"url":"https:\/\/www.jardinesdesabatini.com\/wp-content\/uploads\/2016\/11\/header-13.jpg","type":"image\/jpeg"}],"twitter_card":"summary_large_image","twitter_misc":{"Dur\u00e9e de lecture estim\u00e9e":"2 minutes"},"schema":{"@context":"https:\/\/schema.org","@graph":[{"@type":"WebPage","@id":"https:\/\/www.jardinesdesabatini.com\/fr\/evenements\/","url":"https:\/\/www.jardinesdesabatini.com\/fr\/evenements\/","name":"Espacios exclusivos para realizar eventos en el centro de Madrid","isPartOf":{"@id":"https:\/\/www.jardinesdesabatini.com\/en\/#website"},"datePublished":"2019-02-07T17:24:01+00:00","dateModified":"2019-12-02T09:43:00+00:00","description":"D\u00e9couvrez nos espaces exclusifs pour organiser des \u00e9v\u00e8nements dans le centre de Madrid. Salles de r\u00e9union, terrasse avec vues sur le Palais Royal.","breadcrumb":{"@id":"https:\/\/www.jardinesdesabatini.com\/fr\/evenements\/#breadcrumb"},"inLanguage":"fr-FR","potentialAction":[{"@type":"ReadAction","target":["https:\/\/www.jardinesdesabatini.com\/fr\/evenements\/"]}]},{"@type":"BreadcrumbList","@id":"https:\/\/www.jardinesdesabatini.com\/fr\/evenements\/#breadcrumb","itemListElement":[{"@type":"ListItem","position":1,"name":"Portada","item":"https:\/\/www.jardinesdesabatini.com\/fr\/"},{"@type":"ListItem","position":2,"name":"\u00c9v\u00e8nements"}]},{"@type":"WebSite","@id":"https:\/\/www.jardinesdesabatini.com\/en\/#website","url":"https:\/\/www.jardinesdesabatini.com\/en\/","name":"","description":"Alojamiento en Madrid","publisher":{"@id":"https:\/\/www.jardinesdesabatini.com\/en\/#organization"},"potentialAction":[{"@type":"SearchAction","target":{"@type":"EntryPoint","urlTemplate":"https:\/\/www.jardinesdesabatini.com\/en\/?s={search_term_string}"},"query-input":"required name=search_term_string"}],"inLanguage":"fr-FR"},{"@type":"Organization","@id":"https:\/\/www.jardinesdesabatini.com\/en\/#organization","name":"Jardines de Sabatini Apartosuites","url":"https:\/\/www.jardinesdesabatini.com\/en\/","logo":{"@type":"ImageObject","inLanguage":"fr-FR","@id":"https:\/\/www.jardinesdesabatini.com\/en\/#\/schema\/logo\/image\/","url":"https:\/\/www.jardinesdesabatini.com\/wp-content\/uploads\/2016\/11\/Logo-Verde.png","contentUrl":"https:\/\/www.jardinesdesabatini.com\/wp-content\/uploads\/2016\/11\/Logo-Verde.png","width":500,"height":310,"caption":"Jardines de Sabatini Apartosuites"},"image":{"@id":"https:\/\/www.jardinesdesabatini.com\/en\/#\/schema\/logo\/image\/"},"sameAs":["https:\/\/www.facebook.com\/HotelJardinesDeSabatini\/","https:\/\/www.instagram.com\/hotelsabatini\/","https:\/\/www.linkedin.com\/company\/apartosuites-jardines-de-sabatini","https:\/\/www.youtube.com\/user\/ApartosuitesJdeS"]}]}},"_links":{"self":[{"href":"https:\/\/www.jardinesdesabatini.com\/fr\/wp-json\/wp\/v2\/pages\/2468"}],"collection":[{"href":"https:\/\/www.jardinesdesabatini.com\/fr\/wp-json\/wp\/v2\/pages"}],"about":[{"href":"https:\/\/www.jardinesdesabatini.com\/fr\/wp-json\/wp\/v2\/types\/page"}],"author":[{"embeddable":true,"href":"https:\/\/www.jardinesdesabatini.com\/fr\/wp-json\/wp\/v2\/users\/1"}],"replies":[{"embeddable":true,"href":"https:\/\/www.jardinesdesabatini.com\/fr\/wp-json\/wp\/v2\/comments?post=2468"}],"version-history":[{"count":4,"href":"https:\/\/www.jardinesdesabatini.com\/fr\/wp-json\/wp\/v2\/pages\/2468\/revisions"}],"predecessor-version":[{"id":4356,"href":"https:\/\/www.jardinesdesabatini.com\/fr\/wp-json\/wp\/v2\/pages\/2468\/revisions\/4356"}],"wp:featuredmedia":[{"embeddable":true,"href":"https:\/\/www.jardinesdesabatini.com\/fr\/wp-json\/wp\/v2\/media\/1272"}],"wp:attachment":[{"href":"https:\/\/www.jardinesdesabatini.com\/fr\/wp-json\/wp\/v2\/media?parent=2468"}],"curies":[{"name":"wp","href":"https:\/\/api.w.org\/{rel}","templated":true}]}}