{"id":5371,"date":"2020-05-27T14:47:39","date_gmt":"2020-05-27T14:47:39","guid":{"rendered":"https:\/\/www.jardinesdesabatini.com\/?page_id=5371"},"modified":"2020-06-15T08:07:53","modified_gmt":"2020-06-15T08:07:53","slug":"onde","status":"publish","type":"page","link":"https:\/\/www.jardinesdesabatini.com\/pt\/onde\/","title":{"rendered":"Onde"},"content":{"rendered":"<div class=\"block no-pt\">\n<div class=\"container container--fluid\">\n<div class=\"row center-xs\">\n<div class=\"widget-points__col col-xxl-3 col-lg-4 col-sm-6\">\n<section class=\"widget-points\">\n<figure class=\"widget-points__figure\" style=\")\">\n<h3 class=\"widget-points__title\">Pal\u00e1cio Real<\/h3>\n<div class=\"widget-points__distance\"><i class=\"seres-icon seres-icon--walking\"><\/i><\/p>\n<p class=\"widget-points__distance-title\">5 minutos<\/p>\n<\/div>\n<\/figure>\n<article class=\"widget-points__content post post--min\">\n<p><strong><em>D\u00f3nde:<\/em><\/strong> Plaza de Oriente. Madrid.<\/p>\n<p>Construido en el S. XVIII como residencia de los reyes de Espa\u00f1a. Constituye el palacio m\u00e1s grande de Europa Occidental con 3 418 habitaciones. Actualmente es utilizado para ceremonias de Estado ya que los actuales reyes no habitan en \u00e9l.<\/p>\n<p><strong>Recomendamos:<\/strong> El cambio de guardia real m\u00e1s solemne es el primer mi\u00e9rcoles de cada mes. Hay otros cambios de guardia los mi\u00e9rcoles y s\u00e1bados del a\u00f1o con excepci\u00f3n en actos oficiales<\/p>\n<\/article>\n<\/section>\n<\/div>\n<div class=\"widget-points__col col-xxl-3 col-lg-4 col-sm-6\">\n<section class=\"widget-points\">\n<figure class=\"widget-points__figure\" style=\")\">\n<h3 class=\"widget-points__title\">S\u00e9 da Almudena<\/h3>\n<div class=\"widget-points__distance\"><i class=\"seres-icon seres-icon--walking\"><\/i><\/p>\n<p class=\"widget-points__distance-title\">7 minutos<\/p>\n<\/div>\n<\/figure>\n<article class=\"widget-points__content post post--min\">\n<p><strong><em>D\u00f3nde:<\/em><\/strong> Plaza de la Almudena. Madrid.<\/p>\n<p>La Catedral toma su nombre de La Virgen de la Almudena, Patrona de Madrid. Ubicada junto al Palacio Real. Comienza su construcci\u00f3n a finales del siglo XIX por Alfonso XII y tarda 110 a\u00f1os en construirse. Cuenta con diferentes estilos arquitect\u00f3nicos: exterior neocl\u00e1sico, interior neog\u00f3tico y neorrom\u00e1ntico en la cripta.<\/p>\n<\/article>\n<\/section>\n<\/div>\n<div class=\"widget-points__col col-xxl-3 col-lg-4 col-sm-6\">\n<section class=\"widget-points\">\n<figure class=\"widget-points__figure\" style=\")\">\n<h3 class=\"widget-points__title\">Pra\u00e7a de Espanha e Gran Via<\/h3>\n<div class=\"widget-points__distance\"><i class=\"seres-icon seres-icon--walking\"><\/i><\/p>\n<p class=\"widget-points__distance-title\">7 minutos<\/p>\n<\/div>\n<\/figure>\n<article class=\"widget-points__content post post--min\">\n<p><strong><em>D\u00f3nde:<\/em><\/strong> Plaza de Espa\u00f1a y calle de Gran V\u00eda.<\/p>\n<p><strong>En la plaza de Espa\u00f1a de Madrid<\/strong> se encuentra el famoso monumento dedicado a Miguel Cervantes con Don Quijote y Sancho Panza. La plaza se une con la famosa calle Gran Via.<\/p>\n<p><strong>La Gran V\u00eda<\/strong> es una de las calles m\u00e1s emblem\u00e1ticas de Madrid y es famosa por sus cines, teatros con sus musicales y espect\u00e1culos y por su actividad comercial. Las tiendas y departamentos comerciales est\u00e1n abiertas todos los d\u00edas del a\u00f1o.<\/p>\n<\/article>\n<\/section>\n<\/div>\n<div class=\"widget-points__col col-xxl-3 col-lg-4 col-sm-6\">\n<section class=\"widget-points\">\n<figure class=\"widget-points__figure\" style=\")\">\n<h3 class=\"widget-points__title\">Templo de Debod<\/h3>\n<div class=\"widget-points__distance\"><i class=\"seres-icon seres-icon--walking\"><\/i><\/p>\n<p class=\"widget-points__distance-title\">7 minutos<\/p>\n<\/div>\n<\/figure>\n<article class=\"widget-points__content post post--min\">\n<p><strong><em>D\u00f3nde:<\/em><\/strong> C\/ Ferraz. Madrid. A 7 minutos andando desde el hotel<\/p>\n<p>Templo originario del antiguo Egipto con 2.200 a\u00f1os de antig\u00fcedad. Fue un regalo de Egipto a Espa\u00f1a y se trajo piedra a piedra desde all\u00ed. Fue un montaje muy complejo ya que adem\u00e1s de faltar algunas piezas, los planos eran inexactos. Se tard\u00f3 m\u00e1s de dos a\u00f1os en su montaje e inauguraci\u00f3n en julio de 1972. Actualmente es el lugar preferido por los madrile\u00f1os para observar la puesta de sol ya que esta orientado al oeste<\/p>\n<p><strong>Recomendamos<\/strong>: Disfrutar de una puesta de sol mirando hacia la Sierra de Madrid y la Casa de Campo.<\/p>\n<\/article>\n<\/section>\n<\/div>\n<div class=\"widget-points__col col-xxl-3 col-lg-4 col-sm-6\">\n<section class=\"widget-points\">\n<figure class=\"widget-points__figure\" style=\")\">\n<h3 class=\"widget-points__title\">Puerta del Sol<\/h3>\n<div class=\"widget-points__distance\"><i class=\"seres-icon seres-icon--walking\"><\/i><\/p>\n<p class=\"widget-points__distance-title\">17 minutos<\/p>\n<\/div>\n<\/figure>\n<article class=\"widget-points__content post post--min\">\n<p><strong><em>D\u00f3nde:<\/em><\/strong> Plaza de la Puerta del Sol.<\/p>\n<p>La plaza m\u00e1s simb\u00f3lica de la ciudad. En ella se encuentra el kil\u00f3metro cero, a partir del cual se miden las distancias entre ciudades espa\u00f1olas, el emblema de la ciudad \u201cel oso y el madro\u00f1o\u201d y el famoso reloj que marca el comienzo del a\u00f1o nuevo, por esta raz\u00f3n los madrile\u00f1os acuden a esta plaza cada a\u00f1o para festejar el fin de a\u00f1o.<\/p>\n<\/article>\n<\/section>\n<\/div>\n<div class=\"widget-points__col col-xxl-3 col-lg-4 col-sm-6\">\n<section class=\"widget-points\">\n<figure class=\"widget-points__figure\" style=\")\">\n<h3 class=\"widget-points__title\">Pra\u00e7a Mayor<\/h3>\n<div class=\"widget-points__distance\"><i class=\"seres-icon seres-icon--walking\"><\/i><\/p>\n<p class=\"widget-points__distance-title\">17 minutos<\/p>\n<\/div>\n<\/figure>\n<article class=\"widget-points__content post post--min\">\n<p><strong><em>D\u00f3nde:<\/em><\/strong> Plaza Mayor.<\/p>\n<p>Plaza ubicada junto a la Puerta del Sol y la calle Mayor. En ella se encontraba anteriormente el mercado m\u00e1s popular de la villa a finales del siglo XV, cuando se traslad\u00f3 la corte de Felipe II a Madrid. En 1617 el arquitecto Juan G\u00f3mez de Mora establece uniformidad a los edificios, que durante siglos ha acogido festejos populares, corridas de toros, beatificaciones, coronaciones, etc.<\/p>\n<p><strong>Recomendamos<\/strong>: Degustar el tradicional bocadillo de calamares mirando a los frescos de &#8220;la casa de la panader\u00eda&#8221;.<\/p>\n<\/article>\n<\/section>\n<\/div>\n<\/div>\n<\/div>\n<\/div>\n","protected":false},"excerpt":{"rendered":"<p>Pal\u00e1cio Real 5 minutos D\u00f3nde: Plaza de Oriente. Madrid. Construido en el S. XVIII como residencia de los reyes de Espa\u00f1a. Constituye el palacio m\u00e1s grande de Europa Occidental con 3 418 habitaciones. Actualmente es utilizado para ceremonias de Estado ya que los actuales reyes no habitan en \u00e9l. Recomendamos: El cambio de guardia real [&hellip;]<\/p>\n","protected":false},"author":1,"featured_media":5449,"parent":0,"menu_order":0,"comment_status":"closed","ping_status":"closed","template":"template-donde.php","meta":{"_joinchat":[]},"yoast_head":"<!-- This site is optimized with the Yoast SEO plugin v20.13 - https:\/\/yoast.com\/wordpress\/plugins\/seo\/ -->\n<title>Onde |<\/title>\n<meta name=\"robots\" content=\"index, follow, max-snippet:-1, max-image-preview:large, max-video-preview:-1\" \/>\n<link rel=\"canonical\" href=\"https:\/\/www.jardinesdesabatini.com\/pt\/onde\/\" \/>\n<meta property=\"og:locale\" content=\"pt_PT\" \/>\n<meta property=\"og:type\" content=\"article\" \/>\n<meta property=\"og:title\" content=\"Onde |\" \/>\n<meta property=\"og:description\" content=\"Pal\u00e1cio Real 5 minutos D\u00f3nde: Plaza de Oriente. Madrid. Construido en el S. XVIII como residencia de los reyes de Espa\u00f1a. Constituye el palacio m\u00e1s grande de Europa Occidental con 3 418 habitaciones. Actualmente es utilizado para ceremonias de Estado ya que los actuales reyes no habitan en \u00e9l. Recomendamos: El cambio de guardia real [&hellip;]\" \/>\n<meta property=\"og:url\" content=\"https:\/\/www.jardinesdesabatini.com\/pt\/onde\/\" \/>\n<meta property=\"article:publisher\" content=\"https:\/\/www.facebook.com\/HotelJardinesDeSabatini\/\" \/>\n<meta property=\"article:modified_time\" content=\"2020-06-15T08:07:53+00:00\" \/>\n<meta property=\"og:image\" content=\"https:\/\/www.jardinesdesabatini.com\/wp-content\/uploads\/2016\/11\/header-15.jpg\" \/>\n\t<meta property=\"og:image:width\" content=\"1920\" \/>\n\t<meta property=\"og:image:height\" content=\"700\" \/>\n\t<meta property=\"og:image:type\" content=\"image\/jpeg\" \/>\n<meta name=\"twitter:card\" content=\"summary_large_image\" \/>\n<meta name=\"twitter:label1\" content=\"Est. reading time\" \/>\n\t<meta name=\"twitter:data1\" content=\"3 minutes\" \/>\n<script type=\"application\/ld+json\" class=\"yoast-schema-graph\">{\"@context\":\"https:\/\/schema.org\",\"@graph\":[{\"@type\":\"WebPage\",\"@id\":\"https:\/\/www.jardinesdesabatini.com\/pt\/onde\/\",\"url\":\"https:\/\/www.jardinesdesabatini.com\/pt\/onde\/\",\"name\":\"Onde |\",\"isPartOf\":{\"@id\":\"https:\/\/www.jardinesdesabatini.com\/en\/#website\"},\"datePublished\":\"2020-05-27T14:47:39+00:00\",\"dateModified\":\"2020-06-15T08:07:53+00:00\",\"breadcrumb\":{\"@id\":\"https:\/\/www.jardinesdesabatini.com\/pt\/onde\/#breadcrumb\"},\"inLanguage\":\"pt\",\"potentialAction\":[{\"@type\":\"ReadAction\",\"target\":[\"https:\/\/www.jardinesdesabatini.com\/pt\/onde\/\"]}]},{\"@type\":\"BreadcrumbList\",\"@id\":\"https:\/\/www.jardinesdesabatini.com\/pt\/onde\/#breadcrumb\",\"itemListElement\":[{\"@type\":\"ListItem\",\"position\":1,\"name\":\"Portada\",\"item\":\"https:\/\/www.jardinesdesabatini.com\/pt\/\"},{\"@type\":\"ListItem\",\"position\":2,\"name\":\"Onde\"}]},{\"@type\":\"WebSite\",\"@id\":\"https:\/\/www.jardinesdesabatini.com\/en\/#website\",\"url\":\"https:\/\/www.jardinesdesabatini.com\/en\/\",\"name\":\"\",\"description\":\"Alojamiento en Madrid\",\"publisher\":{\"@id\":\"https:\/\/www.jardinesdesabatini.com\/en\/#organization\"},\"potentialAction\":[{\"@type\":\"SearchAction\",\"target\":{\"@type\":\"EntryPoint\",\"urlTemplate\":\"https:\/\/www.jardinesdesabatini.com\/en\/?s={search_term_string}\"},\"query-input\":\"required name=search_term_string\"}],\"inLanguage\":\"pt\"},{\"@type\":\"Organization\",\"@id\":\"https:\/\/www.jardinesdesabatini.com\/en\/#organization\",\"name\":\"Jardines de Sabatini Apartosuites\",\"url\":\"https:\/\/www.jardinesdesabatini.com\/en\/\",\"logo\":{\"@type\":\"ImageObject\",\"inLanguage\":\"pt\",\"@id\":\"https:\/\/www.jardinesdesabatini.com\/en\/#\/schema\/logo\/image\/\",\"url\":\"https:\/\/www.jardinesdesabatini.com\/wp-content\/uploads\/2016\/11\/Logo-Verde.png\",\"contentUrl\":\"https:\/\/www.jardinesdesabatini.com\/wp-content\/uploads\/2016\/11\/Logo-Verde.png\",\"width\":500,\"height\":310,\"caption\":\"Jardines de Sabatini Apartosuites\"},\"image\":{\"@id\":\"https:\/\/www.jardinesdesabatini.com\/en\/#\/schema\/logo\/image\/\"},\"sameAs\":[\"https:\/\/www.facebook.com\/HotelJardinesDeSabatini\/\",\"https:\/\/www.instagram.com\/hotelsabatini\/\",\"https:\/\/www.linkedin.com\/company\/apartosuites-jardines-de-sabatini\",\"https:\/\/www.youtube.com\/user\/ApartosuitesJdeS\"]}]}<\/script>\n<!-- \/ Yoast SEO plugin. -->","yoast_head_json":{"title":"Onde |","robots":{"index":"index","follow":"follow","max-snippet":"max-snippet:-1","max-image-preview":"max-image-preview:large","max-video-preview":"max-video-preview:-1"},"canonical":"https:\/\/www.jardinesdesabatini.com\/pt\/onde\/","og_locale":"pt_PT","og_type":"article","og_title":"Onde |","og_description":"Pal\u00e1cio Real 5 minutos D\u00f3nde: Plaza de Oriente. Madrid. Construido en el S. XVIII como residencia de los reyes de Espa\u00f1a. Constituye el palacio m\u00e1s grande de Europa Occidental con 3 418 habitaciones. Actualmente es utilizado para ceremonias de Estado ya que los actuales reyes no habitan en \u00e9l. Recomendamos: El cambio de guardia real [&hellip;]","og_url":"https:\/\/www.jardinesdesabatini.com\/pt\/onde\/","article_publisher":"https:\/\/www.facebook.com\/HotelJardinesDeSabatini\/","article_modified_time":"2020-06-15T08:07:53+00:00","og_image":[{"width":1920,"height":700,"url":"https:\/\/www.jardinesdesabatini.com\/wp-content\/uploads\/2016\/11\/header-15.jpg","type":"image\/jpeg"}],"twitter_card":"summary_large_image","twitter_misc":{"Est. reading time":"3 minutes"},"schema":{"@context":"https:\/\/schema.org","@graph":[{"@type":"WebPage","@id":"https:\/\/www.jardinesdesabatini.com\/pt\/onde\/","url":"https:\/\/www.jardinesdesabatini.com\/pt\/onde\/","name":"Onde |","isPartOf":{"@id":"https:\/\/www.jardinesdesabatini.com\/en\/#website"},"datePublished":"2020-05-27T14:47:39+00:00","dateModified":"2020-06-15T08:07:53+00:00","breadcrumb":{"@id":"https:\/\/www.jardinesdesabatini.com\/pt\/onde\/#breadcrumb"},"inLanguage":"pt","potentialAction":[{"@type":"ReadAction","target":["https:\/\/www.jardinesdesabatini.com\/pt\/onde\/"]}]},{"@type":"BreadcrumbList","@id":"https:\/\/www.jardinesdesabatini.com\/pt\/onde\/#breadcrumb","itemListElement":[{"@type":"ListItem","position":1,"name":"Portada","item":"https:\/\/www.jardinesdesabatini.com\/pt\/"},{"@type":"ListItem","position":2,"name":"Onde"}]},{"@type":"WebSite","@id":"https:\/\/www.jardinesdesabatini.com\/en\/#website","url":"https:\/\/www.jardinesdesabatini.com\/en\/","name":"","description":"Alojamiento en Madrid","publisher":{"@id":"https:\/\/www.jardinesdesabatini.com\/en\/#organization"},"potentialAction":[{"@type":"SearchAction","target":{"@type":"EntryPoint","urlTemplate":"https:\/\/www.jardinesdesabatini.com\/en\/?s={search_term_string}"},"query-input":"required name=search_term_string"}],"inLanguage":"pt"},{"@type":"Organization","@id":"https:\/\/www.jardinesdesabatini.com\/en\/#organization","name":"Jardines de Sabatini Apartosuites","url":"https:\/\/www.jardinesdesabatini.com\/en\/","logo":{"@type":"ImageObject","inLanguage":"pt","@id":"https:\/\/www.jardinesdesabatini.com\/en\/#\/schema\/logo\/image\/","url":"https:\/\/www.jardinesdesabatini.com\/wp-content\/uploads\/2016\/11\/Logo-Verde.png","contentUrl":"https:\/\/www.jardinesdesabatini.com\/wp-content\/uploads\/2016\/11\/Logo-Verde.png","width":500,"height":310,"caption":"Jardines de Sabatini Apartosuites"},"image":{"@id":"https:\/\/www.jardinesdesabatini.com\/en\/#\/schema\/logo\/image\/"},"sameAs":["https:\/\/www.facebook.com\/HotelJardinesDeSabatini\/","https:\/\/www.instagram.com\/hotelsabatini\/","https:\/\/www.linkedin.com\/company\/apartosuites-jardines-de-sabatini","https:\/\/www.youtube.com\/user\/ApartosuitesJdeS"]}]}},"_links":{"self":[{"href":"https:\/\/www.jardinesdesabatini.com\/pt\/wp-json\/wp\/v2\/pages\/5371"}],"collection":[{"href":"https:\/\/www.jardinesdesabatini.com\/pt\/wp-json\/wp\/v2\/pages"}],"about":[{"href":"https:\/\/www.jardinesdesabatini.com\/pt\/wp-json\/wp\/v2\/types\/page"}],"author":[{"embeddable":true,"href":"https:\/\/www.jardinesdesabatini.com\/pt\/wp-json\/wp\/v2\/users\/1"}],"replies":[{"embeddable":true,"href":"https:\/\/www.jardinesdesabatini.com\/pt\/wp-json\/wp\/v2\/comments?post=5371"}],"version-history":[{"count":2,"href":"https:\/\/www.jardinesdesabatini.com\/pt\/wp-json\/wp\/v2\/pages\/5371\/revisions"}],"predecessor-version":[{"id":5447,"href":"https:\/\/www.jardinesdesabatini.com\/pt\/wp-json\/wp\/v2\/pages\/5371\/revisions\/5447"}],"wp:featuredmedia":[{"embeddable":true,"href":"https:\/\/www.jardinesdesabatini.com\/pt\/wp-json\/wp\/v2\/media\/5449"}],"wp:attachment":[{"href":"https:\/\/www.jardinesdesabatini.com\/pt\/wp-json\/wp\/v2\/media?parent=5371"}],"curies":[{"name":"wp","href":"https:\/\/api.w.org\/{rel}","templated":true}]}}