{"id":5387,"date":"2020-05-27T14:47:38","date_gmt":"2020-05-27T14:47:38","guid":{"rendered":"https:\/\/www.jardinesdesabatini.com\/events\/"},"modified":"2020-06-15T08:07:53","modified_gmt":"2020-06-15T08:07:53","slug":"eventos-em-madrid","status":"publish","type":"page","link":"https:\/\/www.jardinesdesabatini.com\/pt\/eventos-em-madrid\/","title":{"rendered":"Eventos"},"content":{"rendered":"<div id=\"eventos-exclusivos\" class=\"block block--fit block--big\">\n<div class=\"container\">\n<h2 class=\"block-header block-header--border\"><span style=\"font-size: 18pt;\">DESCUBRA OS NOSOS ESPA\u00c7OS EXCLUSIVOS PARA OS SEUS EVANTOS EM MADRID<\/span><\/h2>\n<p class=\"post align-center\"><span style=\"font-size: 12pt;\">Se voc\u00ea est\u00e1 procurando salas de reuni\u00e3o em Madrid para organizar um evento corporativo: confer\u00eancias, congressos, forma\u00e7\u00f5es, apresenta\u00e7\u00f5es de produtos e at\u00e9 celebra\u00e7\u00f5es de empresas, o Apartosuites Jardines de Sabatini possui v\u00e1rios espa\u00e7os exclusivos e originais para tornar seu evento um sucesso.<\/span><\/p>\n<\/div>\n<\/div>\n<figure class=\"feat-full feat-full--simple feat-full--mobile\" style=\"background-image: url('https:\/\/www.jardinesdesabatini.com\/wp-content\/themes\/sabatini\/images\/eventos\/feat\/feat-1.jpg');\">\n<a href=\"\" class=\"feat-full__col feat-full__col--no-bg feat-full__col--link feat-full__col--link-hover feat-full__col--secondary feat-full--mobile__default\"><\/p>\n<div class=\"feat__body\">\n<h2 class=\"feat__body-title\">Salas de reuni\u00e3o<\/h2>\n<p class=\"post align-center\"><span style=\"font-size: 12pt;\">O hotel possui v\u00e1rias salas de reuni\u00f5es multifuncionais e totalmente equipadas, ideais para reuni\u00f5es de neg\u00f3cios, forma\u00f5es, apresenta\u00e7\u00f5es de produtos, confer\u00eancias, etc.<\/span><\/p>\n<\/div>\n<p>&nbsp;<\/p>\n<div class=\"feat-full--mobile__container\" data-seres-role=\"toggle\">\n<div class=\"feat-full--mobile__header\" style=\"background-image: url('https:\/\/www.jardinesdesabatini.com\/wp-content\/themes\/sabatini\/images\/eventos\/feat\/feat-1.jpg');\" data-toggle-role=\"trigger\">\n<h2 class=\"feat__body-title\">Salones<\/h2>\n<\/div>\n<div class=\"feat-full--mobile__content\" data-toggle-role=\"target\">\n<p class=\"post align-center\"><span style=\"font-size: 12pt;\">En primer lugar el hotel dispone de varias Salas de Reuniones polivalentes. Totalmente renovadas equipadas, sobre todo ideales para reuniones de empresa, cursos de formaci\u00f3n, presentaciones de producto, congresos, etc.<\/span><\/p>\n<p><a class=\"feat-full--mobile__link btn btn--border align-center\" title=\"Ver m\u00e1s\" href=\"\">Ver m\u00e1s<\/a><\/p>\n<\/div>\n<\/div>\n<\/figure>\n<figure class=\"feat-full feat-full--reverse feat-full--simple feat-full--mobile\" style=\"background-image: url('https:\/\/www.jardinesdesabatini.com\/wp-content\/themes\/sabatini\/images\/eventos\/feat\/feat-2.jpg');\">\n<a href=\"\" class=\"feat-full__col feat-full__col--no-bg feat-full__col--link feat-full__col--link-hover feat-full__col--secondary feat-full--mobile__default\"><\/p>\n<div class=\"feat__body\">\n<h2 class=\"feat__body-title\">TERRA\u00c7O SOL\u00c1RIO<\/h2>\n<p class=\"post align-center\"><span style=\"font-size: 12pt;\">O nosso terra\u00e7o, no sot\u00e3o do edif\u00edcio, oferece a possibilidade de realizar eventos ao ar livre com as vistas mais exclusivas do Pal\u00e1cio Real que surpreendem at\u00e9 ao propios residentes de Madrid.<\/span><\/p>\n<\/div>\n<p>&nbsp;<\/p>\n<div class=\"feat-full--mobile__container\" data-seres-role=\"toggle\">\n<div class=\"feat-full--mobile__header\" style=\"background-image: url('https:\/\/www.jardinesdesabatini.com\/wp-content\/themes\/sabatini\/images\/eventos\/feat\/feat-2.jpg');\" data-toggle-role=\"trigger\">\n<h2 class=\"feat__body-title\">Terraza solarium<\/h2>\n<\/div>\n<div class=\"feat-full--mobile__content\" data-toggle-role=\"target\">\n<p class=\"post align-center\"><span style=\"font-size: 12pt;\">Nuestra terraza, en la azotea del edificio, le ofrece la posibilidad de realizar su evento al aire libre con las vistas m\u00e1s exclusivas del Palacio Real que sorprenden incluso a los madrile\u00f1os.<\/span><\/p>\n<p><span style=\"font-size: 12pt;\"><a class=\"feat-full--mobile__link btn btn--border align-center\" title=\"Ver m\u00e1s\" href=\"\">Ver m\u00e1s<\/a><\/span><\/p>\n<\/div>\n<\/div>\n<\/figure>\n<figure class=\"feat-full feat-full--simple feat-full--mobile\" style=\"background-image: url('https:\/\/www.jardinesdesabatini.com\/wp-content\/themes\/sabatini\/images\/eventos\/feat\/feat-3.jpg');\">\n<a href=\"\" class=\"feat-full__col feat-full__col--no-bg feat-full__col--link feat-full__col--link-hover feat-full__col--secondary feat-full--mobile__default\"><\/p>\n<div class=\"feat__body\">\n<h2 class=\"feat__body-title\">Museo de coches<\/h2>\n<p class=\"post align-center\"><span style=\"font-size: 12pt;\">Probablemente el espacio m\u00e1s \u00fanico y sorprendente lo encontr\u00e9is en El hotel Jardines de Sabatini. En los bajos del hotel alberga una colecci\u00f3n de coches de \u00e9poca y fotograf\u00edas de Madrid de principios del siglo XX. Este espacio le permite organizar eventos exclusivos y originales en los que podr\u00e1 transportar a sus invitados en el tiempo, donde disfrutar\u00e1n de una experiencia \u00fanica e inolvidable.<\/span><\/p>\n<\/div>\n<p>&nbsp;<\/p>\n<div class=\"feat-full--mobile__container\" data-seres-role=\"toggle\">\n<div class=\"feat-full--mobile__header\" style=\"background-image: url('https:\/\/www.jardinesdesabatini.com\/wp-content\/themes\/sabatini\/images\/eventos\/feat\/feat-3.jpg');\" data-toggle-role=\"trigger\">\n<h2 class=\"feat__body-title\">MUSEU DE CARROS<\/h2>\n<\/div>\n<div class=\"feat-full--mobile__content\" data-toggle-role=\"target\">\n<article class=\"post align-center\"><span style=\"font-size: 12pt;\">O hotel possui um espa\u00e7o \u00fanico e surpreendente, onde abriga uma cole\u00e7\u00e3o de carros antigos e fotografias de Madrid nos in\u00edcios do s\u00e9culo XX. Neste espa\u00e7o voc\u00ea pode organizar eventos exclusivos e originais nos quais voc\u00ea vai transportar los seus convidados a otro tempo, onde desfrutar\u00e3o de uma experi\u00eancia \u00fanica e inesquec\u00edvel.<\/span><\/article>\n<p><span style=\"font-size: 12pt;\"><a class=\"feat-full--mobile__link btn btn--border align-center\" title=\"Ver m\u00e1s\" href=\"\">Ver m\u00e1s<\/a><\/span><\/p>\n<\/div>\n<\/div>\n<\/figure>\n","protected":false},"excerpt":{"rendered":"<p>DESCUBRA OS NOSOS ESPA\u00c7OS EXCLUSIVOS PARA OS SEUS EVANTOS EM MADRID Se voc\u00ea est\u00e1 procurando salas de reuni\u00e3o em Madrid para organizar um evento corporativo: confer\u00eancias, congressos, forma\u00e7\u00f5es, apresenta\u00e7\u00f5es de produtos e at\u00e9 celebra\u00e7\u00f5es de empresas, o Apartosuites Jardines de Sabatini possui v\u00e1rios espa\u00e7os exclusivos e originais para tornar seu evento um sucesso. Salas de [&hellip;]<\/p>\n","protected":false},"author":1,"featured_media":5389,"parent":0,"menu_order":0,"comment_status":"closed","ping_status":"closed","template":"template-eventos.php","meta":{"_joinchat":[]},"yoast_head":"<!-- This site is optimized with the Yoast SEO plugin v20.13 - https:\/\/yoast.com\/wordpress\/plugins\/seo\/ -->\n<title>Eventos |<\/title>\n<meta name=\"robots\" content=\"index, follow, max-snippet:-1, max-image-preview:large, max-video-preview:-1\" \/>\n<link rel=\"canonical\" href=\"https:\/\/www.jardinesdesabatini.com\/pt\/eventos-em-madrid\/\" \/>\n<meta property=\"og:locale\" content=\"pt_PT\" \/>\n<meta property=\"og:type\" content=\"article\" \/>\n<meta property=\"og:title\" content=\"Eventos |\" \/>\n<meta property=\"og:description\" content=\"DESCUBRA OS NOSOS ESPA\u00c7OS EXCLUSIVOS PARA OS SEUS EVANTOS EM MADRID Se voc\u00ea est\u00e1 procurando salas de reuni\u00e3o em Madrid para organizar um evento corporativo: confer\u00eancias, congressos, forma\u00e7\u00f5es, apresenta\u00e7\u00f5es de produtos e at\u00e9 celebra\u00e7\u00f5es de empresas, o Apartosuites Jardines de Sabatini possui v\u00e1rios espa\u00e7os exclusivos e originais para tornar seu evento um sucesso. Salas de [&hellip;]\" \/>\n<meta property=\"og:url\" content=\"https:\/\/www.jardinesdesabatini.com\/pt\/eventos-em-madrid\/\" \/>\n<meta property=\"article:publisher\" content=\"https:\/\/www.facebook.com\/HotelJardinesDeSabatini\/\" \/>\n<meta property=\"article:modified_time\" content=\"2020-06-15T08:07:53+00:00\" \/>\n<meta property=\"og:image\" content=\"https:\/\/www.jardinesdesabatini.com\/wp-content\/uploads\/2016\/11\/header-13.jpg\" \/>\n\t<meta property=\"og:image:width\" content=\"1920\" \/>\n\t<meta property=\"og:image:height\" content=\"700\" \/>\n\t<meta property=\"og:image:type\" content=\"image\/jpeg\" \/>\n<meta name=\"twitter:card\" content=\"summary_large_image\" \/>\n<meta name=\"twitter:label1\" content=\"Est. reading time\" \/>\n\t<meta name=\"twitter:data1\" content=\"2 minutes\" \/>\n<script type=\"application\/ld+json\" class=\"yoast-schema-graph\">{\"@context\":\"https:\/\/schema.org\",\"@graph\":[{\"@type\":\"WebPage\",\"@id\":\"https:\/\/www.jardinesdesabatini.com\/pt\/eventos-em-madrid\/\",\"url\":\"https:\/\/www.jardinesdesabatini.com\/pt\/eventos-em-madrid\/\",\"name\":\"Eventos |\",\"isPartOf\":{\"@id\":\"https:\/\/www.jardinesdesabatini.com\/en\/#website\"},\"datePublished\":\"2020-05-27T14:47:38+00:00\",\"dateModified\":\"2020-06-15T08:07:53+00:00\",\"breadcrumb\":{\"@id\":\"https:\/\/www.jardinesdesabatini.com\/pt\/eventos-em-madrid\/#breadcrumb\"},\"inLanguage\":\"pt\",\"potentialAction\":[{\"@type\":\"ReadAction\",\"target\":[\"https:\/\/www.jardinesdesabatini.com\/pt\/eventos-em-madrid\/\"]}]},{\"@type\":\"BreadcrumbList\",\"@id\":\"https:\/\/www.jardinesdesabatini.com\/pt\/eventos-em-madrid\/#breadcrumb\",\"itemListElement\":[{\"@type\":\"ListItem\",\"position\":1,\"name\":\"Portada\",\"item\":\"https:\/\/www.jardinesdesabatini.com\/pt\/\"},{\"@type\":\"ListItem\",\"position\":2,\"name\":\"Eventos\"}]},{\"@type\":\"WebSite\",\"@id\":\"https:\/\/www.jardinesdesabatini.com\/en\/#website\",\"url\":\"https:\/\/www.jardinesdesabatini.com\/en\/\",\"name\":\"\",\"description\":\"Alojamiento en Madrid\",\"publisher\":{\"@id\":\"https:\/\/www.jardinesdesabatini.com\/en\/#organization\"},\"potentialAction\":[{\"@type\":\"SearchAction\",\"target\":{\"@type\":\"EntryPoint\",\"urlTemplate\":\"https:\/\/www.jardinesdesabatini.com\/en\/?s={search_term_string}\"},\"query-input\":\"required name=search_term_string\"}],\"inLanguage\":\"pt\"},{\"@type\":\"Organization\",\"@id\":\"https:\/\/www.jardinesdesabatini.com\/en\/#organization\",\"name\":\"Jardines de Sabatini Apartosuites\",\"url\":\"https:\/\/www.jardinesdesabatini.com\/en\/\",\"logo\":{\"@type\":\"ImageObject\",\"inLanguage\":\"pt\",\"@id\":\"https:\/\/www.jardinesdesabatini.com\/en\/#\/schema\/logo\/image\/\",\"url\":\"https:\/\/www.jardinesdesabatini.com\/wp-content\/uploads\/2016\/11\/Logo-Verde.png\",\"contentUrl\":\"https:\/\/www.jardinesdesabatini.com\/wp-content\/uploads\/2016\/11\/Logo-Verde.png\",\"width\":500,\"height\":310,\"caption\":\"Jardines de Sabatini Apartosuites\"},\"image\":{\"@id\":\"https:\/\/www.jardinesdesabatini.com\/en\/#\/schema\/logo\/image\/\"},\"sameAs\":[\"https:\/\/www.facebook.com\/HotelJardinesDeSabatini\/\",\"https:\/\/www.instagram.com\/hotelsabatini\/\",\"https:\/\/www.linkedin.com\/company\/apartosuites-jardines-de-sabatini\",\"https:\/\/www.youtube.com\/user\/ApartosuitesJdeS\"]}]}<\/script>\n<!-- \/ Yoast SEO plugin. -->","yoast_head_json":{"title":"Eventos |","robots":{"index":"index","follow":"follow","max-snippet":"max-snippet:-1","max-image-preview":"max-image-preview:large","max-video-preview":"max-video-preview:-1"},"canonical":"https:\/\/www.jardinesdesabatini.com\/pt\/eventos-em-madrid\/","og_locale":"pt_PT","og_type":"article","og_title":"Eventos |","og_description":"DESCUBRA OS NOSOS ESPA\u00c7OS EXCLUSIVOS PARA OS SEUS EVANTOS EM MADRID Se voc\u00ea est\u00e1 procurando salas de reuni\u00e3o em Madrid para organizar um evento corporativo: confer\u00eancias, congressos, forma\u00e7\u00f5es, apresenta\u00e7\u00f5es de produtos e at\u00e9 celebra\u00e7\u00f5es de empresas, o Apartosuites Jardines de Sabatini possui v\u00e1rios espa\u00e7os exclusivos e originais para tornar seu evento um sucesso. Salas de [&hellip;]","og_url":"https:\/\/www.jardinesdesabatini.com\/pt\/eventos-em-madrid\/","article_publisher":"https:\/\/www.facebook.com\/HotelJardinesDeSabatini\/","article_modified_time":"2020-06-15T08:07:53+00:00","og_image":[{"width":1920,"height":700,"url":"https:\/\/www.jardinesdesabatini.com\/wp-content\/uploads\/2016\/11\/header-13.jpg","type":"image\/jpeg"}],"twitter_card":"summary_large_image","twitter_misc":{"Est. reading time":"2 minutes"},"schema":{"@context":"https:\/\/schema.org","@graph":[{"@type":"WebPage","@id":"https:\/\/www.jardinesdesabatini.com\/pt\/eventos-em-madrid\/","url":"https:\/\/www.jardinesdesabatini.com\/pt\/eventos-em-madrid\/","name":"Eventos |","isPartOf":{"@id":"https:\/\/www.jardinesdesabatini.com\/en\/#website"},"datePublished":"2020-05-27T14:47:38+00:00","dateModified":"2020-06-15T08:07:53+00:00","breadcrumb":{"@id":"https:\/\/www.jardinesdesabatini.com\/pt\/eventos-em-madrid\/#breadcrumb"},"inLanguage":"pt","potentialAction":[{"@type":"ReadAction","target":["https:\/\/www.jardinesdesabatini.com\/pt\/eventos-em-madrid\/"]}]},{"@type":"BreadcrumbList","@id":"https:\/\/www.jardinesdesabatini.com\/pt\/eventos-em-madrid\/#breadcrumb","itemListElement":[{"@type":"ListItem","position":1,"name":"Portada","item":"https:\/\/www.jardinesdesabatini.com\/pt\/"},{"@type":"ListItem","position":2,"name":"Eventos"}]},{"@type":"WebSite","@id":"https:\/\/www.jardinesdesabatini.com\/en\/#website","url":"https:\/\/www.jardinesdesabatini.com\/en\/","name":"","description":"Alojamiento en Madrid","publisher":{"@id":"https:\/\/www.jardinesdesabatini.com\/en\/#organization"},"potentialAction":[{"@type":"SearchAction","target":{"@type":"EntryPoint","urlTemplate":"https:\/\/www.jardinesdesabatini.com\/en\/?s={search_term_string}"},"query-input":"required name=search_term_string"}],"inLanguage":"pt"},{"@type":"Organization","@id":"https:\/\/www.jardinesdesabatini.com\/en\/#organization","name":"Jardines de Sabatini Apartosuites","url":"https:\/\/www.jardinesdesabatini.com\/en\/","logo":{"@type":"ImageObject","inLanguage":"pt","@id":"https:\/\/www.jardinesdesabatini.com\/en\/#\/schema\/logo\/image\/","url":"https:\/\/www.jardinesdesabatini.com\/wp-content\/uploads\/2016\/11\/Logo-Verde.png","contentUrl":"https:\/\/www.jardinesdesabatini.com\/wp-content\/uploads\/2016\/11\/Logo-Verde.png","width":500,"height":310,"caption":"Jardines de Sabatini Apartosuites"},"image":{"@id":"https:\/\/www.jardinesdesabatini.com\/en\/#\/schema\/logo\/image\/"},"sameAs":["https:\/\/www.facebook.com\/HotelJardinesDeSabatini\/","https:\/\/www.instagram.com\/hotelsabatini\/","https:\/\/www.linkedin.com\/company\/apartosuites-jardines-de-sabatini","https:\/\/www.youtube.com\/user\/ApartosuitesJdeS"]}]}},"_links":{"self":[{"href":"https:\/\/www.jardinesdesabatini.com\/pt\/wp-json\/wp\/v2\/pages\/5387"}],"collection":[{"href":"https:\/\/www.jardinesdesabatini.com\/pt\/wp-json\/wp\/v2\/pages"}],"about":[{"href":"https:\/\/www.jardinesdesabatini.com\/pt\/wp-json\/wp\/v2\/types\/page"}],"author":[{"embeddable":true,"href":"https:\/\/www.jardinesdesabatini.com\/pt\/wp-json\/wp\/v2\/users\/1"}],"replies":[{"embeddable":true,"href":"https:\/\/www.jardinesdesabatini.com\/pt\/wp-json\/wp\/v2\/comments?post=5387"}],"version-history":[{"count":2,"href":"https:\/\/www.jardinesdesabatini.com\/pt\/wp-json\/wp\/v2\/pages\/5387\/revisions"}],"predecessor-version":[{"id":5450,"href":"https:\/\/www.jardinesdesabatini.com\/pt\/wp-json\/wp\/v2\/pages\/5387\/revisions\/5450"}],"wp:featuredmedia":[{"embeddable":true,"href":"https:\/\/www.jardinesdesabatini.com\/pt\/wp-json\/wp\/v2\/media\/5389"}],"wp:attachment":[{"href":"https:\/\/www.jardinesdesabatini.com\/pt\/wp-json\/wp\/v2\/media?parent=5387"}],"curies":[{"name":"wp","href":"https:\/\/api.w.org\/{rel}","templated":true}]}}