{"id":5393,"date":"2020-05-27T14:47:39","date_gmt":"2020-05-27T14:47:39","guid":{"rendered":"https:\/\/www.jardinesdesabatini.com\/rooftop-sabatini\/"},"modified":"2020-06-15T08:07:53","modified_gmt":"2020-06-15T08:07:53","slug":"terraco-sabatini","status":"publish","type":"page","link":"https:\/\/www.jardinesdesabatini.com\/pt\/terraco-sabatini\/","title":{"rendered":"TERRA\u00c7O SABATINI"},"content":{"rendered":"<div class=\"block block--fit block--big\">\n<div class=\"container\">\n<header class=\"block-header block-header--border\">\n<h2 class=\"block-header__title\">Disfrute de las mejores vistas al Palacio Real de Madrid<\/h2>\n<\/header>\n<article class=\"post align-center\">\n<p>No terra\u00e7o do hotel hotel ApartoSuites Jardines de Sabatini encontra-se o segredo melhor guardado, o exclusivo Terra\u00e7o Sabatini. Um local \u00fanico donde voc\u00ea pode desfrutar das melhores vistas do Pal\u00e1cio Real e de m\u00e1gicos p\u00f4r de sol defronte ao egipcio Templeo de Debod. De maio a setembro voc\u00ea pode relexar no sonso ambiente chill-out e disfrute do ver\u00e3o da Madrid com a nos menta de tapas e a nos oferta de coktails e bebidas.Para mis informa\u00e7\u00e3o ou RESERVAR uma mesa: (confirme datas de abertura)<\/p>\n<\/article>\n<footer class=\"terraza-booking\">\n<div class=\"phone\"><i class=\"seres-icon seres-icon--phone\"><\/i> <a class=\"phone__link\" title=\"+34 91 542 59 00\" href=\"tel:+34915425900\">+34 91 542 59 00<\/a><\/div>\n<\/footer>\n<\/div>\n<\/div>\n<figure class=\"feat-full feat-full--simple\" style=\"background-image: url('https:\/\/www.jardinesdesabatini.com\/wp-content\/themes\/sabatini\/images\/terraza\/feat\/feat-1.jpg');\">\n<div class=\"feat-full__col feat-full__col--secondary\">\n<hgroup class=\"feat__body\">\n<h2 class=\"feat__body-title\">ACESO DISPONIVEL DURANTE TODO O ANO, EXCLUSIVO PARA H\u00d3SPEDES DO HOTEL<\/h2>\n<h5 class=\"feat__body-desc\">Aberto das: <strong><em>10:00 a 22:00<\/em><\/strong><\/h5>\n<\/hgroup>\n<\/div>\n<\/figure>\n<p><!--more--><\/p>\n<figure class=\"feat-full feat-full--reverse feat-full--simple\" style=\"background-image: url('https:\/\/www.jardinesdesabatini.com\/wp-content\/themes\/sabatini\/images\/terraza\/feat\/feat-2.jpg');\">\n<div class=\"feat-full__col feat-full__col--secondary\">\n<article class=\"feat__body\">\n<h2 class=\"feat__body-title\">SERVICIO DE BAR COCTELER\u00cdA<\/h2>\n<h5 class=\"feat__body-desc\">Abierto de Mayo a Septiembre (Consultar horarios)<\/h5>\n<\/article>\n<\/div>\n<\/figure>\n<div class=\"block block--big no-pb\">\n<div class=\"container\">\n<header class=\"block-header block-header--border\">\n<h2 class=\"block-header__title\">O LOCAL PERFEITO PARA REALIZAR O SEU EVENTO EXCLUSIVO<\/h2>\n<\/header>\n<article class=\"post align-center\">\n<p>N\u00e3o s\u00f3 \u00e9 um dos melhores terra\u00e7os da Madrid, sen\u00e3o que constitui o espa\u00e7o ideal para realizar eventos da sua empresa ou celebra\u00e7\u00f5es privadas. Supreenda aos seus convidados com os melhores p\u00f4r de sol da Madrid em frente ao Pal\u00e1cio Real de Madrid, numa localiza\u00e7\u00e3o inigual\u00e1vel.<\/p>\n<\/article>\n<footer class=\"block-museo-contact\">\n<h3 class=\"block-museo-contact__title\">Voc\u00ea quer celebrar o seu evento no nosso exclusivo terra\u00e7o?<\/h3>\n<p><a class=\"block-museo-contact__btn btn btn--border-dark\" title=\"Contacte con nosotros\" href=\"https:\/\/www.jardinesdesabatini.com\/pt\/events__trashed\/#new-event\">CONTATE CONNOSCO<\/a><\/footer>\n<\/div>\n<\/div>\n","protected":false},"excerpt":{"rendered":"<p>Disfrute de las mejores vistas al Palacio Real de Madrid No terra\u00e7o do hotel hotel ApartoSuites Jardines de Sabatini encontra-se o segredo melhor guardado, o exclusivo Terra\u00e7o Sabatini. Um local \u00fanico donde voc\u00ea pode desfrutar das melhores vistas do Pal\u00e1cio Real e de m\u00e1gicos p\u00f4r de sol defronte ao egipcio Templeo de Debod. De maio [&hellip;]<\/p>\n","protected":false},"author":1,"featured_media":5395,"parent":0,"menu_order":0,"comment_status":"closed","ping_status":"closed","template":"template-terraza.php","meta":{"_joinchat":[]},"yoast_head":"<!-- This site is optimized with the Yoast SEO plugin v20.13 - https:\/\/yoast.com\/wordpress\/plugins\/seo\/ -->\n<title>TERRA\u00c7O SABATINI |<\/title>\n<meta name=\"description\" content=\"Desfrute do terra\u00e7o de Madrid com as melhores vistas ao Pal\u00e1cio Real desde o sot\u00e3o do hotel. No centro da Madrid, num contexto \u00fanico. Mais informa\u00e7\u00e3o no nosso site.\" \/>\n<meta name=\"robots\" content=\"index, follow, max-snippet:-1, max-image-preview:large, max-video-preview:-1\" \/>\n<link rel=\"canonical\" href=\"https:\/\/www.jardinesdesabatini.com\/pt\/terraco-sabatini\/\" \/>\n<meta property=\"og:locale\" content=\"pt_PT\" \/>\n<meta property=\"og:type\" content=\"article\" \/>\n<meta property=\"og:title\" content=\"TERRA\u00c7O SABATINI |\" \/>\n<meta property=\"og:description\" content=\"Desfrute do terra\u00e7o de Madrid com as melhores vistas ao Pal\u00e1cio Real desde o sot\u00e3o do hotel. No centro da Madrid, num contexto \u00fanico. Mais informa\u00e7\u00e3o no nosso site.\" \/>\n<meta property=\"og:url\" content=\"https:\/\/www.jardinesdesabatini.com\/pt\/terraco-sabatini\/\" \/>\n<meta property=\"article:publisher\" content=\"https:\/\/www.facebook.com\/HotelJardinesDeSabatini\/\" \/>\n<meta property=\"article:modified_time\" content=\"2020-06-15T08:07:53+00:00\" \/>\n<meta property=\"og:image\" content=\"https:\/\/www.jardinesdesabatini.com\/wp-content\/uploads\/2019\/11\/0.2-Terraza-de-Sabatini-Vistas-al-Palacio-Real.jpg\" \/>\n\t<meta property=\"og:image:width\" content=\"1000\" \/>\n\t<meta property=\"og:image:height\" content=\"665\" \/>\n\t<meta property=\"og:image:type\" content=\"image\/jpeg\" \/>\n<meta name=\"twitter:card\" content=\"summary_large_image\" \/>\n<meta name=\"twitter:label1\" content=\"Est. reading time\" \/>\n\t<meta name=\"twitter:data1\" content=\"1 minute\" \/>\n<script type=\"application\/ld+json\" class=\"yoast-schema-graph\">{\"@context\":\"https:\/\/schema.org\",\"@graph\":[{\"@type\":\"WebPage\",\"@id\":\"https:\/\/www.jardinesdesabatini.com\/pt\/terraco-sabatini\/\",\"url\":\"https:\/\/www.jardinesdesabatini.com\/pt\/terraco-sabatini\/\",\"name\":\"TERRA\u00c7O SABATINI |\",\"isPartOf\":{\"@id\":\"https:\/\/www.jardinesdesabatini.com\/en\/#website\"},\"datePublished\":\"2020-05-27T14:47:39+00:00\",\"dateModified\":\"2020-06-15T08:07:53+00:00\",\"description\":\"Desfrute do terra\u00e7o de Madrid com as melhores vistas ao Pal\u00e1cio Real desde o sot\u00e3o do hotel. No centro da Madrid, num contexto \u00fanico. Mais informa\u00e7\u00e3o no nosso site.\",\"breadcrumb\":{\"@id\":\"https:\/\/www.jardinesdesabatini.com\/pt\/terraco-sabatini\/#breadcrumb\"},\"inLanguage\":\"pt\",\"potentialAction\":[{\"@type\":\"ReadAction\",\"target\":[\"https:\/\/www.jardinesdesabatini.com\/pt\/terraco-sabatini\/\"]}]},{\"@type\":\"BreadcrumbList\",\"@id\":\"https:\/\/www.jardinesdesabatini.com\/pt\/terraco-sabatini\/#breadcrumb\",\"itemListElement\":[{\"@type\":\"ListItem\",\"position\":1,\"name\":\"Portada\",\"item\":\"https:\/\/www.jardinesdesabatini.com\/pt\/\"},{\"@type\":\"ListItem\",\"position\":2,\"name\":\"TERRA\u00c7O SABATINI\"}]},{\"@type\":\"WebSite\",\"@id\":\"https:\/\/www.jardinesdesabatini.com\/en\/#website\",\"url\":\"https:\/\/www.jardinesdesabatini.com\/en\/\",\"name\":\"\",\"description\":\"Alojamiento en Madrid\",\"publisher\":{\"@id\":\"https:\/\/www.jardinesdesabatini.com\/en\/#organization\"},\"potentialAction\":[{\"@type\":\"SearchAction\",\"target\":{\"@type\":\"EntryPoint\",\"urlTemplate\":\"https:\/\/www.jardinesdesabatini.com\/en\/?s={search_term_string}\"},\"query-input\":\"required name=search_term_string\"}],\"inLanguage\":\"pt\"},{\"@type\":\"Organization\",\"@id\":\"https:\/\/www.jardinesdesabatini.com\/en\/#organization\",\"name\":\"Jardines de Sabatini Apartosuites\",\"url\":\"https:\/\/www.jardinesdesabatini.com\/en\/\",\"logo\":{\"@type\":\"ImageObject\",\"inLanguage\":\"pt\",\"@id\":\"https:\/\/www.jardinesdesabatini.com\/en\/#\/schema\/logo\/image\/\",\"url\":\"https:\/\/www.jardinesdesabatini.com\/wp-content\/uploads\/2016\/11\/Logo-Verde.png\",\"contentUrl\":\"https:\/\/www.jardinesdesabatini.com\/wp-content\/uploads\/2016\/11\/Logo-Verde.png\",\"width\":500,\"height\":310,\"caption\":\"Jardines de Sabatini Apartosuites\"},\"image\":{\"@id\":\"https:\/\/www.jardinesdesabatini.com\/en\/#\/schema\/logo\/image\/\"},\"sameAs\":[\"https:\/\/www.facebook.com\/HotelJardinesDeSabatini\/\",\"https:\/\/www.instagram.com\/hotelsabatini\/\",\"https:\/\/www.linkedin.com\/company\/apartosuites-jardines-de-sabatini\",\"https:\/\/www.youtube.com\/user\/ApartosuitesJdeS\"]}]}<\/script>\n<!-- \/ Yoast SEO plugin. -->","yoast_head_json":{"title":"TERRA\u00c7O SABATINI |","description":"Desfrute do terra\u00e7o de Madrid com as melhores vistas ao Pal\u00e1cio Real desde o sot\u00e3o do hotel. No centro da Madrid, num contexto \u00fanico. Mais informa\u00e7\u00e3o no nosso site.","robots":{"index":"index","follow":"follow","max-snippet":"max-snippet:-1","max-image-preview":"max-image-preview:large","max-video-preview":"max-video-preview:-1"},"canonical":"https:\/\/www.jardinesdesabatini.com\/pt\/terraco-sabatini\/","og_locale":"pt_PT","og_type":"article","og_title":"TERRA\u00c7O SABATINI |","og_description":"Desfrute do terra\u00e7o de Madrid com as melhores vistas ao Pal\u00e1cio Real desde o sot\u00e3o do hotel. No centro da Madrid, num contexto \u00fanico. Mais informa\u00e7\u00e3o no nosso site.","og_url":"https:\/\/www.jardinesdesabatini.com\/pt\/terraco-sabatini\/","article_publisher":"https:\/\/www.facebook.com\/HotelJardinesDeSabatini\/","article_modified_time":"2020-06-15T08:07:53+00:00","og_image":[{"width":1000,"height":665,"url":"https:\/\/www.jardinesdesabatini.com\/wp-content\/uploads\/2019\/11\/0.2-Terraza-de-Sabatini-Vistas-al-Palacio-Real.jpg","type":"image\/jpeg"}],"twitter_card":"summary_large_image","twitter_misc":{"Est. reading time":"1 minute"},"schema":{"@context":"https:\/\/schema.org","@graph":[{"@type":"WebPage","@id":"https:\/\/www.jardinesdesabatini.com\/pt\/terraco-sabatini\/","url":"https:\/\/www.jardinesdesabatini.com\/pt\/terraco-sabatini\/","name":"TERRA\u00c7O SABATINI |","isPartOf":{"@id":"https:\/\/www.jardinesdesabatini.com\/en\/#website"},"datePublished":"2020-05-27T14:47:39+00:00","dateModified":"2020-06-15T08:07:53+00:00","description":"Desfrute do terra\u00e7o de Madrid com as melhores vistas ao Pal\u00e1cio Real desde o sot\u00e3o do hotel. No centro da Madrid, num contexto \u00fanico. Mais informa\u00e7\u00e3o no nosso site.","breadcrumb":{"@id":"https:\/\/www.jardinesdesabatini.com\/pt\/terraco-sabatini\/#breadcrumb"},"inLanguage":"pt","potentialAction":[{"@type":"ReadAction","target":["https:\/\/www.jardinesdesabatini.com\/pt\/terraco-sabatini\/"]}]},{"@type":"BreadcrumbList","@id":"https:\/\/www.jardinesdesabatini.com\/pt\/terraco-sabatini\/#breadcrumb","itemListElement":[{"@type":"ListItem","position":1,"name":"Portada","item":"https:\/\/www.jardinesdesabatini.com\/pt\/"},{"@type":"ListItem","position":2,"name":"TERRA\u00c7O SABATINI"}]},{"@type":"WebSite","@id":"https:\/\/www.jardinesdesabatini.com\/en\/#website","url":"https:\/\/www.jardinesdesabatini.com\/en\/","name":"","description":"Alojamiento en Madrid","publisher":{"@id":"https:\/\/www.jardinesdesabatini.com\/en\/#organization"},"potentialAction":[{"@type":"SearchAction","target":{"@type":"EntryPoint","urlTemplate":"https:\/\/www.jardinesdesabatini.com\/en\/?s={search_term_string}"},"query-input":"required name=search_term_string"}],"inLanguage":"pt"},{"@type":"Organization","@id":"https:\/\/www.jardinesdesabatini.com\/en\/#organization","name":"Jardines de Sabatini Apartosuites","url":"https:\/\/www.jardinesdesabatini.com\/en\/","logo":{"@type":"ImageObject","inLanguage":"pt","@id":"https:\/\/www.jardinesdesabatini.com\/en\/#\/schema\/logo\/image\/","url":"https:\/\/www.jardinesdesabatini.com\/wp-content\/uploads\/2016\/11\/Logo-Verde.png","contentUrl":"https:\/\/www.jardinesdesabatini.com\/wp-content\/uploads\/2016\/11\/Logo-Verde.png","width":500,"height":310,"caption":"Jardines de Sabatini Apartosuites"},"image":{"@id":"https:\/\/www.jardinesdesabatini.com\/en\/#\/schema\/logo\/image\/"},"sameAs":["https:\/\/www.facebook.com\/HotelJardinesDeSabatini\/","https:\/\/www.instagram.com\/hotelsabatini\/","https:\/\/www.linkedin.com\/company\/apartosuites-jardines-de-sabatini","https:\/\/www.youtube.com\/user\/ApartosuitesJdeS"]}]}},"_links":{"self":[{"href":"https:\/\/www.jardinesdesabatini.com\/pt\/wp-json\/wp\/v2\/pages\/5393"}],"collection":[{"href":"https:\/\/www.jardinesdesabatini.com\/pt\/wp-json\/wp\/v2\/pages"}],"about":[{"href":"https:\/\/www.jardinesdesabatini.com\/pt\/wp-json\/wp\/v2\/types\/page"}],"author":[{"embeddable":true,"href":"https:\/\/www.jardinesdesabatini.com\/pt\/wp-json\/wp\/v2\/users\/1"}],"replies":[{"embeddable":true,"href":"https:\/\/www.jardinesdesabatini.com\/pt\/wp-json\/wp\/v2\/comments?post=5393"}],"version-history":[{"count":2,"href":"https:\/\/www.jardinesdesabatini.com\/pt\/wp-json\/wp\/v2\/pages\/5393\/revisions"}],"predecessor-version":[{"id":5446,"href":"https:\/\/www.jardinesdesabatini.com\/pt\/wp-json\/wp\/v2\/pages\/5393\/revisions\/5446"}],"wp:featuredmedia":[{"embeddable":true,"href":"https:\/\/www.jardinesdesabatini.com\/pt\/wp-json\/wp\/v2\/media\/5395"}],"wp:attachment":[{"href":"https:\/\/www.jardinesdesabatini.com\/pt\/wp-json\/wp\/v2\/media?parent=5393"}],"curies":[{"name":"wp","href":"https:\/\/api.w.org\/{rel}","templated":true}]}}