{"id":5409,"date":"2020-06-11T10:21:08","date_gmt":"2020-06-11T10:21:08","guid":{"rendered":"https:\/\/www.jardinesdesabatini.com\/breakfast-and-dining\/"},"modified":"2020-06-15T08:07:49","modified_gmt":"2020-06-15T08:07:49","slug":"cafe-da-manha-e-restauracao","status":"publish","type":"page","link":"https:\/\/www.jardinesdesabatini.com\/pt\/apartamentos-hotel\/servicos-do-hotel\/cafe-da-manha-e-restauracao\/","title":{"rendered":"Caf\u00e9 da Manh\u00e3 e Restaura\u00e7\u00e3o"},"content":{"rendered":"<div class=\"block block--big\">\n<div class=\"container\">\n<div class=\"widget-image\">\n<div class=\"widget-image__col\">\n<figure class=\"widget-image__figure\" style=\"background-image:url(https:\/\/www.jardinesdesabatini.com\/wp-content\/themes\/sabatini\/images\/aparthotel\/restauracion\/feat-1.jpg)\"><\/figure>\n<\/div>\n<div class=\"widget-image__col\">\n<h2 class=\"widget-image__title\">Caf\u00e9 da manh\u00e3 buffet<\/h2>\n<article class=\"widget-image__content post\">\n<p>Comece o dia com o nosso delicioso caf\u00e9 da manh\u00e3 buffet. O caf\u00e9 da manh\u00e3 inclui: caf\u00e9 expresso, ch\u00e1s e infus\u00f5es, sucos de frutas, bolos frescos (croissants, napolitanos cremosos, napolitanos de chocolate, conchas, donuts de chocolate, muffins recheados, frutas do tempo, salada de frutas caseira, p\u00e3o de l\u00f3, cereais sele\u00e7\u00e3o variada de p\u00e3es rec\u00e9m forneados, variedade de queijos e embutidos, iogurtes, ovos duros e \/ ou mexidos e bacon, entre outros). Temos churros todos os dias e nos fins de semana cozinha espanhola especial com omelete de batata.<\/p>\n<p><strong><em>SEGUNDA A SEXTA-FEIRA<\/em><\/strong> DAS 7:30 \u00c0S 11:00<br\/>\n<strong><em>S\u00c1BADOS, DOMINGOS E FERIADOS<\/em><\/strong> das 8:00 \u00e0s 11:00.<\/p>\n<\/article>\n<\/div>\n<\/div>\n<div class=\"widget-image widget-image--reverse\">\n<div class=\"widget-image__col\">\n<figure class=\"widget-image__figure\" style=\"background-image:url(https:\/\/www.jardinesdesabatini.com\/wp-content\/themes\/sabatini\/images\/aparthotel\/restauracion\/feat-2.jpg)\"><\/figure>\n<\/div>\n<div class=\"widget-image__col\">\n<h2 class=\"widget-image__title\">CAF\u00c9 DA MANH\u00c3 PARA MADRUGADORES<\/h2>\n<article class=\"widget-image__content post\">\n<p>Se voc\u00ea tiver que sair mais cedo, informe-nos na noite anterior e prepararemos para voc\u00ea no momento em que estiver interessado um delicioso caf\u00e9 da manh\u00e3 continental que inclui caf\u00e9 expresso, variedade de ch\u00e1 e infus\u00f5es, sucos, torradas e doces variados. E se desejar, preparamos-o <em>para levar<\/em>.<\/p>\n<p><strong><em>TODOS OS DIAS<\/em><\/strong> das 5:30 \u00e0s 7:30h\/8:00h.<\/p>\n<\/article>\n<\/div>\n<\/div>\n<div class=\"widget-image\">\n<div class=\"widget-image__col\">\n<figure class=\"widget-image__figure\" style=\"background-image:url(https:\/\/www.jardinesdesabatini.com\/wp-content\/themes\/sabatini\/images\/aparthotel\/restauracion\/feat-3.jpg)\"><\/figure>\n<\/div>\n<div class=\"widget-image__col\">\n<h2 class=\"widget-image__title\">SERVI\u00c7O DE BEBIDAs<\/h2>\n<article class=\"widget-image__content post\">\n<p>Desfrute de um caf\u00e9 Nespresso, infus\u00e3o ou qualquer tipo de bebida ou lanche no Hall do Hotel. Refresque-se com suco de laranja, cortesia do hotel.<\/p>\n<\/article>\n<\/div>\n<\/div>\n<div class=\"widget-image widget-image--reverse\">\n<div class=\"widget-image__col\">\n<figure class=\"widget-image__figure\" style=\"background-image:url(https:\/\/www.jardinesdesabatini.com\/wp-content\/themes\/sabatini\/images\/aparthotel\/restauracion\/feat-4.jpg)\"><\/figure>\n<\/div>\n<div class=\"widget-image__col\">\n<h2 class=\"widget-image__title\">TERRA\u00c7O COCKTAIL BAR<\/h2>\n<article class=\"widget-image__content post\">\n<p>De junho a setembro, relaxe no ambiente <em>descontra\u00eddo<\/em> e desfrute do menu de tapas original que oferecemos e da grande variedade de coquet\u00e9is e bebidas.<strong><em>TER\u00c7A-FEIRA A S\u00c1BADO<\/em><\/strong> depois das 20:00.<\/p>\n<\/article>\n<footer class=\"widget-image__footer\"><a class=\"widget-image__link btn btn--border-dark\" href=\"\">MAIS INFORMA\u00c7\u00c3O E RESERVA<\/a><\/footer>\n<\/div>\n<\/div>\n<\/div>\n<\/div>\n","protected":false},"excerpt":{"rendered":"<p>Caf\u00e9 da manh\u00e3 buffet Comece o dia com o nosso delicioso caf\u00e9 da manh\u00e3 buffet. O caf\u00e9 da manh\u00e3 inclui: caf\u00e9 expresso, ch\u00e1s e infus\u00f5es, sucos de frutas, bolos frescos (croissants, napolitanos cremosos, napolitanos de chocolate, conchas, donuts de chocolate, muffins recheados, frutas do tempo, salada de frutas caseira, p\u00e3o de l\u00f3, cereais sele\u00e7\u00e3o variada [&hellip;]<\/p>\n","protected":false},"author":1,"featured_media":5411,"parent":5440,"menu_order":0,"comment_status":"closed","ping_status":"closed","template":"template-aparthotel-servicios-restauracion.php","meta":{"_joinchat":[]},"yoast_head":"<!-- This site is optimized with the Yoast SEO plugin v20.13 - https:\/\/yoast.com\/wordpress\/plugins\/seo\/ -->\n<title>Caf\u00e9 da Manh\u00e3 e Restaura\u00e7\u00e3o |<\/title>\n<meta name=\"robots\" content=\"index, follow, max-snippet:-1, max-image-preview:large, max-video-preview:-1\" \/>\n<link rel=\"canonical\" href=\"https:\/\/www.jardinesdesabatini.com\/pt\/apartamentos-hotel\/servicos-do-hotel\/cafe-da-manha-e-restauracao\/\" \/>\n<meta property=\"og:locale\" content=\"pt_PT\" \/>\n<meta property=\"og:type\" content=\"article\" \/>\n<meta property=\"og:title\" content=\"Caf\u00e9 da Manh\u00e3 e Restaura\u00e7\u00e3o |\" \/>\n<meta property=\"og:description\" content=\"Caf\u00e9 da manh\u00e3 buffet Comece o dia com o nosso delicioso caf\u00e9 da manh\u00e3 buffet. O caf\u00e9 da manh\u00e3 inclui: caf\u00e9 expresso, ch\u00e1s e infus\u00f5es, sucos de frutas, bolos frescos (croissants, napolitanos cremosos, napolitanos de chocolate, conchas, donuts de chocolate, muffins recheados, frutas do tempo, salada de frutas caseira, p\u00e3o de l\u00f3, cereais sele\u00e7\u00e3o variada [&hellip;]\" \/>\n<meta property=\"og:url\" content=\"https:\/\/www.jardinesdesabatini.com\/pt\/apartamentos-hotel\/servicos-do-hotel\/cafe-da-manha-e-restauracao\/\" \/>\n<meta property=\"article:publisher\" content=\"https:\/\/www.facebook.com\/HotelJardinesDeSabatini\/\" \/>\n<meta property=\"article:modified_time\" content=\"2020-06-15T08:07:49+00:00\" \/>\n<meta property=\"og:image\" content=\"https:\/\/www.jardinesdesabatini.com\/wp-content\/uploads\/2016\/11\/header-servicios-restauracion-1.jpg\" \/>\n\t<meta property=\"og:image:width\" content=\"1920\" \/>\n\t<meta property=\"og:image:height\" content=\"700\" \/>\n\t<meta property=\"og:image:type\" content=\"image\/jpeg\" \/>\n<meta name=\"twitter:card\" content=\"summary_large_image\" \/>\n<meta name=\"twitter:label1\" content=\"Est. reading time\" \/>\n\t<meta name=\"twitter:data1\" content=\"1 minute\" \/>\n<script type=\"application\/ld+json\" class=\"yoast-schema-graph\">{\"@context\":\"https:\/\/schema.org\",\"@graph\":[{\"@type\":\"WebPage\",\"@id\":\"https:\/\/www.jardinesdesabatini.com\/pt\/apartamentos-hotel\/servicos-do-hotel\/cafe-da-manha-e-restauracao\/\",\"url\":\"https:\/\/www.jardinesdesabatini.com\/pt\/apartamentos-hotel\/servicos-do-hotel\/cafe-da-manha-e-restauracao\/\",\"name\":\"Caf\u00e9 da Manh\u00e3 e Restaura\u00e7\u00e3o |\",\"isPartOf\":{\"@id\":\"https:\/\/www.jardinesdesabatini.com\/en\/#website\"},\"datePublished\":\"2020-06-11T10:21:08+00:00\",\"dateModified\":\"2020-06-15T08:07:49+00:00\",\"breadcrumb\":{\"@id\":\"https:\/\/www.jardinesdesabatini.com\/pt\/apartamentos-hotel\/servicos-do-hotel\/cafe-da-manha-e-restauracao\/#breadcrumb\"},\"inLanguage\":\"pt\",\"potentialAction\":[{\"@type\":\"ReadAction\",\"target\":[\"https:\/\/www.jardinesdesabatini.com\/pt\/apartamentos-hotel\/servicos-do-hotel\/cafe-da-manha-e-restauracao\/\"]}]},{\"@type\":\"BreadcrumbList\",\"@id\":\"https:\/\/www.jardinesdesabatini.com\/pt\/apartamentos-hotel\/servicos-do-hotel\/cafe-da-manha-e-restauracao\/#breadcrumb\",\"itemListElement\":[{\"@type\":\"ListItem\",\"position\":1,\"name\":\"Portada\",\"item\":\"https:\/\/www.jardinesdesabatini.com\/pt\/\"},{\"@type\":\"ListItem\",\"position\":2,\"name\":\"Apartamentos &#038; Hotel\",\"item\":\"https:\/\/www.jardinesdesabatini.com\/pt\/apartamentos-hotel\/\"},{\"@type\":\"ListItem\",\"position\":3,\"name\":\"SERVI\u00c7OS DO HOTEL\",\"item\":\"https:\/\/www.jardinesdesabatini.com\/pt\/apartamentos-hotel\/servicos-do-hotel\/\"},{\"@type\":\"ListItem\",\"position\":4,\"name\":\"Caf\u00e9 da Manh\u00e3 e Restaura\u00e7\u00e3o\"}]},{\"@type\":\"WebSite\",\"@id\":\"https:\/\/www.jardinesdesabatini.com\/en\/#website\",\"url\":\"https:\/\/www.jardinesdesabatini.com\/en\/\",\"name\":\"\",\"description\":\"Alojamiento en Madrid\",\"publisher\":{\"@id\":\"https:\/\/www.jardinesdesabatini.com\/en\/#organization\"},\"potentialAction\":[{\"@type\":\"SearchAction\",\"target\":{\"@type\":\"EntryPoint\",\"urlTemplate\":\"https:\/\/www.jardinesdesabatini.com\/en\/?s={search_term_string}\"},\"query-input\":\"required name=search_term_string\"}],\"inLanguage\":\"pt\"},{\"@type\":\"Organization\",\"@id\":\"https:\/\/www.jardinesdesabatini.com\/en\/#organization\",\"name\":\"Jardines de Sabatini Apartosuites\",\"url\":\"https:\/\/www.jardinesdesabatini.com\/en\/\",\"logo\":{\"@type\":\"ImageObject\",\"inLanguage\":\"pt\",\"@id\":\"https:\/\/www.jardinesdesabatini.com\/en\/#\/schema\/logo\/image\/\",\"url\":\"https:\/\/www.jardinesdesabatini.com\/wp-content\/uploads\/2016\/11\/Logo-Verde.png\",\"contentUrl\":\"https:\/\/www.jardinesdesabatini.com\/wp-content\/uploads\/2016\/11\/Logo-Verde.png\",\"width\":500,\"height\":310,\"caption\":\"Jardines de Sabatini Apartosuites\"},\"image\":{\"@id\":\"https:\/\/www.jardinesdesabatini.com\/en\/#\/schema\/logo\/image\/\"},\"sameAs\":[\"https:\/\/www.facebook.com\/HotelJardinesDeSabatini\/\",\"https:\/\/www.instagram.com\/hotelsabatini\/\",\"https:\/\/www.linkedin.com\/company\/apartosuites-jardines-de-sabatini\",\"https:\/\/www.youtube.com\/user\/ApartosuitesJdeS\"]}]}<\/script>\n<!-- \/ Yoast SEO plugin. -->","yoast_head_json":{"title":"Caf\u00e9 da Manh\u00e3 e Restaura\u00e7\u00e3o |","robots":{"index":"index","follow":"follow","max-snippet":"max-snippet:-1","max-image-preview":"max-image-preview:large","max-video-preview":"max-video-preview:-1"},"canonical":"https:\/\/www.jardinesdesabatini.com\/pt\/apartamentos-hotel\/servicos-do-hotel\/cafe-da-manha-e-restauracao\/","og_locale":"pt_PT","og_type":"article","og_title":"Caf\u00e9 da Manh\u00e3 e Restaura\u00e7\u00e3o |","og_description":"Caf\u00e9 da manh\u00e3 buffet Comece o dia com o nosso delicioso caf\u00e9 da manh\u00e3 buffet. O caf\u00e9 da manh\u00e3 inclui: caf\u00e9 expresso, ch\u00e1s e infus\u00f5es, sucos de frutas, bolos frescos (croissants, napolitanos cremosos, napolitanos de chocolate, conchas, donuts de chocolate, muffins recheados, frutas do tempo, salada de frutas caseira, p\u00e3o de l\u00f3, cereais sele\u00e7\u00e3o variada [&hellip;]","og_url":"https:\/\/www.jardinesdesabatini.com\/pt\/apartamentos-hotel\/servicos-do-hotel\/cafe-da-manha-e-restauracao\/","article_publisher":"https:\/\/www.facebook.com\/HotelJardinesDeSabatini\/","article_modified_time":"2020-06-15T08:07:49+00:00","og_image":[{"width":1920,"height":700,"url":"https:\/\/www.jardinesdesabatini.com\/wp-content\/uploads\/2016\/11\/header-servicios-restauracion-1.jpg","type":"image\/jpeg"}],"twitter_card":"summary_large_image","twitter_misc":{"Est. reading time":"1 minute"},"schema":{"@context":"https:\/\/schema.org","@graph":[{"@type":"WebPage","@id":"https:\/\/www.jardinesdesabatini.com\/pt\/apartamentos-hotel\/servicos-do-hotel\/cafe-da-manha-e-restauracao\/","url":"https:\/\/www.jardinesdesabatini.com\/pt\/apartamentos-hotel\/servicos-do-hotel\/cafe-da-manha-e-restauracao\/","name":"Caf\u00e9 da Manh\u00e3 e Restaura\u00e7\u00e3o |","isPartOf":{"@id":"https:\/\/www.jardinesdesabatini.com\/en\/#website"},"datePublished":"2020-06-11T10:21:08+00:00","dateModified":"2020-06-15T08:07:49+00:00","breadcrumb":{"@id":"https:\/\/www.jardinesdesabatini.com\/pt\/apartamentos-hotel\/servicos-do-hotel\/cafe-da-manha-e-restauracao\/#breadcrumb"},"inLanguage":"pt","potentialAction":[{"@type":"ReadAction","target":["https:\/\/www.jardinesdesabatini.com\/pt\/apartamentos-hotel\/servicos-do-hotel\/cafe-da-manha-e-restauracao\/"]}]},{"@type":"BreadcrumbList","@id":"https:\/\/www.jardinesdesabatini.com\/pt\/apartamentos-hotel\/servicos-do-hotel\/cafe-da-manha-e-restauracao\/#breadcrumb","itemListElement":[{"@type":"ListItem","position":1,"name":"Portada","item":"https:\/\/www.jardinesdesabatini.com\/pt\/"},{"@type":"ListItem","position":2,"name":"Apartamentos &#038; Hotel","item":"https:\/\/www.jardinesdesabatini.com\/pt\/apartamentos-hotel\/"},{"@type":"ListItem","position":3,"name":"SERVI\u00c7OS DO HOTEL","item":"https:\/\/www.jardinesdesabatini.com\/pt\/apartamentos-hotel\/servicos-do-hotel\/"},{"@type":"ListItem","position":4,"name":"Caf\u00e9 da Manh\u00e3 e Restaura\u00e7\u00e3o"}]},{"@type":"WebSite","@id":"https:\/\/www.jardinesdesabatini.com\/en\/#website","url":"https:\/\/www.jardinesdesabatini.com\/en\/","name":"","description":"Alojamiento en Madrid","publisher":{"@id":"https:\/\/www.jardinesdesabatini.com\/en\/#organization"},"potentialAction":[{"@type":"SearchAction","target":{"@type":"EntryPoint","urlTemplate":"https:\/\/www.jardinesdesabatini.com\/en\/?s={search_term_string}"},"query-input":"required name=search_term_string"}],"inLanguage":"pt"},{"@type":"Organization","@id":"https:\/\/www.jardinesdesabatini.com\/en\/#organization","name":"Jardines de Sabatini Apartosuites","url":"https:\/\/www.jardinesdesabatini.com\/en\/","logo":{"@type":"ImageObject","inLanguage":"pt","@id":"https:\/\/www.jardinesdesabatini.com\/en\/#\/schema\/logo\/image\/","url":"https:\/\/www.jardinesdesabatini.com\/wp-content\/uploads\/2016\/11\/Logo-Verde.png","contentUrl":"https:\/\/www.jardinesdesabatini.com\/wp-content\/uploads\/2016\/11\/Logo-Verde.png","width":500,"height":310,"caption":"Jardines de Sabatini Apartosuites"},"image":{"@id":"https:\/\/www.jardinesdesabatini.com\/en\/#\/schema\/logo\/image\/"},"sameAs":["https:\/\/www.facebook.com\/HotelJardinesDeSabatini\/","https:\/\/www.instagram.com\/hotelsabatini\/","https:\/\/www.linkedin.com\/company\/apartosuites-jardines-de-sabatini","https:\/\/www.youtube.com\/user\/ApartosuitesJdeS"]}]}},"_links":{"self":[{"href":"https:\/\/www.jardinesdesabatini.com\/pt\/wp-json\/wp\/v2\/pages\/5409"}],"collection":[{"href":"https:\/\/www.jardinesdesabatini.com\/pt\/wp-json\/wp\/v2\/pages"}],"about":[{"href":"https:\/\/www.jardinesdesabatini.com\/pt\/wp-json\/wp\/v2\/types\/page"}],"author":[{"embeddable":true,"href":"https:\/\/www.jardinesdesabatini.com\/pt\/wp-json\/wp\/v2\/users\/1"}],"replies":[{"embeddable":true,"href":"https:\/\/www.jardinesdesabatini.com\/pt\/wp-json\/wp\/v2\/comments?post=5409"}],"version-history":[{"count":2,"href":"https:\/\/www.jardinesdesabatini.com\/pt\/wp-json\/wp\/v2\/pages\/5409\/revisions"}],"predecessor-version":[{"id":5432,"href":"https:\/\/www.jardinesdesabatini.com\/pt\/wp-json\/wp\/v2\/pages\/5409\/revisions\/5432"}],"up":[{"embeddable":true,"href":"https:\/\/www.jardinesdesabatini.com\/pt\/wp-json\/wp\/v2\/pages\/5440"}],"wp:featuredmedia":[{"embeddable":true,"href":"https:\/\/www.jardinesdesabatini.com\/pt\/wp-json\/wp\/v2\/media\/5411"}],"wp:attachment":[{"href":"https:\/\/www.jardinesdesabatini.com\/pt\/wp-json\/wp\/v2\/media?parent=5409"}],"curies":[{"name":"wp","href":"https:\/\/api.w.org\/{rel}","templated":true}]}}